{"id":33,"date":"2022-09-23T20:41:12","date_gmt":"2022-09-23T20:41:12","guid":{"rendered":"https:\/\/sbhansenologia.com.br\/?page_id=33"},"modified":"2024-11-06T17:15:05","modified_gmt":"2024-11-06T17:15:05","slug":"programacao","status":"publish","type":"page","link":"https:\/\/sbhansenologia.com.br\/2024\/programacao\/","title":{"rendered":"Grade de Programa\u00e7\u00e3o"},"content":{"rendered":"\t\t<div data-elementor-type=\"wp-page\" data-elementor-id=\"33\" class=\"elementor elementor-33\" data-elementor-post-type=\"page\">\n\t\t\t\t\t\t<section class=\"elementor-section elementor-top-section elementor-element elementor-element-45bb225e elementor-section-height-min-height elementor-section-boxed elementor-section-height-default elementor-section-items-middle\" data-id=\"45bb225e\" data-element_type=\"section\" data-e-type=\"section\" data-settings=\"{&quot;background_background&quot;:&quot;classic&quot;}\">\n\t\t\t\t\t\t\t<div class=\"elementor-background-overlay\"><\/div>\n\t\t\t\t\t\t\t<div class=\"elementor-container elementor-column-gap-default\">\n\t\t\t\t\t<div class=\"elementor-column elementor-col-100 elementor-top-column elementor-element elementor-element-4f9b63d2\" data-id=\"4f9b63d2\" data-element_type=\"column\" data-e-type=\"column\">\n\t\t\t<div class=\"elementor-widget-wrap elementor-element-populated\">\n\t\t\t\t\t\t\t<\/div>\n\t\t<\/div>\n\t\t\t\t\t<\/div>\n\t\t<\/section>\n\t\t\t\t<section class=\"elementor-section elementor-top-section elementor-element elementor-element-03b84d9 elementor-hidden-desktop elementor-hidden-tablet elementor-hidden-mobile elementor-section-boxed elementor-section-height-default elementor-section-height-default\" data-id=\"03b84d9\" data-element_type=\"section\" data-e-type=\"section\">\n\t\t\t\t\t\t<div class=\"elementor-container elementor-column-gap-default\">\n\t\t\t\t\t<div class=\"elementor-column elementor-col-100 elementor-top-column elementor-element elementor-element-1838f0d\" data-id=\"1838f0d\" data-element_type=\"column\" data-e-type=\"column\">\n\t\t\t<div class=\"elementor-widget-wrap elementor-element-populated\">\n\t\t\t\t\t\t<div class=\"elementor-element elementor-element-03105ec elementor-widget elementor-widget-accordion\" data-id=\"03105ec\" data-element_type=\"widget\" data-e-type=\"widget\" data-widget_type=\"accordion.default\">\n\t\t\t\t<div class=\"elementor-widget-container\">\n\t\t\t\t\t\t\t<div class=\"elementor-accordion\">\n\t\t\t\t\t\t\t<div class=\"elementor-accordion-item\">\n\t\t\t\t\t<div id=\"elementor-tab-title-3211\" class=\"elementor-tab-title\" data-tab=\"1\" role=\"button\" aria-controls=\"elementor-tab-content-3211\" aria-expanded=\"false\">\n\t\t\t\t\t\t\t\t\t\t\t\t\t<span class=\"elementor-accordion-icon elementor-accordion-icon-left\" aria-hidden=\"true\">\n\t\t\t\t\t\t\t\t\t\t\t\t\t\t\t<span class=\"elementor-accordion-icon-closed\"><i class=\"fas fa-plus\"><\/i><\/span>\n\t\t\t\t\t\t\t\t<span class=\"elementor-accordion-icon-opened\"><i class=\"fas fa-minus\"><\/i><\/span>\n\t\t\t\t\t\t\t\t\t\t\t\t\t\t<\/span>\n\t\t\t\t\t\t\t\t\t\t\t\t<a class=\"elementor-accordion-title\" tabindex=\"0\">Convite<\/a>\n\t\t\t\t\t<\/div>\n\t\t\t\t\t<div id=\"elementor-tab-content-3211\" class=\"elementor-tab-content elementor-clearfix\" data-tab=\"1\" role=\"region\" aria-labelledby=\"elementor-tab-title-3211\"><p><a href=\"https:\/\/sbhansenologia.com.br\/2024\/wp-content\/uploads\/2023\/09\/Convite-4a-Reuniao-da-Reuna-Hans-Brasil-no-Evento-da-SBH.pdf\">Convite 4\u00aa Reuni\u00e3o da Reuna Hans Brasil no Evento da SBH<\/a><\/p><\/div>\n\t\t\t\t<\/div>\n\t\t\t\t\t\t\t\t<\/div>\n\t\t\t\t\t\t<\/div>\n\t\t\t\t<\/div>\n\t\t\t\t\t<\/div>\n\t\t<\/div>\n\t\t\t\t\t<\/div>\n\t\t<\/section>\n\t\t\t\t<section class=\"elementor-section elementor-top-section elementor-element elementor-element-7ceccfc elementor-section-boxed elementor-section-height-default elementor-section-height-default\" data-id=\"7ceccfc\" data-element_type=\"section\" data-e-type=\"section\">\n\t\t\t\t\t\t<div class=\"elementor-container elementor-column-gap-default\">\n\t\t\t\t\t<div class=\"elementor-column elementor-col-33 elementor-top-column elementor-element elementor-element-445dee6\" data-id=\"445dee6\" data-element_type=\"column\" data-e-type=\"column\">\n\t\t\t<div class=\"elementor-widget-wrap\">\n\t\t\t\t\t\t\t<\/div>\n\t\t<\/div>\n\t\t\t\t<div class=\"elementor-column elementor-col-33 elementor-top-column elementor-element elementor-element-1cf0fd6\" data-id=\"1cf0fd6\" data-element_type=\"column\" data-e-type=\"column\">\n\t\t\t<div class=\"elementor-widget-wrap elementor-element-populated\">\n\t\t\t\t\t\t<div class=\"elementor-element elementor-element-9d6a285 elementor-align-justify elementor-widget elementor-widget-button\" data-id=\"9d6a285\" data-element_type=\"widget\" data-e-type=\"widget\" data-widget_type=\"button.default\">\n\t\t\t\t<div class=\"elementor-widget-container\">\n\t\t\t\t\t\t\t\t\t<div class=\"elementor-button-wrapper\">\n\t\t\t\t\t<a class=\"elementor-button elementor-button-link elementor-size-sm\" href=\"https:\/\/sbhansenologia.com.br\/2024\/wp-content\/uploads\/2024\/11\/Programacao-18o-CBH-1.pdf\" target=\"_blank\">\n\t\t\t\t\t\t<span class=\"elementor-button-content-wrapper\">\n\t\t\t\t\t\t\t\t\t<span class=\"elementor-button-text\">Baixar Programa\u00e7\u00e3o em PDF<\/span>\n\t\t\t\t\t<\/span>\n\t\t\t\t\t<\/a>\n\t\t\t\t<\/div>\n\t\t\t\t\t\t\t\t<\/div>\n\t\t\t\t<\/div>\n\t\t\t\t\t<\/div>\n\t\t<\/div>\n\t\t\t\t<div class=\"elementor-column elementor-col-33 elementor-top-column elementor-element elementor-element-02a9722\" data-id=\"02a9722\" data-element_type=\"column\" data-e-type=\"column\">\n\t\t\t<div class=\"elementor-widget-wrap\">\n\t\t\t\t\t\t\t<\/div>\n\t\t<\/div>\n\t\t\t\t\t<\/div>\n\t\t<\/section>\n\t\t\t\t<section class=\"elementor-section elementor-top-section elementor-element elementor-element-289ef82 elementor-section-boxed elementor-section-height-default elementor-section-height-default\" data-id=\"289ef82\" data-element_type=\"section\" data-e-type=\"section\">\n\t\t\t\t\t\t<div class=\"elementor-container elementor-column-gap-default\">\n\t\t\t\t\t<div class=\"elementor-column elementor-col-100 elementor-top-column elementor-element elementor-element-c0b72d5\" data-id=\"c0b72d5\" data-element_type=\"column\" data-e-type=\"column\">\n\t\t\t<div class=\"elementor-widget-wrap elementor-element-populated\">\n\t\t\t\t\t\t<div class=\"elementor-element elementor-element-4f36c30 elementor-tabs-view-horizontal elementor-widget elementor-widget-tabs\" data-id=\"4f36c30\" data-element_type=\"widget\" data-e-type=\"widget\" data-widget_type=\"tabs.default\">\n\t\t\t\t<div class=\"elementor-widget-container\">\n\t\t\t\t\t\t\t<div class=\"elementor-tabs\">\n\t\t\t<div class=\"elementor-tabs-wrapper\" role=\"tablist\" >\n\t\t\t\t\t\t\t\t\t<div id=\"elementor-tab-title-8301\" class=\"elementor-tab-title elementor-tab-desktop-title\" aria-selected=\"true\" data-tab=\"1\" role=\"tab\" tabindex=\"0\" aria-controls=\"elementor-tab-content-8301\" aria-expanded=\"false\">Ter\u00e7a-feira, 05 de novembro<\/div>\n\t\t\t\t\t\t\t\t\t<div id=\"elementor-tab-title-8302\" class=\"elementor-tab-title elementor-tab-desktop-title\" aria-selected=\"false\" data-tab=\"2\" role=\"tab\" tabindex=\"-1\" aria-controls=\"elementor-tab-content-8302\" aria-expanded=\"false\">Quarta-feira, 06 de novembro<\/div>\n\t\t\t\t\t\t\t\t\t<div id=\"elementor-tab-title-8303\" class=\"elementor-tab-title elementor-tab-desktop-title\" aria-selected=\"false\" data-tab=\"3\" role=\"tab\" tabindex=\"-1\" aria-controls=\"elementor-tab-content-8303\" aria-expanded=\"false\">Quinta-feira, 07 de novembro<\/div>\n\t\t\t\t\t\t\t\t\t<div id=\"elementor-tab-title-8304\" class=\"elementor-tab-title elementor-tab-desktop-title\" aria-selected=\"false\" data-tab=\"4\" role=\"tab\" tabindex=\"-1\" aria-controls=\"elementor-tab-content-8304\" aria-expanded=\"false\">Sexta-feira, 08 de novembro<\/div>\n\t\t\t\t\t\t\t<\/div>\n\t\t\t<div class=\"elementor-tabs-content-wrapper\" role=\"tablist\" aria-orientation=\"vertical\">\n\t\t\t\t\t\t\t\t\t<div class=\"elementor-tab-title elementor-tab-mobile-title\" aria-selected=\"true\" data-tab=\"1\" role=\"tab\" tabindex=\"0\" aria-controls=\"elementor-tab-content-8301\" aria-expanded=\"false\">Ter\u00e7a-feira, 05 de novembro<\/div>\n\t\t\t\t\t<div id=\"elementor-tab-content-8301\" class=\"elementor-tab-content elementor-clearfix\" data-tab=\"1\" role=\"tabpanel\" aria-labelledby=\"elementor-tab-title-8301\" tabindex=\"0\" hidden=\"false\"><table style=\"border: 1px solid rgb(217, 217, 217); border-collapse: collapse; width: 100%;\">\n    <tbody>\n        <tr>\n            <td style=\"color: windowtext; font-size: 15px; font-weight: 700; font-style: normal; text-decoration: none; font-family: Calibri, sans-serif; text-align: center; vertical-align: middle; border: 1px solid rgb(217, 217, 217); height: 24.95pt; width: 12.1343%;\">Hor&aacute;rio<\/td>\n            <td style=\"color: windowtext; font-size: 15px; font-weight: 700; font-style: normal; text-decoration: none; font-family: Calibri, sans-serif; text-align: center; vertical-align: middle; border: 1px solid rgb(217, 217, 217); width: 87.6936%;\">SALA 1 (Sala Salvador)<\/td>\n        <\/tr>\n        <tr>\n            <td style=\"color: windowtext; font-size: 15px; font-weight: 700; font-style: normal; text-decoration: none; font-family: Calibri, sans-serif; text-align: center; vertical-align: middle; border: 1px solid rgb(217, 217, 217); height: 45pt; width: 12.1343%;\">09:00 &#8211; 13:00<\/td>\n            <td style=\"color: windowtext; font-size: 15px; font-weight: 700; font-style: normal; text-decoration: none; font-family: Calibri, sans-serif; text-align: center; vertical-align: middle; border: 1px solid rgb(217, 217, 217); width: 87.6936%;\">Curso de Patologia em Hansen&iacute;ase<br><span style=\"color:windowtext;font-size:15px;font-weight:400;font-style:normal;text-decoration:none;font-family:Calibri, sans-serif;\">Dr. &nbsp;Cleverson Teixeira Soares&nbsp;<br>&nbsp;Instituto Lauro de Souza Lima &#8211; ILSL<\/span><\/td>\n        <\/tr>\n        <tr>\n            <td style=\"color: windowtext; font-size: 15px; font-weight: 700; font-style: normal; text-decoration: none; font-family: Calibri, sans-serif; text-align: center; vertical-align: middle; border: 1px solid rgb(217, 217, 217); height: 27pt; width: 12.1343%;\">13:00 &#8211; 14:00<\/td>\n            <td style=\"color: windowtext; font-size: 15px; font-weight: 700; font-style: normal; text-decoration: none; font-family: Calibri, sans-serif; text-align: center; vertical-align: middle; border: 1px solid rgb(217, 217, 217); width: 87.6936%;\">INTERVALO<\/td>\n        <\/tr>\n        <tr>\n            <td style=\"color: windowtext; font-size: 15px; font-weight: 700; font-style: normal; text-decoration: none; font-family: Calibri, sans-serif; text-align: center; vertical-align: middle; border: 1px solid rgb(217, 217, 217); height: 45pt; width: 12.1343%;\">14:00 &#8211; 18:00<\/td>\n            <td style=\"color: windowtext; font-size: 15px; font-weight: 700; font-style: normal; text-decoration: none; font-family: Calibri, sans-serif; text-align: center; vertical-align: middle; border: 1px solid rgb(217, 217, 217); width: 87.6936%;\">Curso de Patologia em Hansen&iacute;ase<br><span style=\"color:windowtext;font-size:15px;font-weight:400;font-style:normal;text-decoration:none;font-family:Calibri, sans-serif;\">Dr. &nbsp;Cleverson Teixeira Soares&nbsp;<br>&nbsp;Instituto Lauro de Souza Lima &#8211; ILSL<\/span><\/td>\n        <\/tr>\n    <\/tbody>\n<\/table><\/div>\n\t\t\t\t\t\t\t\t\t<div class=\"elementor-tab-title elementor-tab-mobile-title\" aria-selected=\"false\" data-tab=\"2\" role=\"tab\" tabindex=\"-1\" aria-controls=\"elementor-tab-content-8302\" aria-expanded=\"false\">Quarta-feira, 06 de novembro<\/div>\n\t\t\t\t\t<div id=\"elementor-tab-content-8302\" class=\"elementor-tab-content elementor-clearfix\" data-tab=\"2\" role=\"tabpanel\" aria-labelledby=\"elementor-tab-title-8302\" tabindex=\"0\" hidden=\"hidden\"><table style=\"border: 1px solid rgb(222, 222, 222); border-collapse: collapse; width: 100%;\">\n    <tbody>\n        <tr>\n            <td style=\"color: windowtext; font-size: 16px; font-weight: 700; font-style: normal; text-decoration: none; font-family: Calibri, sans-serif; text-align: center; vertical-align: middle; border: 1px solid rgb(222, 222, 222); height: 15.75pt; width: 137pt;\">HOR&Aacute;RIO<\/td>\n            <td style=\"color: windowtext; font-size: 16px; font-weight: 700; font-style: normal; text-decoration: none; font-family: Calibri, sans-serif; text-align: center; vertical-align: middle; border: 1px solid rgb(222, 222, 222); width: 278pt;\">SALA 1 (Sala Salvador)<\/td>\n            <td style=\"color: windowtext; font-size: 16px; font-weight: 700; font-style: normal; text-decoration: none; font-family: Calibri, sans-serif; text-align: center; vertical-align: middle; border: 1px solid rgb(222, 222, 222); width: 267pt;\">SALA 2 (Sala Porto Seguro)<\/td>\n            <td style=\"color: windowtext; font-size: 16px; font-weight: 700; font-style: normal; text-decoration: none; font-family: Calibri, sans-serif; text-align: center; vertical-align: middle; border: 1px solid rgb(222, 222, 222); width: 293pt;\">SALA 3 (Sala Morro de S&atilde;o Paulo)<\/td>\n        <\/tr>\n        <tr>\n            <td style=\"color: windowtext; font-size: 15px; font-weight: 700; font-style: normal; text-decoration: none; font-family: Calibri, sans-serif; text-align: center; vertical-align: middle; border: 1px solid rgb(222, 222, 222); height: 45pt; width: 137pt;\">8:00 &#8211; 12:00 &nbsp; &nbsp; &nbsp; &nbsp; &nbsp; &nbsp; &nbsp; &nbsp; &nbsp; &nbsp; &nbsp; &nbsp; &nbsp; &nbsp; &nbsp; &nbsp; &nbsp; &nbsp; &nbsp; &nbsp;&nbsp;<\/td>\n            <td style=\"color: windowtext; font-size: 15px; font-weight: 700; font-style: normal; text-decoration: none; font-family: Calibri, sans-serif; text-align: left; vertical-align: middle; border: 1px solid rgb(222, 222, 222); width: 278pt;\">Curso Hansen&iacute;ase para Agentes Comunit&aacute;rios de Sa&uacute;de Palestrantes: <span style=\"color:windowtext;font-size:15px;font-weight:400;font-style:normal;text-decoration:none;font-family:Calibri, sans-serif;\">Josaf&aacute; Gon&ccedil;alves Barreto (LabEE\/UFPA) e Claudia Maria Lincoln Silva (SMS-Tamba&uacute;-SP)<\/span><\/td>\n            <td style=\"color: windowtext; font-size: 15px; font-weight: 700; font-style: normal; text-decoration: none; font-family: Calibri, sans-serif; text-align: left; vertical-align: middle; border: 1px solid rgb(222, 222, 222); width: 267pt;\">Curso: <span style=\"color:windowtext;font-size:15px;font-weight:400;font-style:normal;text-decoration:none;font-family:Calibri, sans-serif;\">Avalia&ccedil;&atilde;o Cl&iacute;nica Neurodermatol&oacute;gica<\/span><span style=\"color:windowtext;font-size:15px;font-weight:700;font-style:normal;text-decoration:none;font-family:Calibri, sans-serif;\"><br>&nbsp;Palestrantes:<\/span><span style=\"color:windowtext;font-size:15px;font-weight:400;font-style:normal;text-decoration:none;font-family:Calibri, sans-serif;\">&nbsp;Marco Andrey Cipriani Frade, Claudio Guedes Salgado e Luisiane &Aacute;vila Santana<\/span><\/td>\n            <td style=\"color: windowtext; font-size: 15px; font-weight: 400; font-style: normal; text-decoration: none; font-family: Calibri, sans-serif; text-align: left; vertical-align: middle; border: 1px solid rgb(222, 222, 222); width: 293pt;\"><span style=\"color:windowtext;font-size:15px;font-weight:700;font-style:normal;text-decoration:none;font-family:Calibri, sans-serif;\">Exame de Sufici&ecirc;ncia para a obten&ccedil;&atilde;o do Certificado de &Aacute;rea de Atua&ccedil;&atilde;o em Hansenologia &#8211;&nbsp;<\/span><span style=\"color:windowtext;font-size:15px;font-weight:400;font-style:normal;text-decoration:none;font-family:Calibri, sans-serif;\">Prova te&oacute;rica<br>&nbsp;Francisco Bezerra de Almeida Neto<\/span><\/td>\n        <\/tr>\n        <tr>\n            <td style=\"color: windowtext; font-size: 15px; font-weight: 700; font-style: normal; text-decoration: none; font-family: Calibri, sans-serif; text-align: center; vertical-align: middle; border: 1px solid rgb(222, 222, 222); height: 15.75pt; width: 137pt;\">10:30 &#8211; 11:00<\/td>\n            <td colspan=\"3\" style=\"color: windowtext; font-size: 15px; font-weight: 700; font-style: normal; text-decoration: none; font-family: Calibri, sans-serif; text-align: left; vertical-align: middle; border: 1px solid rgb(222, 222, 222);\">Coffee break<\/td>\n        <\/tr>\n        <tr>\n            <td style=\"color: windowtext; font-size: 15px; font-weight: 700; font-style: normal; text-decoration: none; font-family: Calibri, sans-serif; text-align: center; vertical-align: middle; border: 1px solid rgb(222, 222, 222); height: 45pt; width: 137pt;\">11:00 &#8211; 12:00 &nbsp; &nbsp; &nbsp; &nbsp; &nbsp; &nbsp; &nbsp; &nbsp; &nbsp; &nbsp; &nbsp; &nbsp; &nbsp; &nbsp; &nbsp; &nbsp; &nbsp; &nbsp; &nbsp;<\/td>\n            <td style=\"color: windowtext; font-size: 15px; font-weight: 700; font-style: normal; text-decoration: none; font-family: Calibri, sans-serif; text-align: left; vertical-align: middle; border: 1px solid rgb(222, 222, 222); width: 278pt;\">Hansen&iacute;ase para Agentes Comunit&aacute;rios de Sa&uacute;de &nbsp; &nbsp; &nbsp; &nbsp; &nbsp;Palestrantes: <span style=\"color:windowtext;font-size:15px;font-weight:400;font-style:normal;text-decoration:none;font-family:Calibri, sans-serif;\">Josaf&aacute; Gon&ccedil;alves Barreto (LabEE\/UFPA) e Claudia Maria Lincoln Silva (SMS-Tamba&uacute;-SP)<\/span><\/td>\n            <td style=\"color: windowtext; font-size: 15px; font-weight: 700; font-style: normal; text-decoration: none; font-family: Calibri, sans-serif; text-align: left; vertical-align: middle; border: 1px solid rgb(222, 222, 222); width: 267pt;\">Curso: <span style=\"color:windowtext;font-size:15px;font-weight:400;font-style:normal;text-decoration:none;font-family:Calibri, sans-serif;\">Avalia&ccedil;&atilde;o Cl&iacute;nica Neurodermatol&oacute;gica<\/span><span style=\"color:windowtext;font-size:15px;font-weight:700;font-style:normal;text-decoration:none;font-family:Calibri, sans-serif;\"><br>&nbsp;Palestrantes:<\/span><span style=\"color:windowtext;font-size:15px;font-weight:400;font-style:normal;text-decoration:none;font-family:Calibri, sans-serif;\">&nbsp;Marco Andrey Cipriani Frade, Claudio Guedes Salgado e Luisiane &Aacute;vila Santana<\/span><\/td>\n            <td style=\"color: windowtext; font-size: 15px; font-weight: 400; font-style: normal; text-decoration: none; font-family: Calibri, sans-serif; text-align: left; vertical-align: middle; border: 1px solid rgb(222, 222, 222); width: 293pt;\"><span style=\"color:windowtext;font-size:15px;font-weight:700;font-style:normal;text-decoration:none;font-family:Calibri, sans-serif;\">Exame de Sufici&ecirc;ncia para a obten&ccedil;&atilde;o do Certificado de &Aacute;rea de Atua&ccedil;&atilde;o em Hansenologia &#8211;&nbsp;<\/span><span style=\"color:windowtext;font-size:15px;font-weight:400;font-style:normal;text-decoration:none;font-family:Calibri, sans-serif;\">Prova te&oacute;rica<br>&nbsp;Francisco Bezerra de Almeida Neto<\/span><\/td>\n        <\/tr>\n        <tr>\n            <td style=\"color: windowtext; font-size: 15px; font-weight: 700; font-style: normal; text-decoration: none; font-family: Calibri, sans-serif; text-align: center; vertical-align: middle; border: 1px solid rgb(222, 222, 222); height: 15.75pt;\">13:00 &#8211; 14:00<\/td>\n            <td colspan=\"3\" style=\"color: windowtext; font-size: 15px; font-weight: 700; font-style: normal; text-decoration: none; font-family: Calibri, sans-serif; text-align: left; vertical-align: middle; border: 1px solid rgb(222, 222, 222);\">Intervalo<\/td>\n        <\/tr>\n        <tr>\n            <td style=\"color: windowtext; font-size: 15px; font-weight: 700; font-style: normal; text-decoration: none; font-family: Calibri, sans-serif; text-align: center; vertical-align: middle; border: 1px solid rgb(222, 222, 222); height: 90pt;\">14:00 &#8211; 16:00<\/td>\n            <td style=\"color: windowtext; font-size: 15px; font-weight: 700; font-style: normal; text-decoration: none; font-family: Calibri, sans-serif; text-align: left; vertical-align: middle; border: 1px solid rgb(222, 222, 222); width: 278pt;\">AVALIA&Ccedil;&Atilde;O DE TRABALHOS ORAIS<br><span style=\"color:windowtext;font-size:15px;font-weight:400;font-style:normal;text-decoration:none;font-family:Calibri, sans-serif;\">Vigil&acirc;ncia de contatos, predi&ccedil;&atilde;o de risco e aten&ccedil;&atilde;o a sa&uacute;de das pessoas atingidas pela hansen&iacute;ase &nbsp; &nbsp;&nbsp;<\/span><span style=\"color:windowtext;font-size:15px;font-weight:700;font-style:normal;text-decoration:none;font-family:Calibri, sans-serif;\">Avaliadores:&nbsp;<\/span><span style=\"color:windowtext;font-size:15px;font-weight:400;font-style:normal;text-decoration:none;font-family:Calibri, sans-serif;\">Katiuscia Cardoso Rodrigues (SMS\/Governador Valadares e UFJF\/MG) e Magda Levantezi (MS)<\/span><\/td>\n            <td style=\"color: windowtext; font-size: 15px; font-weight: 700; font-style: normal; text-decoration: none; font-family: Calibri, sans-serif; text-align: left; vertical-align: middle; border: 1px solid rgb(222, 222, 222); width: 267pt;\">AVALIA&Ccedil;&Atilde;O DE TRABALHOS ORAIS<br><span style=\"color:windowtext;font-size:15px;font-weight:400;font-style:normal;text-decoration:none;font-family:Calibri, sans-serif;\">Preven&ccedil;&atilde;o de Incapacidades e Reabilita&ccedil;&atilde;o<\/span><span style=\"color:windowtext;font-size:15px;font-weight:700;font-style:normal;text-decoration:none;font-family:Calibri, sans-serif;\">&nbsp; &nbsp; &nbsp; &nbsp; &nbsp; &nbsp; &nbsp; &nbsp; &nbsp; &nbsp; &nbsp; &nbsp; &nbsp; &nbsp;Avaliadores:&nbsp;<\/span><span style=\"color:windowtext;font-size:15px;font-weight:400;font-style:normal;text-decoration:none;font-family:Calibri, sans-serif;\">Thania Loiola Cordeiro Abi Rached &nbsp;(FMRP-USP e CRNDS-Hansen) e Teresinha Carvalho Ara&uacute;jo Filha<\/span><span style=\"color:windowtext;font-size:15px;font-weight:700;font-style:normal;text-decoration:none;font-family:Calibri, sans-serif;\">&nbsp;<\/span><span style=\"color:windowtext;font-size:15px;font-weight:400;font-style:normal;text-decoration:none;font-family:Calibri, sans-serif;\">(URE-MC, Marituba, Par&aacute;)<\/span><\/td>\n            <td style=\"color: windowtext; font-size: 15px; font-weight: 700; font-style: normal; text-decoration: none; font-family: Calibri, sans-serif; text-align: left; vertical-align: middle; border: 1px solid rgb(222, 222, 222); width: 293pt;\">AVALIA&Ccedil;&Atilde;O DE TRABALHOS ORAIS<br><span style=\"color:windowtext;font-size:15px;font-weight:400;font-style:normal;text-decoration:none;font-family:Calibri, sans-serif;\">Hist&oacute;ria, Ci&ecirc;ncias Sociais e Educa&ccedil;&atilde;o em Sa&uacute;de<\/span><span style=\"color:windowtext;font-size:15px;font-weight:700;font-style:normal;text-decoration:none;font-family:Calibri, sans-serif;\">&nbsp; &nbsp; &nbsp; &nbsp; &nbsp; &nbsp; &nbsp; &nbsp; &nbsp; &nbsp; &nbsp; &nbsp; &nbsp; &nbsp; &nbsp; Avaliadores:&nbsp;<\/span><span style=\"color:windowtext;font-size:15px;font-weight:400;font-style:normal;text-decoration:none;font-family:Calibri, sans-serif;\">Thiago Pereira da Silva Flores (MORHAN\/MG)e Yara Nogueira Monteiro (FPCH e LEER\/Universidade de S&atilde;o Paulo)<\/span><\/td>\n        <\/tr>\n        <tr>\n            <td style=\"color: windowtext; font-size: 15px; font-weight: 700; font-style: normal; text-decoration: none; font-family: Calibri, sans-serif; text-align: center; vertical-align: middle; border: 1px solid rgb(222, 222, 222); height: 15.75pt;\">16:00 &#8211; 16:30<\/td>\n            <td colspan=\"3\" style=\"color: windowtext; font-size: 15px; font-weight: 700; font-style: normal; text-decoration: none; font-family: Calibri, sans-serif; text-align: left; vertical-align: middle; border: 1px solid rgb(222, 222, 222);\">Coffee break<\/td>\n        <\/tr>\n        <tr>\n            <td style=\"color: windowtext; font-size: 15px; font-weight: 700; font-style: normal; text-decoration: none; font-family: Calibri, sans-serif; text-align: center; vertical-align: middle; border: 1px solid rgb(222, 222, 222); height: 75pt; width: 137pt;\">16:30 &#8211; 20:00<\/td>\n            <td style=\"color: windowtext; font-size: 15px; font-weight: 700; font-style: normal; text-decoration: none; font-family: Calibri, sans-serif; text-align: left; vertical-align: middle; border: 1px solid rgb(222, 222, 222); width: 278pt;\">AVALIA&Ccedil;&Atilde;O DE TRABALHOS ORAIS<br><span style=\"color:windowtext;font-size:15px;font-weight:400;font-style:normal;text-decoration:none;font-family:Calibri, sans-serif;\">Vigil&acirc;ncia de contatos, predi&ccedil;&atilde;o de risco e aten&ccedil;&atilde;o a sa&uacute;de das pessoas atingidas pela hansen&iacute;ase &nbsp; &nbsp; &nbsp; &nbsp; &nbsp; &nbsp; &nbsp; &nbsp; &nbsp; &nbsp; &nbsp;<\/span><span style=\"color:windowtext;font-size:15px;font-weight:700;font-style:normal;text-decoration:none;font-family:Calibri, sans-serif;\">Avaliadores:<\/span><span style=\"color:windowtext;font-size:15px;font-weight:400;font-style:normal;text-decoration:none;font-family:Calibri, sans-serif;\">&nbsp;Helena Barbosa Lug&atilde;o e Vera L&uacute;cia Andrade<\/span><\/td>\n            <td style=\"color: windowtext; font-size: 15px; font-weight: 700; font-style: normal; text-decoration: none; font-family: Calibri, sans-serif; text-align: left; vertical-align: middle; border: 1px solid rgb(222, 222, 222); width: 267pt;\">AVALIA&Ccedil;&Atilde;O DE TRABALHOS ORAIS<br><span style=\"color:windowtext;font-size:15px;font-weight:400;font-style:normal;text-decoration:none;font-family:Calibri, sans-serif;\">Cl&iacute;nica e Terap&ecirc;utica &nbsp; &nbsp; &nbsp; &nbsp; &nbsp; &nbsp; &nbsp; &nbsp; &nbsp; &nbsp; &nbsp; &nbsp; &nbsp; &nbsp; &nbsp; &nbsp; &nbsp; &nbsp; &nbsp; &nbsp; &nbsp; &nbsp; &nbsp; &nbsp; &nbsp; &nbsp; &nbsp; &nbsp; &nbsp;&nbsp;<\/span><span style=\"color:windowtext;font-size:15px;font-weight:700;font-style:normal;text-decoration:none;font-family:Calibri, sans-serif;\">Avaliadores:&nbsp;<\/span><span style=\"color:windowtext;font-size:15px;font-weight:400;font-style:normal;text-decoration:none;font-family:Calibri, sans-serif;\">Marilda Ap. Milanez Morgado de Abreu, Maria &Acirc;ngela Bianconcini Trindade, Jaci Maria Santana e Isabel Christina Borges da Silva<\/span><\/td>\n            <td style=\"color: windowtext; font-size: 15px; font-weight: 700; font-style: normal; text-decoration: none; font-family: Calibri, sans-serif; text-align: left; vertical-align: middle; border: 1px solid rgb(222, 222, 222); width: 293pt;\">AVALIA&Ccedil;&Atilde;O DE TRABALHOS ORAIS<br><span style=\"color:windowtext;font-size:15px;font-weight:400;font-style:normal;text-decoration:none;font-family:Calibri, sans-serif;\">Biologia Molecular, gen&eacute;tica e Imunologia &nbsp; &nbsp; &nbsp; &nbsp; &nbsp; &nbsp; &nbsp; &nbsp; &nbsp; &nbsp; &nbsp; &nbsp; &nbsp; &nbsp; &nbsp;&nbsp;<\/span><span style=\"color:windowtext;font-size:15px;font-weight:700;font-style:normal;text-decoration:none;font-family:Calibri, sans-serif;\">Avaliadores:<\/span><span style=\"color:windowtext;font-size:15px;font-weight:400;font-style:normal;text-decoration:none;font-family:Calibri, sans-serif;\">&nbsp;Moises Batista da Silva, Pablo Diego do Carmo Pinto e Patr&iacute;cia Sammarco Rosa<\/span><\/td>\n        <\/tr>\n        <tr>\n            <td style=\"color: windowtext; font-size: 15px; font-weight: 700; font-style: normal; text-decoration: none; font-family: Calibri, sans-serif; text-align: center; vertical-align: middle; border: 1px solid rgb(222, 222, 222); height: 15.75pt; width: 137pt;\">20:00 &#8211; 21:00<\/td>\n            <td style=\"color: windowtext; font-size: 15px; font-weight: 700; font-style: normal; text-decoration: none; font-family: Calibri, sans-serif; text-align: left; vertical-align: middle; border: 1px solid rgb(222, 222, 222); width: 278pt;\">Cerim&ocirc;nia de Abertura<\/td>\n            <td style=\"color: windowtext; font-size: 16px; font-weight: 400; font-style: normal; text-decoration: none; font-family: Calibri, sans-serif; text-align: left; vertical-align: middle; border: 1px solid rgb(222, 222, 222); width: 267pt;\"><br><\/td>\n            <td style=\"color: windowtext; font-size: 16px; font-weight: 700; font-style: normal; text-decoration: none; font-family: Calibri, sans-serif; text-align: left; vertical-align: middle; border: 1px solid rgb(222, 222, 222); width: 293pt;\"><br><\/td>\n        <\/tr>\n    <\/tbody>\n<\/table><\/div>\n\t\t\t\t\t\t\t\t\t<div class=\"elementor-tab-title elementor-tab-mobile-title\" aria-selected=\"false\" data-tab=\"3\" role=\"tab\" tabindex=\"-1\" aria-controls=\"elementor-tab-content-8303\" aria-expanded=\"false\">Quinta-feira, 07 de novembro<\/div>\n\t\t\t\t\t<div id=\"elementor-tab-content-8303\" class=\"elementor-tab-content elementor-clearfix\" data-tab=\"3\" role=\"tabpanel\" aria-labelledby=\"elementor-tab-title-8303\" tabindex=\"0\" hidden=\"hidden\"><p><\/p>\n<table style=\"border: 1px solid #dedede; border-collapse: collapse; width: 100%;\">\n<tbody>\n<tr>\n<td style=\"color: windowtext; font-size: 16px; font-weight: bold; font-style: normal; text-decoration: none; font-family: Calibri, sans-serif; text-align: center; vertical-align: middle; border: 1px solid #dedede; height: 15.75pt; width: 12.9168%;\">HOR\u00c1RIO<\/td>\n<td style=\"color: windowtext; font-size: 16px; font-weight: bold; font-style: normal; text-decoration: none; font-family: Calibri, sans-serif; text-align: center; vertical-align: middle; border: 1px solid #dedede; width: 30.6288%;\">SALA 1 (Sala Salvador)<\/td>\n<td style=\"color: windowtext; font-size: 16px; font-weight: bold; font-style: normal; text-decoration: none; font-family: Calibri, sans-serif; text-align: center; vertical-align: middle; border: 1px solid #dedede; width: 267pt;\">SALA 2 (Sala Porto Seguro)<\/td>\n<td style=\"color: windowtext; font-size: 16px; font-weight: bold; font-style: normal; text-decoration: none; font-family: Calibri, sans-serif; text-align: center; vertical-align: middle; border: 1px solid #dedede; width: 293pt;\">SALA 3 (Sala Morro de S\u00e3o Paulo)<\/td>\n<\/tr>\n<tr>\n<td style=\"color: windowtext; font-size: 15px; font-weight: bold; font-style: normal; text-decoration: none; font-family: Calibri, sans-serif; text-align: center; vertical-align: middle; border: 1px solid #dedede; height: 135pt; width: 12.9168%;\">08:00 &#8211; 12:00<\/td>\n<td style=\"color: windowtext; font-size: 15px; font-weight: 400; font-style: normal; text-decoration: none; font-family: Calibri, sans-serif; text-align: left; vertical-align: middle; border: 1px solid #dedede; width: 30.6288%;\"><span style=\"color: windowtext; font-size: 15px; font-weight: bold; font-style: normal; text-decoration: none; font-family: Calibri, sans-serif;\">CURSO:&nbsp;<\/span><span style=\"color: windowtext; font-size: 15px; font-weight: 400; font-style: normal; text-decoration: none; font-family: Calibri, sans-serif;\">Ultrassonografia de nervos perif\u00e9ricos no diagn\u00f3stico e acompanhamento de casos de Hansen\u00edase e avalia\u00e7\u00e3o de contatos &nbsp; &nbsp; &nbsp; &nbsp; &nbsp; &nbsp; &nbsp; &nbsp; &nbsp; &nbsp; &nbsp; &nbsp; &nbsp; &nbsp; &nbsp; &nbsp; &nbsp; &nbsp; &nbsp; &nbsp; &nbsp; &nbsp; &nbsp; &nbsp; &nbsp; &nbsp; &nbsp; &nbsp; &nbsp; &nbsp;<\/span><span style=\"color: windowtext; font-size: 15px; font-weight: bold; font-style: normal; text-decoration: none; font-family: Calibri, sans-serif;\">Palestrantes:<\/span><span style=\"color: windowtext; font-size: 15px; font-weight: 400; font-style: normal; text-decoration: none; font-family: Calibri, sans-serif;\">&nbsp;Marco Andrey Cipriani Frade (FMRP-USP), Glauber Voltan e Maria Fernanda Prado<\/span><\/td>\n<td style=\"text-align: left; vertical-align: middle; border: 1px solid rgb(222, 222, 222); width: 267pt;\"><span style=\"color: windowtext; font-family: Calibri, sans-serif; font-size: 15px; font-style: normal; font-weight: bold; text-decoration: none;\">A\u00e7\u00f5es sociais, educacionais e de integra\u00e7\u00e3o civil das pessoas atingidas pela hansen\u00edase<\/span><span style=\"color: windowtext; font-family: Calibri, sans-serif; font-size: 15px; font-style: normal; font-weight: 400; text-decoration: none;\"><br>&nbsp;<\/span><span style=\"color: windowtext; font-family: Calibri, sans-serif; font-size: 15px; font-style: normal; font-weight: bold; text-decoration: none;\">MORHAN &#8211; Palestrante:<\/span><span style=\"color: windowtext; font-family: Calibri, sans-serif; font-size: 15px; font-style: normal; font-weight: 400; text-decoration: none;\">&nbsp;Thiago Flores<br>&nbsp;<\/span><span style=\"color: windowtext; font-family: Calibri, sans-serif; font-size: 15px; font-style: normal; font-weight: bold; text-decoration: none;\">REUNAHANS<\/span><span style=\"color: windowtext; font-family: Calibri, sans-serif; font-size: 15px; font-style: normal; font-weight: 400; text-decoration: none;\">&nbsp;&#8211; Pales A\u00e7\u00f5es estrat\u00e9gicas da Rede Universit\u00e1ria de Enfrentamento \u00e0 Hansen\u00edase no cen\u00e1rio nacional, sublinhando as experi\u00eancias da Bahia e do Distrito Federal &#8211;&nbsp;<\/span><font color=\"rgba(0, 0, 0, 0)\" face=\"Calibri, sans-serif\"><span style=\"font-size: 15px;\">Gracielle de Jesus Santos, Clodis Tavares e Lusiane \u00c1vila Santana<\/span><\/font><br><font color=\"#000000\" face=\"Calibri, sans-serif\"><span style=\"font-size: 15px;\"><b>FPCH <\/b>&#8211; Dra. Yara Nogueira<\/span><\/font><br><\/td>\n<td style=\"color: windowtext; font-size: 15px; font-weight: 400; font-style: normal; text-decoration: none; font-family: Calibri, sans-serif; text-align: left; vertical-align: middle; border: 1px solid #dedede; width: 293pt;\"><span style=\"color: windowtext; font-size: 15px; font-weight: bold; font-style: normal; text-decoration: none; font-family: Calibri, sans-serif;\">Exame de Sufici\u00eancia para a obten\u00e7\u00e3o do Certificado de \u00c1rea de Atua\u00e7\u00e3o em Hansenologia &#8211;&nbsp;<\/span><span style=\"color: windowtext; font-size: 15px; font-weight: 400; font-style: normal; text-decoration: none; font-family: Calibri, sans-serif;\">Prova Pr\u00e1tica<br>&nbsp;Francisco Bezerra de Almeida Neto<br>&nbsp;<\/span><\/td>\n<\/tr>\n<tr>\n<td style=\"color: windowtext; font-size: 15px; font-weight: bold; font-style: normal; text-decoration: none; font-family: Calibri, sans-serif; text-align: center; vertical-align: middle; border: 1px solid #dedede; height: 15.75pt; width: 12.9168%;\">12:00 &#8211; 14:00<\/td>\n<td style=\"color: windowtext; font-size: 15px; font-weight: bold; font-style: normal; text-decoration: none; font-family: Calibri, sans-serif; text-align: left; vertical-align: middle; border: 1px solid #dedede; width: 30.6288%;\">&nbsp;<\/td>\n<td style=\"color: windowtext; font-size: 15px; font-weight: bold; font-style: normal; text-decoration: none; font-family: Calibri, sans-serif; text-align: left; vertical-align: middle; border: 1px solid #dedede;\">Reuni\u00e3o Conselho Deliberativo SBH<br><a href=\"https:\/\/sbhansenologia.org.br\/convocacao\/reuniao-do-conselho-deliberativo-sbh-2024-\" target=\"_blank\" rel=\"noopener noreferrer\">Convoca\u00e7\u00e3o<\/a><\/td>\n<td style=\"color: windowtext; font-size: 15px; font-weight: bold; font-style: normal; text-decoration: none; font-family: Calibri, sans-serif; text-align: left; vertical-align: middle; border: 1px solid #dedede; width: 293pt;\">&nbsp;<\/td>\n<\/tr>\n<tr>\n<td style=\"color: windowtext; font-size: 15px; font-weight: bold; font-style: normal; text-decoration: none; font-family: Calibri, sans-serif; text-align: center; vertical-align: middle; border: 1px solid #dedede; height: 75pt; width: 12.9168%;\">14:00 &#8211; 16:00<\/td>\n<td style=\"color: windowtext; font-size: 15px; font-weight: bold; font-style: normal; text-decoration: none; font-family: Calibri, sans-serif; text-align: left; vertical-align: middle; border: 1px solid #dedede; width: 30.6288%;\">Hansen\u00edase nos pa\u00edses que comp\u00f5e os Brics<br>Coordenador<span style=\"color: windowtext; font-size: 15px; font-weight: 400; font-style: normal; text-decoration: none; font-family: Calibri, sans-serif;\">: Marco Andrey Cipriani Frade<br>&nbsp;<\/span><span style=\"color: windowtext; font-size: 15px; font-weight: bold; font-style: normal; text-decoration: none; font-family: Calibri, sans-serif;\">Palestrantes:<\/span><span style=\"color: windowtext; font-size: 15px; font-weight: 400; font-style: normal; text-decoration: none; font-family: Calibri, sans-serif;\">&nbsp;Ciro Martins Gomes (MS), Narasimha Rao, Sujay Sunita e Leuseged Tadese Abebe (Embaixada da Ei\u00f3pia)<\/span><\/td>\n<td style=\"color: windowtext; font-size: 15px; font-weight: 400; font-style: normal; text-decoration: none; font-family: Calibri, sans-serif; text-align: left; vertical-align: middle; border: 1px solid #dedede; width: 267pt;\">&nbsp;<\/td>\n<td style=\"color: windowtext; font-size: 15px; font-weight: bold; font-style: normal; text-decoration: none; font-family: Calibri, sans-serif; text-align: left; vertical-align: middle; border: 1px solid #dedede; width: 293pt;\">&nbsp;<\/td>\n<\/tr>\n<tr>\n<td style=\"color: windowtext; font-size: 15px; font-weight: bold; font-style: normal; text-decoration: none; font-family: Calibri, sans-serif; text-align: center; vertical-align: middle; border: 1px solid #dedede; height: 15.75pt; width: 12.9168%;\">16:00 &#8211; 16:30<\/td>\n<td style=\"color: windowtext; font-size: 15px; font-weight: bold; font-style: normal; text-decoration: none; font-family: Calibri, sans-serif; text-align: left; vertical-align: middle; border: 1px solid #dedede; width: 86.9111%;\" colspan=\"3\">Intervalo<\/td>\n<\/tr>\n<tr>\n<td style=\"color: windowtext; font-size: 15px; font-weight: bold; font-style: normal; text-decoration: none; font-family: Calibri, sans-serif; text-align: center; vertical-align: middle; border: 1px solid #dedede; height: 285pt; width: 12.9168%;\">16:30 &#8211; 18:30<\/td>\n<td style=\"color: windowtext; font-size: 15px; font-weight: bold; font-style: normal; text-decoration: none; font-family: Calibri, sans-serif; text-align: left; vertical-align: middle; border: 1px solid #dedede; width: 30.6288%;\">Desafios Diagn\u00f3sticos na hansen\u00edase<br>Coordenadores:<span style=\"color: windowtext; font-size: 15px; font-weight: 400; font-style: normal; text-decoration: none; font-family: Calibri, sans-serif;\">&nbsp;Marco Andrey Frade e Seyna Ueno<\/span><span style=\"color: windowtext; font-size: 15px; font-weight: bold; font-style: normal; text-decoration: none; font-family: Calibri, sans-serif;\"><br>&nbsp;Palestra 1<\/span><span style=\"color: windowtext; font-size: 15px; font-weight: 400; font-style: normal; text-decoration: none; font-family: Calibri, sans-serif;\">&nbsp;&#8211; Mapeamento sensitivo como ferramenta de diagn\u00f3stico e crit\u00e9rio de cura da hansen\u00edase &nbsp; &nbsp; &nbsp; &nbsp; &nbsp; &nbsp; &nbsp; &nbsp; &nbsp;<\/span><span style=\"color: windowtext; font-size: 15px; font-weight: bold; font-style: normal; text-decoration: none; font-family: Calibri, sans-serif;\">Palestrante:&nbsp;<\/span><span style=\"color: windowtext; font-size: 15px; font-weight: 400; font-style: normal; text-decoration: none; font-family: Calibri, sans-serif;\">Marco Andrey Cipriani Frade<br>&nbsp;<\/span><span style=\"color: windowtext; font-size: 15px; font-weight: bold; font-style: normal; text-decoration: none; font-family: Calibri, sans-serif;\">Palestra 2<\/span><span style=\"color: windowtext; font-size: 15px; font-weight: 400; font-style: normal; text-decoration: none; font-family: Calibri, sans-serif;\">&nbsp;&#8211; Desafios diagn\u00f3stico da Aten\u00e7\u00e3o Prim\u00e1ria \u00e0 Sa\u00fade &nbsp; &nbsp; &nbsp; &nbsp; &nbsp; &nbsp; &nbsp; &nbsp; &nbsp; &nbsp; &nbsp; &nbsp; &nbsp; &nbsp; &nbsp; &nbsp; &nbsp; &nbsp; &nbsp; &nbsp; &nbsp; &nbsp; &nbsp; &nbsp; &nbsp; &nbsp; &nbsp; &nbsp; &nbsp; &nbsp; &nbsp; &nbsp; &nbsp; &nbsp; &nbsp; &nbsp; &nbsp; &nbsp; &nbsp; &nbsp; &nbsp; &nbsp; &nbsp; &nbsp; &nbsp; &nbsp; &nbsp; &nbsp; &nbsp;&nbsp;<\/span><span style=\"color: windowtext; font-size: 15px; font-weight: bold; font-style: normal; text-decoration: none; font-family: Calibri, sans-serif;\">Palestrante:&nbsp;<\/span><span style=\"color: windowtext; font-size: 15px; font-weight: 400; font-style: normal; text-decoration: none; font-family: Calibri, sans-serif;\">Seyna Ueno Rabelo Mendes<br>&nbsp;<\/span><span style=\"color: windowtext; font-size: 15px; font-weight: bold; font-style: normal; text-decoration: none; font-family: Calibri, sans-serif;\">Palestra 3&nbsp;<\/span><span style=\"color: windowtext; font-size: 15px; font-weight: 400; font-style: normal; text-decoration: none; font-family: Calibri, sans-serif;\">&#8211; Ferramentas atuais para busca ativa em Hansen\u00edase em mun\u00edcipio de baixa preval\u00eancia &nbsp; &nbsp; &nbsp; &nbsp; &nbsp;<\/span><span style=\"color: windowtext; font-size: 15px; font-weight: bold; font-style: normal; text-decoration: none; font-family: Calibri, sans-serif;\">Palestrante:&nbsp;<\/span><span style=\"color: windowtext; font-size: 15px; font-weight: 400; font-style: normal; text-decoration: none; font-family: Calibri, sans-serif;\">Claudia Maria Lincoln Silva<br>&nbsp;<\/span><span style=\"color: windowtext; font-size: 15px; font-weight: bold; font-style: normal; text-decoration: none; font-family: Calibri, sans-serif;\">Palestra 4<\/span><span style=\"color: windowtext; font-size: 15px; font-weight: 400; font-style: normal; text-decoration: none; font-family: Calibri, sans-serif;\">&nbsp;&#8211; Testes eletrof\u00edsicos para avalia\u00e7\u00e3o de focalidade da perda de sensibilidade cut\u00e2nea em sujeitos com hansen\u00edase &nbsp; &nbsp; &nbsp; &nbsp; &nbsp; &nbsp; &nbsp; &nbsp; &nbsp; &nbsp; &nbsp; &nbsp; &nbsp; &nbsp; &nbsp; &nbsp; &nbsp; &nbsp; &nbsp; &nbsp; &nbsp; &nbsp; &nbsp; &nbsp; &nbsp; &nbsp; &nbsp; &nbsp; &nbsp; &nbsp; &nbsp; &nbsp; &nbsp; &nbsp; &nbsp; &nbsp; &nbsp; &nbsp; &nbsp; &nbsp; &nbsp; &nbsp; &nbsp; &nbsp;&nbsp;<\/span><span style=\"color: windowtext; font-size: 15px; font-weight: bold; font-style: normal; text-decoration: none; font-family: Calibri, sans-serif;\">Palestrante:<\/span><span style=\"color: windowtext; font-size: 15px; font-weight: 400; font-style: normal; text-decoration: none; font-family: Calibri, sans-serif;\">&nbsp;Lu\u00edsiane \u00c1vila Santana<\/span><\/td>\n<td style=\"color: windowtext; font-size: 15px; font-style: normal; text-decoration: none; font-family: Calibri, sans-serif; text-align: left; vertical-align: middle; border: 1px solid rgb(222, 222, 222); width: 267pt;\">\n<p style=\"font-weight: bold;\">Diagn\u00f3sticos Diferenciais da Neuropatia Hans\u00eanica<\/p>\n<p style=\"\"><b>Principais aspectos cl\u00ednicos da neuropatia hans\u00eanica <\/b>&#8211; Dr Diogo Fernandes<br><b>Achados neurofisiol\u00f3gicos da neuropatia hans\u00eanica<\/b> &#8211; Dr Wilson Marques<br><b>Diagn\u00f3stico diferencial com outras neuropatias adquiridas &#8211;<\/b> Dr Diogo Fernandes<br><b>Diagn\u00f3stico diferencial com neuropatias heredit\u00e1rias <\/b>&#8211; Dr Wilson Marques<br><b>Caso Cl\u00ednico I &#8211; <\/b>Dr Diogo Fernandes<br><b>Caso Cl\u00ednico II &#8211; <\/b>Dr Wilson Marques<\/p>\n<\/td>\n<td style=\"color: windowtext; font-size: 15px; font-style: normal; text-decoration: none; font-family: Calibri, sans-serif; text-align: left; vertical-align: middle; border: 1px solid rgb(222, 222, 222); width: 293pt;\"><span style=\"font-weight: bold; color: windowtext; font-size: 15px; font-style: normal; text-decoration: none; font-family: Calibri, sans-serif;\">Minist\u00e9rio da Sa\u00fade<\/span><span style=\"font-weight: 400; color: windowtext; font-size: 15px; font-style: normal; text-decoration: none; font-family: Calibri, sans-serif;\"><br>&nbsp;Fundamentos de m\u00e9todos laboratoriais para identifica\u00e7\u00e3o de infec\u00e7\u00e3o por&nbsp;<\/span><span style=\"font-weight: 400; color: windowtext; font-size: 15px; font-style: italic; text-decoration: none; font-family: Calibri, sans-serif;\">Mycobacterium leprae&nbsp;<\/span><span style=\"font-weight: 400; color: windowtext; font-size: 15px; font-style: normal; text-decoration: none; font-family: Calibri, sans-serif;\">e suas implica\u00e7\u00f5es na defini\u00e7\u00e3o de caso de hansen\u00edase.<br>&nbsp;<\/span><span style=\"font-weight: bold; color: windowtext; font-size: 15px; font-style: normal; text-decoration: none; font-family: Calibri, sans-serif;\">Coordenadora:<\/span><span style=\"font-weight: 400; color: windowtext; font-size: 15px; font-style: normal; text-decoration: none; font-family: Calibri, sans-serif;\">&nbsp;Alda Maria da Cruz<br>&nbsp;<\/span><span style=\"font-weight: bold; color: windowtext; font-size: 15px; font-style: normal; text-decoration: none; font-family: Calibri, sans-serif;\">Palestra 1<\/span><span style=\"font-weight: 400; color: windowtext; font-size: 15px; font-style: normal; text-decoration: none; font-family: Calibri, sans-serif;\">&nbsp;&#8211; Teste r\u00e1pido para detec\u00e7\u00e3o IgM-anti- PGL1 para detec\u00e7\u00e3o de contactantes <\/span><span style=\"font-weight: bold; color: windowtext; font-size: 15px; font-style: normal; text-decoration: none; font-family: Calibri, sans-serif;\">Palestrante:&nbsp;<\/span><span style=\"font-weight: 400; color: windowtext; font-size: 15px; font-style: normal; text-decoration: none; font-family: Calibri, sans-serif;\">Jurema Guerrieri Brand\u00e3o<br><\/span><span style=\"color: windowtext; font-size: 15px; font-style: normal; text-decoration: none; font-family: Calibri, sans-serif;\">P<\/span><span style=\"font-weight: bold; color: windowtext; font-size: 15px; font-style: normal; text-decoration: none; font-family: Calibri, sans-serif;\">alestra 2&nbsp;<\/span><span style=\"color: windowtext; font-size: 15px; font-style: normal; text-decoration: none; font-family: Calibri, sans-serif;\">&#8211; Detec\u00e7\u00e3o de genoma do M. leprae por PCR quantitativo e defini\u00e7\u00e3o de caso de hansen\u00edase<br><\/span><span style=\"font-weight: bold; color: windowtext; font-size: 15px; font-style: normal; text-decoration: none; font-family: Calibri, sans-serif;\">Palestrante:<\/span><span style=\"font-weight: 400; color: windowtext; font-size: 15px; font-style: normal; text-decoration: none; font-family: Calibri, sans-serif;\">&nbsp;Selma Maria Jeronimo<br><\/span><span style=\"font-weight: bold; color: windowtext; font-size: 15px; font-style: normal; text-decoration: none; font-family: Calibri, sans-serif;\">Palestra 3 &#8211;&nbsp;<\/span><span style=\"font-weight: 400; color: windowtext; font-size: 15px; font-style: normal; text-decoration: none; font-family: Calibri, sans-serif;\">Implementa\u00e7\u00e3o da t\u00e9cnica de detec\u00e7\u00e3o de muta\u00e7\u00f5es gen\u00e9ticas no&nbsp;<\/span><span style=\"font-weight: 400; color: windowtext; font-size: 15px; font-style: italic; text-decoration: none; font-family: Calibri, sans-serif;\">M. leprae<\/span><span style=\"color: windowtext; font-size: 15px; font-style: normal; text-decoration: none; font-family: Calibri, sans-serif;\">&nbsp;associadas \u00e0 resist\u00eancia antimicrobiana nos LACENs e sua import\u00e2ncia na defini\u00e7\u00e3o de esquemas &nbsp;terap\u00eauticos<br><\/span><span style=\"font-weight: bold; color: windowtext; font-size: 15px; font-style: normal; text-decoration: none; font-family: Calibri, sans-serif;\">Palestrante:&nbsp;<\/span><span style=\"font-weight: 400; color: windowtext; font-size: 15px; font-style: normal; text-decoration: none; font-family: Calibri, sans-serif;\">Karen Gomes<br><\/span><span style=\"font-weight: bold; color: windowtext; font-size: 15px; font-style: normal; text-decoration: none; font-family: Calibri, sans-serif;\">Palestra 4 &#8211;<\/span><span style=\"color: windowtext; font-size: 15px; font-style: normal; text-decoration: none; font-family: Calibri, sans-serif;\">&nbsp;Implica\u00e7\u00f5es do diagn\u00f3stico tardio de um caso hansen\u00edase para o cidad\u00e3o e para o SUS<br><\/span><span style=\"font-weight: bold; color: windowtext; font-size: 15px; font-style: normal; text-decoration: none; font-family: Calibri, sans-serif;\">Palestrante:&nbsp;<\/span><span style=\"font-weight: 400; color: windowtext; font-size: 15px; font-style: normal; text-decoration: none; font-family: Calibri, sans-serif;\">Ciro Martins Gomes<\/span><\/td>\n<\/tr>\n<tr>\n<td style=\"color: windowtext; font-size: 15px; font-weight: bold; font-style: normal; text-decoration: none; font-family: Calibri, sans-serif; text-align: center; vertical-align: middle; border: 1px solid #dedede; height: 225pt; width: 12.9168%;\">18:30 &#8211; 20:00<\/td>\n<td style=\"color: windowtext; font-size: 15px; font-style: normal; text-decoration: none; font-family: Calibri, sans-serif; text-align: left; vertical-align: middle; border: 1px solid rgb(222, 222, 222); width: 30.6288%;\"><b>Rea\u00e7\u00f5es Hansenicas<\/b><br><b>Coordenadoras: <\/b><span style=\"font-weight: 400; color: windowtext; font-size: 15px; font-style: normal; text-decoration: none; font-family: Calibri, sans-serif;\">Isabela Maria Bernardes Goulart e Jaci Maria Santana<br><\/span><span style=\"font-weight: bold; color: windowtext; font-size: 15px; font-style: normal; text-decoration: none; font-family: Calibri, sans-serif;\">Palestra 1<\/span><span style=\"color: windowtext; font-size: 15px; font-style: normal; text-decoration: none; font-family: Calibri, sans-serif;\">&nbsp;Estrat\u00e9gias assertivas para Identifica\u00e7\u00e3o de Gatilhos e Tratamento eficaz<br><\/span><span style=\"font-weight: bold; color: windowtext; font-size: 15px; font-style: normal; text-decoration: none; font-family: Calibri, sans-serif;\">Palestrante:&nbsp;<\/span><span style=\"font-weight: 400; color: windowtext; font-size: 15px; font-style: normal; text-decoration: none; font-family: Calibri, sans-serif;\">Isabela Maria Bernardes Goulart<br><\/span><span style=\"font-weight: bold; color: windowtext; font-size: 15px; font-style: normal; text-decoration: none; font-family: Calibri, sans-serif;\">Palestra 2<\/span><span style=\"font-weight: 400; color: windowtext; font-size: 15px; font-style: normal; text-decoration: none; font-family: Calibri, sans-serif;\">&#8211; O ant\u00edgeno recombinante do S. mansoni Sm29 \u00e9 capaz induzir modula\u00e7\u00e3o da resposta imune de pacientes com rea\u00e7\u00f5es hans\u00eanicas &nbsp; &nbsp; &nbsp; &nbsp; &nbsp; &nbsp; &nbsp; &nbsp; &nbsp; &nbsp; &nbsp; &nbsp; &nbsp; &nbsp; &nbsp; &nbsp; &nbsp; &nbsp; &nbsp; &nbsp; &nbsp; &nbsp; &nbsp; &nbsp; &nbsp; &nbsp; &nbsp; &nbsp; &nbsp; &nbsp; &nbsp; &nbsp; <\/span><span style=\"font-weight: bold; color: windowtext; font-size: 15px; font-style: normal; text-decoration: none; font-family: Calibri, sans-serif;\">Palestrante:&nbsp;<\/span><span style=\"font-weight: 400; color: windowtext; font-size: 15px; font-style: normal; text-decoration: none; font-family: Calibri, sans-serif;\">L\u00e9a Cristina Castellucci<br><\/span><span style=\"font-weight: bold; color: windowtext; font-size: 15px; font-style: normal; text-decoration: none; font-family: Calibri, sans-serif;\">Palestra 3&nbsp;<\/span><span style=\"color: windowtext; font-size: 15px; font-style: normal; text-decoration: none; font-family: Calibri, sans-serif;\">&#8211; Espectroscopia no Infravermelho por transformada de Fourier (FTIR): uma nova abordagem para previs\u00e3o de surtos reacionais em pacientes com hansen\u00edase<br><\/span><span style=\"font-weight: bold; color: windowtext; font-size: 15px; font-style: normal; text-decoration: none; font-family: Calibri, sans-serif;\">Palestrante:&nbsp;<\/span><span style=\"font-weight: 400; color: windowtext; font-size: 15px; font-style: normal; text-decoration: none; font-family: Calibri, sans-serif;\">Paulo Cezar de Moraes<\/span><\/td>\n<td style=\"color: windowtext; font-size: 15px; font-style: normal; text-decoration: none; font-family: Calibri, sans-serif; text-align: left; vertical-align: middle; border: 1px solid rgb(222, 222, 222); width: 267pt;\"><b>A\u00e7\u00f5es e ferramentas de busca ativa em contatos<\/b><br><b>Coordenador:<\/b><span style=\"font-weight: 400; color: windowtext; font-size: 15px; font-style: normal; text-decoration: none; font-family: Calibri, sans-serif;\">&nbsp;Marco Andrey Cipriani Frade<br><\/span><span style=\"font-weight: bold; color: windowtext; font-size: 15px; font-style: normal; text-decoration: none; font-family: Calibri, sans-serif;\">Palestra 1<\/span><span style=\"color: windowtext; font-size: 15px; font-style: normal; text-decoration: none; font-family: Calibri, sans-serif;\">&nbsp;&#8211; Aplica\u00e7\u00e3o de IA no rastreamento de QSH em contatos<br><\/span><span style=\"font-weight: bold; color: windowtext; font-size: 15px; font-style: normal; text-decoration: none; font-family: Calibri, sans-serif;\">Palestrante:&nbsp;<\/span><span style=\"font-weight: 400; color: windowtext; font-size: 15px; font-style: normal; text-decoration: none; font-family: Calibri, sans-serif;\">Mateus Sim\u00f5es<br><\/span><span style=\"font-weight: bold; color: windowtext; font-size: 15px; font-style: normal; text-decoration: none; font-family: Calibri, sans-serif;\">Palestra 2&nbsp;<\/span><span style=\"font-weight: 400; color: windowtext; font-size: 15px; font-style: normal; text-decoration: none; font-family: Calibri, sans-serif;\">&#8211; Diagn\u00f3stico da Hansen\u00edase: O Que o Nervo Fibular Superficial Tem a Dizer? &nbsp; &nbsp; &nbsp; &nbsp; &nbsp; &nbsp; &nbsp; &nbsp; &nbsp; &nbsp; &nbsp; &nbsp; &nbsp; &nbsp; &nbsp; &nbsp; &nbsp; &nbsp; &nbsp; &nbsp; &nbsp; &nbsp; &nbsp; &nbsp; &nbsp; &nbsp; <\/span><span style=\"font-weight: bold; color: windowtext; font-size: 15px; font-style: normal; text-decoration: none; font-family: Calibri, sans-serif;\">Palestrantes:&nbsp;<\/span><span style=\"color: windowtext; font-size: 15px; font-style: normal; text-decoration: none; font-family: Calibri, sans-serif;\">Pablo Diego do Carmo Pinto e Juliana Ramos<br><\/span><span style=\"font-weight: bold; color: windowtext; font-size: 15px; font-style: normal; text-decoration: none; font-family: Calibri, sans-serif;\">Palestra 3 &#8211;<\/span><span style=\"color: windowtext; font-size: 15px; font-style: normal; text-decoration: none; font-family: Calibri, sans-serif;\">&nbsp;Instrumentaliza\u00e7\u00e3o da avalia\u00e7\u00e3o neurodermatol\u00f3gica padronizada para diagn\u00f3stico da hansen\u00edase dentre os contatos numa regi\u00e3o hiperend\u00eamica<br><\/span><span style=\"font-weight: bold; color: windowtext; font-size: 15px; font-style: normal; text-decoration: none; font-family: Calibri, sans-serif;\">Palestrantes:<\/span><span style=\"font-weight: 400; color: windowtext; font-size: 15px; font-style: normal; text-decoration: none; font-family: Calibri, sans-serif;\">&nbsp;Victor Francisco Silva e Juliana Ramos<\/span><\/td>\n<td style=\"color: windowtext; font-size: 16px; font-weight: 400; font-style: normal; text-decoration: none; font-family: Calibri, sans-serif; text-align: left; vertical-align: middle; border: 1px solid #dedede; width: 293pt;\">&nbsp;<\/td>\n<\/tr>\n<tr>\n<td style=\"color: windowtext; font-size: 15px; font-weight: bold; font-style: normal; text-decoration: none; font-family: Calibri, sans-serif; text-align: center; vertical-align: middle; border: 1px solid #dedede; height: 15.75pt; width: 12.9168%;\">20:00 &#8211; 21:00<\/td>\n<td style=\"color: windowtext; font-size: 15px; font-weight: bold; font-style: normal; text-decoration: none; font-family: Calibri, sans-serif; text-align: left; vertical-align: middle; border: 1px solid #dedede; width: 30.6288%;\">Assembl\u00e9ia Geral Ordin\u00e1ria SBH<br><a href=\"https:\/\/sbhansenologia.org.br\/convocacao\/reuniao-do-conselho-deliberativo-sbh-2024-\" target=\"_blank\" rel=\"noopener noreferrer\">Convoca\u00e7\u00e3o<\/a><\/td>\n<td style=\"color: windowtext; font-size: 15px; font-weight: bold; font-style: normal; text-decoration: none; font-family: Calibri, sans-serif; text-align: left; vertical-align: middle; border: 1px solid #dedede; width: 267pt;\">&nbsp;<\/td>\n<td style=\"color: windowtext; font-size: 16px; font-weight: bold; font-style: normal; text-decoration: none; font-family: Calibri, sans-serif; text-align: left; vertical-align: middle; border: 1px solid #dedede; width: 293pt;\">&nbsp;<\/td>\n<\/tr>\n<\/tbody>\n<\/table><\/div>\n\t\t\t\t\t\t\t\t\t<div class=\"elementor-tab-title elementor-tab-mobile-title\" aria-selected=\"false\" data-tab=\"4\" role=\"tab\" tabindex=\"-1\" aria-controls=\"elementor-tab-content-8304\" aria-expanded=\"false\">Sexta-feira, 08 de novembro<\/div>\n\t\t\t\t\t<div id=\"elementor-tab-content-8304\" class=\"elementor-tab-content elementor-clearfix\" data-tab=\"4\" role=\"tabpanel\" aria-labelledby=\"elementor-tab-title-8304\" tabindex=\"0\" hidden=\"hidden\"><table style=\"border: 1px solid rgb(223, 221, 221); border-collapse: collapse; width: 100%;\">\n    <tbody>\n        <tr>\n            <td style=\"color: windowtext; font-size: 16px; font-weight: 700; font-style: normal; text-decoration: none; font-family: Calibri, sans-serif; text-align: center; vertical-align: middle; border: 1px solid rgb(223, 221, 221); height: 15.75pt; width: 12.3709%;\">Hor&aacute;rio<\/td>\n            <td style=\"color: windowtext; font-size: 16px; font-weight: 700; font-style: normal; text-decoration: none; font-family: Calibri, sans-serif; text-align: center; vertical-align: middle; border: 1px solid rgb(223, 221, 221); width: 29.1093%;\">SALA 1 (Sala Salvador)<\/td>\n            <td style=\"color: windowtext; font-size: 16px; font-weight: 700; font-style: normal; text-decoration: none; font-family: Calibri, sans-serif; text-align: center; vertical-align: middle; border: 1px solid rgb(223, 221, 221); width: 267pt;\">SALA 2 (Sala Porto Seguro)<\/td>\n            <td style=\"color: windowtext; font-size: 16px; font-weight: 700; font-style: normal; text-decoration: none; font-family: Calibri, sans-serif; text-align: center; vertical-align: middle; border: 1px solid rgb(223, 221, 221); width: 293pt;\">SALA 3 (Sala Morro de S&atilde;o Paulo)<\/td>\n        <\/tr>\n        <tr>\n            <td style=\"color: windowtext; font-size: 15px; font-weight: 700; font-style: normal; text-decoration: none; font-family: Calibri, sans-serif; text-align: center; vertical-align: middle; border: 1px solid rgb(223, 221, 221); height: 75pt; width: 12.3709%;\">08:00 &#8211; 12:00 &nbsp; &nbsp; &nbsp; &nbsp; &nbsp; &nbsp; &nbsp; &nbsp; &nbsp; &nbsp; &nbsp; &nbsp; &nbsp; &nbsp; &nbsp; &nbsp; &nbsp; &nbsp; &nbsp; &nbsp; &nbsp; &nbsp; &nbsp; &nbsp;<\/td>\n            <td style=\"color: windowtext; font-size: 15px; font-weight: 400; font-style: normal; text-decoration: none; font-family: Calibri, sans-serif; vertical-align: middle; border: 1px solid rgb(223, 221, 221); width: 29.1093%;\"><span style=\"color:windowtext;font-size:15px;font-weight:700;font-style:normal;text-decoration:none;font-family:Calibri, sans-serif;\">Forma&ccedil;&atilde;o Especializada e Estrat&eacute;gias Integradas para o Controle da Hansen&iacute;ase: Avan&ccedil;os, Desafios e Perspectivas<br>&nbsp;<\/span><span style=\"color:windowtext;font-size:15px;font-weight:400;font-style:normal;text-decoration:none;font-family:Calibri, sans-serif;\">Reuni&atilde;o do curso de Especializa&ccedil;&atilde;o &#8211; SBH\/SES\/ESP<br>&nbsp;<\/span><span style=\"color:windowtext;font-size:15px;font-weight:700;font-style:normal;text-decoration:none;font-family:Calibri, sans-serif;\">Coordenadores:<\/span><span style=\"color:windowtext;font-size:15px;font-weight:400;font-style:normal;text-decoration:none;font-family:Calibri, sans-serif;\">&nbsp;Claudio Guedes Salgado e Silvia Tomaz<\/span><\/td>\n            <td style=\"color: windowtext; font-size: 15px; font-weight: 700; font-style: normal; text-decoration: none; font-family: Calibri, sans-serif; text-align: left; vertical-align: middle; border: 1px solid rgb(223, 221, 221); width: 267pt;\"><br><\/td>\n            <td style=\"color: windowtext; font-size: 15px; font-weight: 400; font-style: normal; text-decoration: none; font-family: Calibri, sans-serif; text-align: left; vertical-align: bottom; border: 1px solid rgb(223, 221, 221);\"><br><\/td>\n        <\/tr>\n        <tr>\n            <td style=\"color: windowtext; font-size: 15px; font-weight: 700; font-style: normal; text-decoration: none; font-family: Calibri, sans-serif; text-align: center; vertical-align: middle; border: 1px solid rgb(223, 221, 221); height: 15.75pt; width: 12.3709%;\">10:30 &#8211; 11:00<\/td>\n            <td colspan=\"3\" style=\"color: windowtext; font-size: 15px; font-weight: 700; font-style: normal; text-decoration: none; font-family: Calibri, sans-serif; text-align: left; vertical-align: middle; border: 1px solid rgb(223, 221, 221); width: 87.457%;\">Coffee break<\/td>\n        <\/tr>\n        <tr>\n            <td style=\"color: windowtext; font-size: 15px; font-weight: 700; font-style: normal; text-decoration: none; font-family: Calibri, sans-serif; text-align: center; vertical-align: middle; border: 1px solid rgb(223, 221, 221); height: 75pt; width: 12.3709%;\">11:00 &#8211; 12:00<\/td>\n            <td style=\"color: windowtext; font-size: 15px; font-weight: 400; font-style: normal; text-decoration: none; font-family: Calibri, sans-serif; vertical-align: middle; border: 1px solid rgb(223, 221, 221); width: 29.1093%;\"><span style=\"color:windowtext;font-size:15px;font-weight:700;font-style:normal;text-decoration:none;font-family:Calibri, sans-serif;\">Forma&ccedil;&atilde;o Especializada e Estrat&eacute;gias Integradas para o Controle da Hansen&iacute;ase: Avan&ccedil;os, Desafios e Perspectivas<br>&nbsp;<\/span><span style=\"color:windowtext;font-size:15px;font-weight:400;font-style:normal;text-decoration:none;font-family:Calibri, sans-serif;\">Reuni&atilde;o do curso de Especializa&ccedil;&atilde;o &#8211; SBH\/SES\/ESP<br>&nbsp;<\/span><span style=\"color:windowtext;font-size:15px;font-weight:700;font-style:normal;text-decoration:none;font-family:Calibri, sans-serif;\">Coordenadores:<\/span><span style=\"color:windowtext;font-size:15px;font-weight:400;font-style:normal;text-decoration:none;font-family:Calibri, sans-serif;\">&nbsp;Claudio Guedes Salgado e Silvia Tomaz<\/span><\/td>\n            <td style=\"color: windowtext; font-size: 15px; font-weight: 700; font-style: normal; text-decoration: none; font-family: Calibri, sans-serif; text-align: left; vertical-align: middle; border: 1px solid rgb(223, 221, 221); width: 267pt;\"><br><\/td>\n            <td style=\"color: windowtext; font-size: 15px; font-weight: 400; font-style: normal; text-decoration: none; font-family: Calibri, sans-serif; text-align: left; vertical-align: bottom; border: 1px solid rgb(223, 221, 221);\"><br><\/td>\n        <\/tr>\n        <tr>\n            <td style=\"color: windowtext; font-size: 15px; font-weight: 700; font-style: normal; text-decoration: none; font-family: Calibri, sans-serif; text-align: center; vertical-align: middle; border: 1px solid rgb(223, 221, 221); height: 15.75pt; width: 12.3709%;\">12:00 &#8211; 13:00<\/td>\n            <td colspan=\"3\" style=\"color: windowtext; font-size: 15px; font-weight: 700; font-style: normal; text-decoration: none; font-family: Calibri, sans-serif; text-align: left; vertical-align: middle; border: 1px solid rgb(223, 221, 221); width: 87.457%;\">Intervalo<\/td>\n        <\/tr>\n        <tr>\n            <td style=\"color: windowtext; font-size: 15px; font-weight: 700; font-style: normal; text-decoration: none; font-family: Calibri, sans-serif; text-align: center; vertical-align: middle; border: 1px solid rgb(223, 221, 221); height: 195pt; width: 12.3709%;\">13:00 &#8211; 14:30<\/td>\n            <td style=\"color: windowtext; font-size: 15px; font-weight: 700; font-style: normal; text-decoration: none; font-family: Calibri, sans-serif; text-align: left; vertical-align: middle; border: 1px solid rgb(223, 221, 221); width: 29.1093%;\">Desafios terap&ecirc;uticos na hansen&iacute;ase<br>Coordenadores:<span style=\"color:windowtext;font-size:15px;font-weight:400;font-style:normal;text-decoration:none;font-family:Calibri, sans-serif;\">&nbsp;Isabela Maria Bernardes Goulart e Marco Andrey Cipriani Frade<\/span><span style=\"color:windowtext;font-size:15px;font-weight:700;font-style:normal;text-decoration:none;font-family:Calibri, sans-serif;\"><br>&nbsp;Palestra 1 &#8211;<\/span><span style=\"color:windowtext;font-size:15px;font-weight:400;font-style:normal;text-decoration:none;font-family:Calibri, sans-serif;\">&nbsp;Atualiza&ccedil;&atilde;o do esquema ROM &nbsp; &nbsp; &nbsp; &nbsp; &nbsp; &nbsp; &nbsp; &nbsp; &nbsp; &nbsp; &nbsp; &nbsp; &nbsp; &nbsp; &nbsp; &nbsp; &nbsp; &nbsp; &nbsp; &nbsp; &nbsp; &nbsp; &nbsp; &nbsp; &nbsp;<\/span><span style=\"color:windowtext;font-size:15px;font-weight:700;font-style:normal;text-decoration:none;font-family:Calibri, sans-serif;\">Palestrante:<\/span><span style=\"color:windowtext;font-size:15px;font-weight:400;font-style:normal;text-decoration:none;font-family:Calibri, sans-serif;\">&nbsp;Isabela Maria Bernardes Goulart<br>&nbsp;<\/span><span style=\"color:windowtext;font-size:15px;font-weight:700;font-style:normal;text-decoration:none;font-family:Calibri, sans-serif;\">Palestra 2 &#8211;<\/span><span style=\"color:windowtext;font-size:15px;font-weight:400;font-style:normal;text-decoration:none;font-family:Calibri, sans-serif;\">&nbsp;Atualiza&ccedil;&atilde;o do esquema com rifampicina di&aacute;ria &nbsp; &nbsp; &nbsp; &nbsp; &nbsp;<\/span><span style=\"color:windowtext;font-size:15px;font-weight:700;font-style:normal;text-decoration:none;font-family:Calibri, sans-serif;\">Palestrante:&nbsp;<\/span><span style=\"color:windowtext;font-size:15px;font-weight:400;font-style:normal;text-decoration:none;font-family:Calibri, sans-serif;\">Francisco Bezerra de Almeida Neto&nbsp;<br>&nbsp;<\/span><span style=\"color:windowtext;font-size:15px;font-weight:700;font-style:normal;text-decoration:none;font-family:Calibri, sans-serif;\">Palestra 3 &#8211;<\/span><span style=\"color:windowtext;font-size:15px;font-weight:400;font-style:normal;text-decoration:none;font-family:Calibri, sans-serif;\">&nbsp;Estudo comparativo entre RIMOXICLAMIN e PQT\/OMS &nbsp; &nbsp; &nbsp; &nbsp; &nbsp; &nbsp; &nbsp; &nbsp; &nbsp; &nbsp; &nbsp; &nbsp; &nbsp; &nbsp; &nbsp; &nbsp; &nbsp; &nbsp; &nbsp; &nbsp; &nbsp; &nbsp; &nbsp; &nbsp; &nbsp; &nbsp; &nbsp; &nbsp; &nbsp; &nbsp; &nbsp; &nbsp; &nbsp; &nbsp; &nbsp; &nbsp; &nbsp; &nbsp; &nbsp; &nbsp; &nbsp; &nbsp; &nbsp; &nbsp; &nbsp; &nbsp; &nbsp; &nbsp;<\/span><span style=\"color:windowtext;font-size:15px;font-weight:700;font-style:normal;text-decoration:none;font-family:Calibri, sans-serif;\">Palestrante:&nbsp;<\/span><span style=\"color:windowtext;font-size:15px;font-weight:400;font-style:normal;text-decoration:none;font-family:Calibri, sans-serif;\">Marco Andrey Cipriani Frade&nbsp;<\/span><span style=\"color:windowtext;font-size:15px;font-weight:700;font-style:normal;text-decoration:none;font-family:Calibri, sans-serif;\">&nbsp;<\/span><\/td>\n            <td style=\"color: windowtext; font-size: 15px; font-weight: 700; font-style: normal; text-decoration: none; font-family: Calibri, sans-serif; text-align: left; vertical-align: middle; border: 1px solid rgb(223, 221, 221); width: 267pt;\">Hansen&iacute;ase: uma doen&ccedil;a mascaradora em outras especialidades<br>Palestra 1 &#8211;<span style=\"color:windowtext;font-size:15px;font-weight:400;font-style:normal;text-decoration:none;font-family:Calibri, sans-serif;\">&nbsp;Profilaxia Infecciosa em Pacientes de Alto Risco Imunol&oacute;gico &nbsp; &nbsp; &nbsp; &nbsp; &nbsp; &nbsp; &nbsp; &nbsp; &nbsp; &nbsp; &nbsp; &nbsp; &nbsp; &nbsp; &nbsp; &nbsp; &nbsp; &nbsp; &nbsp; &nbsp; &nbsp; &nbsp; &nbsp; &nbsp; &nbsp; &nbsp; &nbsp; &nbsp; &nbsp; &nbsp; &nbsp; &nbsp; &nbsp; &nbsp; &nbsp; &nbsp; &nbsp;&nbsp;<\/span><span style=\"color:windowtext;font-size:15px;font-weight:700;font-style:normal;text-decoration:none;font-family:Calibri, sans-serif;\">Palestrante:&nbsp;<\/span><span style=\"color:windowtext;font-size:15px;font-weight:400;font-style:normal;text-decoration:none;font-family:Calibri, sans-serif;\">Bruno Vitiriti Zanardo<br>&nbsp;<\/span><span style=\"color:windowtext;font-size:15px;font-weight:700;font-style:normal;text-decoration:none;font-family:Calibri, sans-serif;\">Palestra 2 &#8211;<\/span><span style=\"color:windowtext;font-size:15px;font-weight:400;font-style:normal;text-decoration:none;font-family:Calibri, sans-serif;\">&nbsp;&Uacute;lcera de Buruli: Que micobacteriose &eacute; essa?&nbsp;<\/span><span style=\"color:windowtext;font-size:15px;font-weight:700;font-style:normal;text-decoration:none;font-family:Calibri, sans-serif;\">Palestrante:<\/span><span style=\"color:windowtext;font-size:15px;font-weight:400;font-style:normal;text-decoration:none;font-family:Calibri, sans-serif;\">&nbsp;Marcio Cesar Reino Gaggini<br>&nbsp;<\/span><span style=\"color:windowtext;font-size:15px;font-weight:700;font-style:normal;text-decoration:none;font-family:Calibri, sans-serif;\">Palestra 3 &#8211;<\/span><span style=\"color:windowtext;font-size:15px;font-weight:400;font-style:normal;text-decoration:none;font-family:Calibri, sans-serif;\">&nbsp;Hanseniase: uma doen&ccedil;a sist&ecirc;mica e complexa &nbsp; &nbsp; &nbsp; &nbsp; &nbsp; &nbsp; &nbsp; &nbsp; &nbsp; &nbsp; &nbsp; &nbsp; &nbsp; &nbsp; &nbsp; &nbsp; &nbsp; &nbsp; &nbsp; &nbsp; &nbsp; &nbsp; &nbsp; &nbsp; &nbsp; &nbsp; &nbsp; &nbsp; &nbsp; &nbsp; &nbsp; &nbsp; &nbsp; &nbsp; &nbsp; &nbsp; &nbsp; &nbsp; &nbsp; &nbsp; &nbsp; &nbsp; &nbsp; &nbsp; &nbsp; &nbsp; &nbsp; &nbsp; &nbsp; &nbsp; &nbsp; &nbsp; &nbsp; &nbsp; &nbsp; &nbsp; &nbsp; &nbsp;&nbsp;<\/span><span style=\"color:windowtext;font-size:15px;font-weight:700;font-style:normal;text-decoration:none;font-family:Calibri, sans-serif;\">Palestrante:&nbsp;<\/span><span style=\"color:windowtext;font-size:15px;font-weight:400;font-style:normal;text-decoration:none;font-family:Calibri, sans-serif;\">Rita de K&aacute;ssia Vidigal<br>&nbsp;<\/span><span style=\"color:windowtext;font-size:15px;font-weight:700;font-style:normal;text-decoration:none;font-family:Calibri, sans-serif;\">Palestra 4 &#8211;<\/span><span style=\"color:windowtext;font-size:15px;font-weight:400;font-style:normal;text-decoration:none;font-family:Calibri, sans-serif;\">&nbsp;Arboviroses com manifesta&ccedil;&otilde;es cr&ocirc;nicas: diagn&oacute;stico diferencial de hansen&iacute;ase? &nbsp; &nbsp; &nbsp; &nbsp; &nbsp; &nbsp; &nbsp; &nbsp; &nbsp; &nbsp; &nbsp; &nbsp; &nbsp; &nbsp; &nbsp; &nbsp; &nbsp; &nbsp; &nbsp; &nbsp; &nbsp; &nbsp; &nbsp; &nbsp; &nbsp; &nbsp; &nbsp;<\/span><span style=\"color:windowtext;font-size:15px;font-weight:700;font-style:normal;text-decoration:none;font-family:Calibri, sans-serif;\">Palestrante:&nbsp;<\/span><span style=\"color:windowtext;font-size:15px;font-weight:400;font-style:normal;text-decoration:none;font-family:Calibri, sans-serif;\">Danyenne Rejane de Assis<\/span><\/td>\n            <td style=\"color: windowtext; font-size: 15px; font-weight: 700; font-style: normal; text-decoration: none; font-family: Calibri, sans-serif; text-align: left; vertical-align: middle; border: 1px solid rgb(223, 221, 221); width: 293pt;\">Integra&ccedil;&atilde;o de Esfor&ccedil;os para o Controle da Hansen&iacute;ase: Uma Perspectiva Interinstitucional &#8211; <span style=\"color:windowtext;font-size:15px;font-weight:400;font-style:normal;text-decoration:none;font-family:Calibri, sans-serif;\">TCE, CRM, ESP e Marco Andrey Cipriani Frade<\/span><span style=\"color:windowtext;font-size:15px;font-weight:700;font-style:normal;text-decoration:none;font-family:Calibri, sans-serif;\">&nbsp; &nbsp; &nbsp; &nbsp; &nbsp; &nbsp; &nbsp; &nbsp; &nbsp; &nbsp; &nbsp; &nbsp; &nbsp; &nbsp; &nbsp; &nbsp; &nbsp; &nbsp; &nbsp; &nbsp; &nbsp; &nbsp; &nbsp; &nbsp; &nbsp; &nbsp; &nbsp; &nbsp; &nbsp; &nbsp; &nbsp; &nbsp; &nbsp; &nbsp; &nbsp; &nbsp; &nbsp; &nbsp; &nbsp; &nbsp; &nbsp; &nbsp; &nbsp; &nbsp; &nbsp; &nbsp; &nbsp; &nbsp; &nbsp; &nbsp; &nbsp; &nbsp; &nbsp; &nbsp; &nbsp; &nbsp; &nbsp; &nbsp; &nbsp; &nbsp; &nbsp; &nbsp; &nbsp; &nbsp; &nbsp; &nbsp; &nbsp; &nbsp; &nbsp; &nbsp; &nbsp; &nbsp; &nbsp; &nbsp; &nbsp; &nbsp; &nbsp; &nbsp; &nbsp;Palestra TCE &#8211;&nbsp;<\/span><span style=\"color:windowtext;font-size:15px;font-weight:400;font-style:normal;text-decoration:none;font-family:Calibri, sans-serif;\">Construindo A&ccedil;&otilde;es para Mato Grosso Livre da Hansen&iacute;ase &nbsp; &nbsp; &nbsp; &nbsp; &nbsp; &nbsp; &nbsp; &nbsp; &nbsp; &nbsp; &nbsp; &nbsp; &nbsp; &nbsp; &nbsp; &nbsp; &nbsp; &nbsp; &nbsp; &nbsp; &nbsp; &nbsp; &nbsp; &nbsp; &nbsp; &nbsp; &nbsp; &nbsp; &nbsp; &nbsp; &nbsp; &nbsp; &nbsp; &nbsp; &nbsp; &nbsp; &nbsp; &nbsp; &nbsp; &nbsp; &nbsp; &nbsp; &nbsp; &nbsp; &nbsp; &nbsp; &nbsp; &nbsp; &nbsp; &nbsp; &nbsp;<\/span><span style=\"color:windowtext;font-size:15px;font-weight:700;font-style:normal;text-decoration:none;font-family:Calibri, sans-serif;\">Palestrante:&nbsp;<\/span><span style=\"color:windowtext;font-size:15px;font-weight:400;font-style:normal;text-decoration:none;font-family:Calibri, sans-serif;\">Catiane Peron &nbsp;&nbsp;<\/span><span style=\"color:windowtext;font-size:15px;font-weight:700;font-style:normal;text-decoration:none;font-family:Calibri, sans-serif;\">&nbsp; &nbsp; &nbsp; &nbsp; &nbsp; &nbsp; &nbsp; &nbsp; &nbsp; &nbsp; &nbsp; &nbsp; &nbsp; &nbsp; &nbsp; &nbsp; &nbsp; &nbsp; &nbsp; &nbsp; &nbsp; &nbsp; &nbsp; &nbsp; &nbsp; &nbsp; &nbsp; &nbsp; &nbsp; &nbsp; &nbsp; &nbsp; &nbsp; &nbsp; &nbsp; &nbsp; &nbsp; &nbsp; Palestra ESP &#8211;&nbsp;<\/span><span style=\"color:windowtext;font-size:15px;font-weight:400;font-style:normal;text-decoration:none;font-family:Calibri, sans-serif;\">O desafio atual de inova&ccedil;&atilde;o as Escolas de Sa&uacute;de Publica na forma&ccedil;&atilde;o para o SUS &nbsp; &nbsp; &nbsp; &nbsp; &nbsp; &nbsp; &nbsp; &nbsp; &nbsp; &nbsp; &nbsp; &nbsp; &nbsp; &nbsp; &nbsp; &nbsp; &nbsp; &nbsp; &nbsp; &nbsp; &nbsp; &nbsp; &nbsp; &nbsp; &nbsp; &nbsp; &nbsp; &nbsp; &nbsp; &nbsp;&nbsp;<\/span><span style=\"color:windowtext;font-size:15px;font-weight:700;font-style:normal;text-decoration:none;font-family:Calibri, sans-serif;\">Palestrante:&nbsp;<\/span><span style=\"color:windowtext;font-size:15px;font-weight:400;font-style:normal;text-decoration:none;font-family:Calibri, sans-serif;\">Silvia Tomaz &nbsp;<\/span><span style=\"color:windowtext;font-size:15px;font-weight:700;font-style:normal;text-decoration:none;font-family:Calibri, sans-serif;\">&nbsp; &nbsp; &nbsp; &nbsp; &nbsp; &nbsp; &nbsp; &nbsp; &nbsp; &nbsp; &nbsp; &nbsp; &nbsp; &nbsp; &nbsp; &nbsp; &nbsp; &nbsp; &nbsp; &nbsp; &nbsp; &nbsp; &nbsp; &nbsp; &nbsp; &nbsp; &nbsp; &nbsp; &nbsp; &nbsp; &nbsp; &nbsp; &nbsp; &nbsp; &nbsp; &nbsp; Palestra CRM &#8211;&nbsp;<\/span><span style=\"color:windowtext;font-size:15px;font-weight:400;font-style:normal;text-decoration:none;font-family:Calibri, sans-serif;\">Panorama atual e desafios para diagn&oacute;sticas resist&ecirc;ncia ou reinfeccao da hansen&iacute;ase &nbsp; &nbsp; &nbsp; &nbsp; &nbsp; &nbsp; &nbsp; &nbsp; &nbsp; &nbsp; &nbsp; &nbsp; &nbsp; &nbsp; &nbsp; &nbsp; &nbsp; &nbsp; &nbsp; &nbsp; &nbsp; &nbsp; &nbsp; &nbsp; &nbsp; &nbsp; &nbsp;&nbsp;<\/span><span style=\"color:windowtext;font-size:15px;font-weight:700;font-style:normal;text-decoration:none;font-family:Calibri, sans-serif;\">Palestrante:&nbsp;<\/span><span style=\"color:windowtext;font-size:15px;font-weight:400;font-style:normal;text-decoration:none;font-family:Calibri, sans-serif;\">Adriano Bastos Pinho<\/span><\/td>\n        <\/tr>\n        <tr>\n            <td style=\"color: windowtext; font-size: 15px; font-weight: 700; font-style: normal; text-decoration: none; font-family: Calibri, sans-serif; text-align: center; vertical-align: middle; border: 1px solid rgb(223, 221, 221); height: 255pt; width: 12.3709%;\">14:30 &#8211; 16:00<\/td>\n            <td style=\"color: windowtext; font-size: 15px; font-weight: 700; font-style: normal; text-decoration: none; font-family: Calibri, sans-serif; text-align: left; vertical-align: middle; border: 1px solid rgb(223, 221, 221); width: 29.1093%;\">Discuss&atilde;o com experts: Casos cl&iacute;nicos dos s&oacute;cios &#8211; <span style=\"color:windowtext;font-size:15px;font-weight:400;font-style:normal;text-decoration:none;font-family:Calibri, sans-serif;\">Maria &Acirc;ngela Bianconcini Trindade, Helena Barbosa Lug&atilde;o, Jaci Maria Santana e Marilda Ap. Milanez Morgado de Abreu<br>&nbsp;<\/span><\/td>\n            <td style=\"color: windowtext; font-size: 15px; font-weight: 700; font-style: normal; text-decoration: none; font-family: Calibri, sans-serif; text-align: left; vertical-align: middle; border: 1px solid rgb(223, 221, 221); width: 267pt;\">Avan&ccedil;os e Desafios no Controle Global da Hansen&iacute;ase: Biomarcadores, Epidemiologia e Resist&ecirc;ncia Antimicrobiana<br>Coordenador:<span style=\"color:windowtext;font-size:15px;font-weight:400;font-style:normal;text-decoration:none;font-family:Calibri, sans-serif;\">&nbsp;Moises Batista da Silva<\/span><span style=\"color:windowtext;font-size:15px;font-weight:700;font-style:normal;text-decoration:none;font-family:Calibri, sans-serif;\"><br>&nbsp;Palestra 1<\/span><span style=\"color:windowtext;font-size:15px;font-weight:400;font-style:normal;text-decoration:none;font-family:Calibri, sans-serif;\">&nbsp;&#8211; Biomarcadores sorol&oacute;gicos anti MCe1A para hansen&iacute;ase &nbsp; &nbsp; &nbsp; &nbsp; &nbsp; &nbsp; &nbsp; &nbsp; &nbsp; &nbsp; &nbsp; &nbsp; &nbsp; &nbsp; &nbsp; &nbsp; &nbsp; &nbsp; &nbsp; &nbsp; &nbsp; &nbsp; &nbsp; &nbsp; &nbsp; &nbsp; &nbsp; &nbsp; &nbsp; &nbsp; &nbsp; &nbsp; &nbsp; &nbsp; &nbsp; &nbsp; &nbsp; &nbsp; &nbsp; &nbsp; &nbsp; &nbsp; &nbsp; &nbsp; &nbsp; &nbsp; &nbsp; &nbsp;<\/span><span style=\"color:windowtext;font-size:15px;font-weight:700;font-style:normal;text-decoration:none;font-family:Calibri, sans-serif;\">Palestrante:&nbsp;<\/span><span style=\"color:windowtext;font-size:15px;font-weight:400;font-style:normal;text-decoration:none;font-family:Calibri, sans-serif;\">Filipe Lima&nbsp;<br>&nbsp;<\/span><span style=\"color:windowtext;font-size:15px;font-weight:700;font-style:normal;text-decoration:none;font-family:Calibri, sans-serif;\">Palestra 2 &#8211;<\/span><span style=\"color:windowtext;font-size:15px;font-weight:400;font-style:normal;text-decoration:none;font-family:Calibri, sans-serif;\">&nbsp;Situa&ccedil;&atilde;o atual do Brasil frente a resist&ecirc;ncia antimicrobiana &agrave; poliquimioterapia na Hansen&iacute;ase &nbsp;&nbsp;<\/span><span style=\"color:windowtext;font-size:15px;font-weight:700;font-style:normal;text-decoration:none;font-family:Calibri, sans-serif;\">Palestrante:&nbsp;<\/span><span style=\"color:windowtext;font-size:15px;font-weight:400;font-style:normal;text-decoration:none;font-family:Calibri, sans-serif;\">Patr&iacute;cia Sammarco Rosa<\/span><span style=\"color:windowtext;font-size:15px;font-weight:700;font-style:normal;text-decoration:none;font-family:Calibri, sans-serif;\"><br>&nbsp;Palestra 3 &#8211;<\/span><span style=\"color:windowtext;font-size:15px;font-weight:400;font-style:normal;text-decoration:none;font-family:Calibri, sans-serif;\">&nbsp;Epidemiologia espacial da hansen&iacute;ase nos Pa&iacute;ses do BRICS+: Avan&ccedil;os na &uacute;ltima d&eacute;cada e estrat&eacute;gias para o controle da doen&ccedil;a &nbsp; &nbsp; &nbsp; &nbsp; &nbsp; &nbsp; &nbsp; &nbsp; &nbsp; &nbsp; &nbsp; &nbsp; &nbsp; &nbsp; &nbsp; &nbsp; &nbsp; &nbsp; &nbsp; &nbsp; &nbsp; &nbsp; &nbsp; &nbsp; &nbsp; &nbsp; &nbsp; &nbsp; &nbsp; &nbsp; &nbsp; &nbsp; &nbsp;<\/span><span style=\"color:windowtext;font-size:15px;font-weight:700;font-style:normal;text-decoration:none;font-family:Calibri, sans-serif;\">Palestrante:&nbsp;<\/span><span style=\"color:windowtext;font-size:15px;font-weight:400;font-style:normal;text-decoration:none;font-family:Calibri, sans-serif;\">Josaf&aacute; Gon&ccedil;alves Barreto<br>&nbsp;<\/span><span style=\"color:windowtext;font-size:15px;font-weight:700;font-style:normal;text-decoration:none;font-family:Calibri, sans-serif;\">Palestra 4&nbsp;<\/span><span style=\"color:windowtext;font-size:15px;font-weight:400;font-style:normal;text-decoration:none;font-family:Calibri, sans-serif;\">&#8211; Podemos falar em erradica&ccedil;&atilde;o da hansen&iacute;ase? &nbsp; &nbsp; &nbsp; &nbsp; &nbsp; &nbsp; &nbsp; &nbsp; &nbsp; &nbsp; &nbsp; &nbsp; &nbsp; &nbsp; &nbsp; &nbsp; &nbsp; &nbsp; &nbsp; &nbsp; &nbsp; &nbsp; &nbsp; &nbsp; &nbsp; &nbsp; &nbsp; &nbsp; &nbsp; &nbsp; &nbsp; &nbsp; &nbsp; &nbsp; &nbsp; &nbsp; &nbsp; &nbsp; &nbsp; &nbsp; &nbsp; &nbsp; &nbsp;&nbsp;<\/span><span style=\"color:windowtext;font-size:15px;font-weight:700;font-style:normal;text-decoration:none;font-family:Calibri, sans-serif;\">Palestrante:<\/span><span style=\"color:windowtext;font-size:15px;font-weight:400;font-style:normal;text-decoration:none;font-family:Calibri, sans-serif;\">&nbsp;Moises Batista da Silva<\/span><\/td>\n            <td style=\"color: windowtext; font-size: 15px; font-weight: 400; font-style: normal; text-decoration: none; font-family: Calibri, sans-serif; text-align: left; vertical-align: middle; border: 1px solid rgb(223, 221, 221); width: 293pt;\"><br><\/td>\n        <\/tr>\n        <tr>\n            <td style=\"color: windowtext; font-size: 15px; font-weight: 700; font-style: normal; text-decoration: none; font-family: Calibri, sans-serif; text-align: center; vertical-align: middle; border: 1px solid rgb(223, 221, 221); height: 15.75pt; width: 12.3709%;\">16:00 &#8211; 16:30<\/td>\n            <td colspan=\"3\" style=\"color: windowtext; font-size: 15px; font-weight: 700; font-style: normal; text-decoration: none; font-family: Calibri, sans-serif; text-align: left; vertical-align: middle; border: 1px solid rgb(223, 221, 221); width: 87.457%;\">Coffee break<\/td>\n        <\/tr>\n        <tr>\n            <td style=\"color: windowtext; font-size: 15px; font-weight: 700; font-style: normal; text-decoration: none; font-family: Calibri, sans-serif; text-align: center; vertical-align: middle; border: 1px solid rgb(223, 221, 221); height: 45pt; width: 12.3709%;\">16:30 &#8211; 17:00<\/td>\n            <td style=\"color: windowtext; font-size: 15px; font-weight: 400; font-style: normal; text-decoration: none; font-family: Calibri, sans-serif; text-align: left; vertical-align: middle; border: 1px solid rgb(223, 221, 221); width: 29.1093%;\"><span style=\"color:windowtext;font-size:15px;font-weight:700;font-style:normal;text-decoration:none;font-family:Calibri, sans-serif;\">Confer&ecirc;ncia &#8211;&nbsp;<\/span><span style=\"color:windowtext;font-size:15px;font-weight:400;font-style:normal;text-decoration:none;font-family:Calibri, sans-serif;\">Plano Brasil Saud&aacute;vel na elimina&ccedil;&atilde;o de hansen&iacute;ase como doen&ccedil;as determinada socialmente &nbsp; &nbsp; &nbsp; &nbsp; &nbsp; &nbsp; &nbsp;&nbsp;<\/span><span style=\"color:windowtext;font-size:15px;font-weight:700;font-style:normal;text-decoration:none;font-family:Calibri, sans-serif;\">Palestrante:<\/span><span style=\"color:windowtext;font-size:15px;font-weight:400;font-style:normal;text-decoration:none;font-family:Calibri, sans-serif;\">&nbsp;Alda Maria da Cruz&nbsp;<\/span><\/td>\n            <td style=\"color: windowtext; font-size: 15px; font-weight: 400; font-style: normal; text-decoration: none; font-family: Calibri, sans-serif; text-align: left; vertical-align: middle; border: 1px solid rgb(223, 221, 221); width: 267pt;\"><br><\/td>\n            <td style=\"color: windowtext; font-size: 15px; font-weight: 400; font-style: normal; text-decoration: none; font-family: Calibri, sans-serif; text-align: left; vertical-align: middle; border: 1px solid rgb(223, 221, 221); width: 293pt;\"><br><\/td>\n        <\/tr>\n        <tr>\n            <td style=\"color: windowtext; font-size: 15px; font-weight: 700; font-style: normal; text-decoration: none; font-family: Calibri, sans-serif; text-align: center; vertical-align: middle; border: 1px solid rgb(223, 221, 221); height: 45pt; width: 12.3709%;\">17:00 &#8211; 18:30<\/td>\n            <td style=\"color: windowtext; font-size: 15px; font-weight: 700; font-style: normal; text-decoration: none; font-family: Calibri, sans-serif; text-align: left; vertical-align: middle; border: 1px solid rgb(223, 221, 221); width: 29.1093%;\">Sess&atilde;o Especial &#8211; Consensos SBH<br>Palestrantes: <span style=\"color:windowtext;font-size:15px;font-weight:400;font-style:normal;text-decoration:none;font-family:Calibri, sans-serif;\">Helena Barbosa Lug&atilde;o, Moises Batista da Silva e Marco Andrey Ciprani Frade<\/span><\/td>\n            <td style=\"color: windowtext; font-size: 16px; font-weight: 400; font-style: normal; text-decoration: none; font-family: Calibri, sans-serif; text-align: left; vertical-align: middle; border: 1px solid rgb(223, 221, 221); width: 267pt;\"><br><\/td>\n            <td style=\"color: windowtext; font-size: 16px; font-weight: 700; font-style: normal; text-decoration: none; font-family: Calibri, sans-serif; text-align: left; vertical-align: middle; border: 1px solid rgb(223, 221, 221); width: 293pt;\"><br><\/td>\n        <\/tr>\n        <tr>\n            <td style=\"color: windowtext; font-size: 15px; font-weight: 700; font-style: normal; text-decoration: none; font-family: Calibri, sans-serif; text-align: center; vertical-align: middle; border: 1px solid rgb(223, 221, 221); height: 15.75pt; width: 12.3709%;\">18:30 &#8211; 20:00<\/td>\n            <td style=\"color: windowtext; font-size: 15px; font-weight: 700; font-style: normal; text-decoration: none; font-family: Calibri, sans-serif; text-align: left; vertical-align: middle; border: 1px solid rgb(223, 221, 221); width: 29.1093%;\">Cerim&ocirc;nia de Encerramento e premia&ccedil;&otilde;es&nbsp;<\/td>\n            <td style=\"color: windowtext; font-size: 16px; font-weight: 700; font-style: normal; text-decoration: none; font-family: Calibri, sans-serif; text-align: left; vertical-align: middle; border: 1px solid rgb(223, 221, 221); width: 267pt;\"><br><\/td>\n            <td style=\"color: windowtext; font-size: 16px; font-weight: 700; font-style: normal; text-decoration: none; font-family: Calibri, sans-serif; text-align: left; vertical-align: middle; border: 1px solid rgb(223, 221, 221); width: 293pt;\"><br><\/td>\n        <\/tr>\n    <\/tbody>\n<\/table><\/div>\n\t\t\t\t\t\t\t<\/div>\n\t\t<\/div>\n\t\t\t\t\t\t<\/div>\n\t\t\t\t<\/div>\n\t\t\t\t\t<\/div>\n\t\t<\/div>\n\t\t\t\t\t<\/div>\n\t\t<\/section>\n\t\t\t\t<section class=\"elementor-section elementor-top-section elementor-element elementor-element-fc0cddf elementor-hidden-desktop elementor-hidden-tablet elementor-hidden-mobile elementor-section-boxed elementor-section-height-default elementor-section-height-default\" data-id=\"fc0cddf\" data-element_type=\"section\" data-e-type=\"section\">\n\t\t\t\t\t\t<div class=\"elementor-container elementor-column-gap-default\">\n\t\t\t\t\t<div class=\"elementor-column elementor-col-100 elementor-top-column elementor-element elementor-element-38c4f14\" data-id=\"38c4f14\" data-element_type=\"column\" data-e-type=\"column\">\n\t\t\t<div class=\"elementor-widget-wrap elementor-element-populated\">\n\t\t\t\t\t\t<div class=\"elementor-element elementor-element-f83b28f elementor-widget elementor-widget-text-editor\" data-id=\"f83b28f\" data-element_type=\"widget\" data-e-type=\"widget\" data-widget_type=\"text-editor.default\">\n\t\t\t\t<div class=\"elementor-widget-container\">\n\t\t\t\t\t\t\t\t\t<iframe id=\"i2397e4c6daa24c7c8a0fbee26a944691\" src=\"https:\/\/web.eventogyn.com.br\/event\/sbh2024\/schedule\" scrolling=\"no\" style=\"border: 0px; max-width: 100%; width: 100%;\"><\/iframe><br\/><script src=\"https:\/\/web.eventogyn.com.br\/node_modules\/iframe-resizer\/js\/iframeResizer.min.js?2.77.4\"><\/script><br\/><script>iFrameResize({ log: true }, \"#i2397e4c6daa24c7c8a0fbee26a944691\")<\/script><br\/>\t\t\t\t\t\t\t\t<\/div>\n\t\t\t\t<\/div>\n\t\t\t\t\t<\/div>\n\t\t<\/div>\n\t\t\t\t\t<\/div>\n\t\t<\/section>\n\t\t\t\t<\/div>\n\t\t","protected":false},"excerpt":{"rendered":"<p>Convite Convite 4\u00aa Reuni\u00e3o da Reuna Hans Brasil no Evento da SBH Baixar Programa\u00e7\u00e3o em PDF Ter\u00e7a-feira, 05 de novembro Quarta-feira, 06 de novembro Quinta-feira, 07 de novembro Sexta-feira, 08 de novembro Ter\u00e7a-feira, 05 de novembro Hor&aacute;rio SALA 1 (Sala Salvador) 09:00 &#8211; 13:00 Curso de Patologia em Hansen&iacute;aseDr. &nbsp;Cleverson Teixeira Soares&nbsp;&nbsp;Instituto Lauro de Souza [&hellip;]<\/p>\n","protected":false},"author":1,"featured_media":0,"parent":0,"menu_order":0,"comment_status":"closed","ping_status":"closed","template":"elementor_header_footer","meta":{"footnotes":""},"class_list":["post-33","page","type-page","status-publish","hentry"],"aioseo_notices":[],"_links":{"self":[{"href":"https:\/\/sbhansenologia.com.br\/2024\/wp-json\/wp\/v2\/pages\/33","targetHints":{"allow":["GET"]}}],"collection":[{"href":"https:\/\/sbhansenologia.com.br\/2024\/wp-json\/wp\/v2\/pages"}],"about":[{"href":"https:\/\/sbhansenologia.com.br\/2024\/wp-json\/wp\/v2\/types\/page"}],"author":[{"embeddable":true,"href":"https:\/\/sbhansenologia.com.br\/2024\/wp-json\/wp\/v2\/users\/1"}],"replies":[{"embeddable":true,"href":"https:\/\/sbhansenologia.com.br\/2024\/wp-json\/wp\/v2\/comments?post=33"}],"version-history":[{"count":398,"href":"https:\/\/sbhansenologia.com.br\/2024\/wp-json\/wp\/v2\/pages\/33\/revisions"}],"predecessor-version":[{"id":2724,"href":"https:\/\/sbhansenologia.com.br\/2024\/wp-json\/wp\/v2\/pages\/33\/revisions\/2724"}],"wp:attachment":[{"href":"https:\/\/sbhansenologia.com.br\/2024\/wp-json\/wp\/v2\/media?parent=33"}],"curies":[{"name":"wp","href":"https:\/\/api.w.org\/{rel}","templated":true}]}}