{"id":37,"date":"2022-09-23T20:42:04","date_gmt":"2022-09-23T20:42:04","guid":{"rendered":"https:\/\/sbhansenologia.com.br\/?page_id=37"},"modified":"2024-11-26T15:48:08","modified_gmt":"2024-11-26T15:48:08","slug":"trabalhos","status":"publish","type":"page","link":"https:\/\/sbhansenologia.com.br\/2024\/trabalhos\/","title":{"rendered":"Trabalhos Cient\u00edficos"},"content":{"rendered":"\t\t<div data-elementor-type=\"wp-page\" data-elementor-id=\"37\" class=\"elementor elementor-37\" data-elementor-post-type=\"page\">\n\t\t\t\t\t\t<section class=\"elementor-section elementor-top-section elementor-element elementor-element-5b5fcd18 elementor-section-height-min-height elementor-section-boxed elementor-section-height-default elementor-section-items-middle\" data-id=\"5b5fcd18\" data-element_type=\"section\" data-e-type=\"section\" data-settings=\"{&quot;background_background&quot;:&quot;classic&quot;}\">\n\t\t\t\t\t\t\t<div class=\"elementor-background-overlay\"><\/div>\n\t\t\t\t\t\t\t<div class=\"elementor-container elementor-column-gap-default\">\n\t\t\t\t\t<div class=\"elementor-column elementor-col-100 elementor-top-column elementor-element elementor-element-60a5f548\" data-id=\"60a5f548\" data-element_type=\"column\" data-e-type=\"column\">\n\t\t\t<div class=\"elementor-widget-wrap elementor-element-populated\">\n\t\t\t\t\t\t\t<\/div>\n\t\t<\/div>\n\t\t\t\t\t<\/div>\n\t\t<\/section>\n\t\t\t\t<section class=\"elementor-section elementor-top-section elementor-element elementor-element-2ba72e97 elementor-section-boxed elementor-section-height-default elementor-section-height-default\" data-id=\"2ba72e97\" data-element_type=\"section\" data-e-type=\"section\">\n\t\t\t\t\t\t<div class=\"elementor-container elementor-column-gap-default\">\n\t\t\t\t\t<div class=\"elementor-column elementor-col-33 elementor-top-column elementor-element elementor-element-4d3496c2\" data-id=\"4d3496c2\" data-element_type=\"column\" data-e-type=\"column\">\n\t\t\t<div class=\"elementor-widget-wrap elementor-element-populated\">\n\t\t\t\t\t\t<div class=\"elementor-element elementor-element-454b43cd elementor-widget elementor-widget-heading\" data-id=\"454b43cd\" data-element_type=\"widget\" data-e-type=\"widget\" data-widget_type=\"heading.default\">\n\t\t\t\t<div class=\"elementor-widget-container\">\n\t\t\t\t\t<h2 class=\"elementor-heading-title elementor-size-default\">15\/09<\/h2>\t\t\t\t<\/div>\n\t\t\t\t<\/div>\n\t\t\t\t<div class=\"elementor-element elementor-element-1bb0db9d elementor-widget elementor-widget-heading\" data-id=\"1bb0db9d\" data-element_type=\"widget\" data-e-type=\"widget\" data-widget_type=\"heading.default\">\n\t\t\t\t<div class=\"elementor-widget-container\">\n\t\t\t\t\t<h2 class=\"elementor-heading-title elementor-size-default\">Limite submiss\u00e3o<\/h2>\t\t\t\t<\/div>\n\t\t\t\t<\/div>\n\t\t\t\t\t<\/div>\n\t\t<\/div>\n\t\t\t\t<div class=\"elementor-column elementor-col-33 elementor-top-column elementor-element elementor-element-3c8dfc88\" data-id=\"3c8dfc88\" data-element_type=\"column\" data-e-type=\"column\">\n\t\t\t<div class=\"elementor-widget-wrap elementor-element-populated\">\n\t\t\t\t\t\t<div class=\"elementor-element elementor-element-223be23e elementor-widget elementor-widget-heading\" data-id=\"223be23e\" data-element_type=\"widget\" data-e-type=\"widget\" data-widget_type=\"heading.default\">\n\t\t\t\t<div class=\"elementor-widget-container\">\n\t\t\t\t\t<h2 class=\"elementor-heading-title elementor-size-default\">20\/09<\/h2>\t\t\t\t<\/div>\n\t\t\t\t<\/div>\n\t\t\t\t<div class=\"elementor-element elementor-element-1cafe573 elementor-widget elementor-widget-heading\" data-id=\"1cafe573\" data-element_type=\"widget\" data-e-type=\"widget\" data-widget_type=\"heading.default\">\n\t\t\t\t<div class=\"elementor-widget-container\">\n\t\t\t\t\t<h2 class=\"elementor-heading-title elementor-size-default\">Publica\u00e7\u00e3o de resultado<\/h2>\t\t\t\t<\/div>\n\t\t\t\t<\/div>\n\t\t\t\t\t<\/div>\n\t\t<\/div>\n\t\t\t\t<div class=\"elementor-column elementor-col-33 elementor-top-column elementor-element elementor-element-5d349dc3\" data-id=\"5d349dc3\" data-element_type=\"column\" data-e-type=\"column\">\n\t\t\t<div class=\"elementor-widget-wrap elementor-element-populated\">\n\t\t\t\t\t\t<div class=\"elementor-element elementor-element-6d0f7b68 elementor-widget elementor-widget-heading\" data-id=\"6d0f7b68\" data-element_type=\"widget\" data-e-type=\"widget\" data-widget_type=\"heading.default\">\n\t\t\t\t<div class=\"elementor-widget-container\">\n\t\t\t\t\t<h2 class=\"elementor-heading-title elementor-size-default\">27\/09<\/h2>\t\t\t\t<\/div>\n\t\t\t\t<\/div>\n\t\t\t\t<div class=\"elementor-element elementor-element-5ea632d0 elementor-widget elementor-widget-heading\" data-id=\"5ea632d0\" data-element_type=\"widget\" data-e-type=\"widget\" data-widget_type=\"heading.default\">\n\t\t\t\t<div class=\"elementor-widget-container\">\n\t\t\t\t\t<h2 class=\"elementor-heading-title elementor-size-default\">Limite pagto. inscri\u00e7\u00e3o<\/h2>\t\t\t\t<\/div>\n\t\t\t\t<\/div>\n\t\t\t\t\t<\/div>\n\t\t<\/div>\n\t\t\t\t\t<\/div>\n\t\t<\/section>\n\t\t\t\t<section class=\"elementor-section elementor-top-section elementor-element elementor-element-5c83f8ce elementor-section-boxed elementor-section-height-default elementor-section-height-default\" data-id=\"5c83f8ce\" data-element_type=\"section\" data-e-type=\"section\">\n\t\t\t\t\t\t<div class=\"elementor-container elementor-column-gap-default\">\n\t\t\t\t\t<div class=\"elementor-column elementor-col-100 elementor-top-column elementor-element elementor-element-de227c6\" data-id=\"de227c6\" data-element_type=\"column\" data-e-type=\"column\">\n\t\t\t<div class=\"elementor-widget-wrap elementor-element-populated\">\n\t\t\t\t\t\t<div class=\"elementor-element elementor-element-78ee7bb6 elementor-widget elementor-widget-accordion\" data-id=\"78ee7bb6\" data-element_type=\"widget\" data-e-type=\"widget\" data-widget_type=\"accordion.default\">\n\t\t\t\t<div class=\"elementor-widget-container\">\n\t\t\t\t\t\t\t<div class=\"elementor-accordion\">\n\t\t\t\t\t\t\t<div class=\"elementor-accordion-item\">\n\t\t\t\t\t<div id=\"elementor-tab-title-2021\" class=\"elementor-tab-title\" data-tab=\"1\" role=\"button\" aria-controls=\"elementor-tab-content-2021\" aria-expanded=\"false\">\n\t\t\t\t\t\t\t\t\t\t\t\t\t<span class=\"elementor-accordion-icon elementor-accordion-icon-left\" aria-hidden=\"true\">\n\t\t\t\t\t\t\t\t\t\t\t\t\t\t\t<span class=\"elementor-accordion-icon-closed\"><i class=\"fas fa-plus\"><\/i><\/span>\n\t\t\t\t\t\t\t\t<span class=\"elementor-accordion-icon-opened\"><i class=\"fas fa-minus\"><\/i><\/span>\n\t\t\t\t\t\t\t\t\t\t\t\t\t\t<\/span>\n\t\t\t\t\t\t\t\t\t\t\t\t<a class=\"elementor-accordion-title\" tabindex=\"0\">Modelos<\/a>\n\t\t\t\t\t<\/div>\n\t\t\t\t\t<div id=\"elementor-tab-content-2021\" class=\"elementor-tab-content elementor-clearfix\" data-tab=\"1\" role=\"region\" aria-labelledby=\"elementor-tab-title-2021\"><p><a style=\"font-family: var( --e-global-typography-text-font-family ), Sans-serif; font-weight: var( --e-global-typography-text-font-weight ); font-size: 1rem; background-color: #ffffff;\" href=\"https:\/\/sbhansenologia.com.br\/2024\/wp-content\/uploads\/2024\/09\/Modelo-resumos-CASO-CLINICO-RELATO-DE-EXPERIENCIA-SBH-2024.docx\" target=\"_blank\" rel=\"noopener\"><span style=\"color: #0000ff;\">Modelo resumos CASO CL\u00cdNICO &#8211; RELATO DE EXPERI\u00caNCIA SBH 2024<\/span><\/a><\/p><p><a style=\"background-color: #ffffff;\" href=\"https:\/\/sbhansenologia.com.br\/2024\/wp-content\/uploads\/2024\/09\/Modelo-resumos-CASO-CLINICO-RELATO-DE-EXPERIENCIA-SBH-2024.docx\" target=\"_blank\" rel=\"noopener\"><span style=\"color: #0000ff;\">Modelo resumos CASO CL\u00cdNICO &#8211; RELATO DE EXPERI\u00caNCIA SBH 2024<\/span><\/a><\/p><hr \/><p><a href=\"https:\/\/sbhansenologia.com.br\/2024\/wp-content\/uploads\/2024\/10\/Apresentacao-padrao-resumos-2024-SBH.pptx\" target=\"_blank\" rel=\"noopener\"><span style=\"color: #0000ff;\">Modelo de apresenta\u00e7\u00e3o de slides<\/span><\/a><\/p><p><span style=\"color: #0000ff;\"><a style=\"color: #0000ff;\" href=\"https:\/\/sbhansenologia.com.br\/2024\/wp-content\/uploads\/2024\/10\/Poster-2024-SBH.pptx\" target=\"_blank\" rel=\"noopener\" data-wplink-edit=\"true\">Modelo de apresenta\u00e7\u00e3o de p\u00f4ster<\/a><\/span><\/p><\/div>\n\t\t\t\t<\/div>\n\t\t\t\t\t\t\t\t<\/div>\n\t\t\t\t\t\t<\/div>\n\t\t\t\t<\/div>\n\t\t\t\t\t<\/div>\n\t\t<\/div>\n\t\t\t\t\t<\/div>\n\t\t<\/section>\n\t\t\t\t<section class=\"elementor-section elementor-top-section elementor-element elementor-element-251fb49 elementor-section-boxed elementor-section-height-default elementor-section-height-default\" data-id=\"251fb49\" data-element_type=\"section\" data-e-type=\"section\">\n\t\t\t\t\t\t<div class=\"elementor-container elementor-column-gap-default\">\n\t\t\t\t\t<div class=\"elementor-column elementor-col-33 elementor-top-column elementor-element elementor-element-35cfa3c\" data-id=\"35cfa3c\" data-element_type=\"column\" data-e-type=\"column\">\n\t\t\t<div class=\"elementor-widget-wrap elementor-element-populated\">\n\t\t\t\t\t\t<div class=\"elementor-element elementor-element-0794213 elementor-align-left elementor-widget elementor-widget-button\" data-id=\"0794213\" data-element_type=\"widget\" data-e-type=\"widget\" data-widget_type=\"button.default\">\n\t\t\t\t<div class=\"elementor-widget-container\">\n\t\t\t\t\t\t\t\t\t<div class=\"elementor-button-wrapper\">\n\t\t\t\t\t<a class=\"elementor-button elementor-button-link elementor-size-md\" href=\"https:\/\/sbhansenologia.com.br\/2024\/wp-content\/uploads\/2024\/11\/Posteres-Site.pdf\" target=\"_blank\">\n\t\t\t\t\t\t<span class=\"elementor-button-content-wrapper\">\n\t\t\t\t\t\t<span class=\"elementor-button-icon\">\n\t\t\t\t<i aria-hidden=\"true\" class=\"far fa-file-alt\"><\/i>\t\t\t<\/span>\n\t\t\t\t\t\t\t\t\t<span class=\"elementor-button-text\">Grade de P\u00f4steres<\/span>\n\t\t\t\t\t<\/span>\n\t\t\t\t\t<\/a>\n\t\t\t\t<\/div>\n\t\t\t\t\t\t\t\t<\/div>\n\t\t\t\t<\/div>\n\t\t\t\t\t<\/div>\n\t\t<\/div>\n\t\t\t\t<div class=\"elementor-column elementor-col-33 elementor-top-column elementor-element elementor-element-4d97ea9\" data-id=\"4d97ea9\" data-element_type=\"column\" data-e-type=\"column\">\n\t\t\t<div class=\"elementor-widget-wrap elementor-element-populated\">\n\t\t\t\t\t\t<div class=\"elementor-element elementor-element-1d913469 elementor-align-left elementor-widget elementor-widget-button\" data-id=\"1d913469\" data-element_type=\"widget\" data-e-type=\"widget\" data-widget_type=\"button.default\">\n\t\t\t\t<div class=\"elementor-widget-container\">\n\t\t\t\t\t\t\t\t\t<div class=\"elementor-button-wrapper\">\n\t\t\t\t\t<a class=\"elementor-button elementor-button-link elementor-size-md\" href=\"https:\/\/sbhansenologia.com.br\/2024\/wp-content\/uploads\/2024\/10\/Programacao-RESUMOS-Congresso-SBH-2024-05.10.2024.pdf\" target=\"_blank\">\n\t\t\t\t\t\t<span class=\"elementor-button-content-wrapper\">\n\t\t\t\t\t\t<span class=\"elementor-button-icon\">\n\t\t\t\t<i aria-hidden=\"true\" class=\"far fa-file-alt\"><\/i>\t\t\t<\/span>\n\t\t\t\t\t\t\t\t\t<span class=\"elementor-button-text\">Grade de Apresenta\u00e7\u00e3o de Trabalhos<\/span>\n\t\t\t\t\t<\/span>\n\t\t\t\t\t<\/a>\n\t\t\t\t<\/div>\n\t\t\t\t\t\t\t\t<\/div>\n\t\t\t\t<\/div>\n\t\t\t\t\t<\/div>\n\t\t<\/div>\n\t\t\t\t<div class=\"elementor-column elementor-col-33 elementor-top-column elementor-element elementor-element-04ec4c2\" data-id=\"04ec4c2\" data-element_type=\"column\" data-e-type=\"column\">\n\t\t\t<div class=\"elementor-widget-wrap elementor-element-populated\">\n\t\t\t\t\t\t<div class=\"elementor-element elementor-element-0903c38 elementor-align-justify elementor-widget elementor-widget-button\" data-id=\"0903c38\" data-element_type=\"widget\" data-e-type=\"widget\" data-widget_type=\"button.default\">\n\t\t\t\t<div class=\"elementor-widget-container\">\n\t\t\t\t\t\t\t\t\t<div class=\"elementor-button-wrapper\">\n\t\t\t\t\t<a class=\"elementor-button elementor-button-link elementor-size-md\" href=\"https:\/\/sbhansenologia.com.br\/2024\/wp-content\/uploads\/2024\/11\/18-CBH-LISTA-TRABALHOS-PREMIADOS.pdf\" target=\"_blank\">\n\t\t\t\t\t\t<span class=\"elementor-button-content-wrapper\">\n\t\t\t\t\t\t<span class=\"elementor-button-icon\">\n\t\t\t\t<i aria-hidden=\"true\" class=\"far fa-file-alt\"><\/i>\t\t\t<\/span>\n\t\t\t\t\t\t\t\t\t<span class=\"elementor-button-text\">Trabalhos Premiados<\/span>\n\t\t\t\t\t<\/span>\n\t\t\t\t\t<\/a>\n\t\t\t\t<\/div>\n\t\t\t\t\t\t\t\t<\/div>\n\t\t\t\t<\/div>\n\t\t\t\t\t<\/div>\n\t\t<\/div>\n\t\t\t\t\t<\/div>\n\t\t<\/section>\n\t\t\t\t<section class=\"elementor-section elementor-top-section elementor-element elementor-element-255f7561 elementor-section-boxed elementor-section-height-default elementor-section-height-default\" data-id=\"255f7561\" data-element_type=\"section\" data-e-type=\"section\">\n\t\t\t\t\t\t<div class=\"elementor-container elementor-column-gap-default\">\n\t\t\t\t\t<div class=\"elementor-column elementor-col-100 elementor-top-column elementor-element elementor-element-17c006c5\" data-id=\"17c006c5\" data-element_type=\"column\" data-e-type=\"column\">\n\t\t\t<div class=\"elementor-widget-wrap elementor-element-populated\">\n\t\t\t\t\t\t<div class=\"elementor-element elementor-element-4356ef2 elementor-widget elementor-widget-text-editor\" data-id=\"4356ef2\" data-element_type=\"widget\" data-e-type=\"widget\" data-widget_type=\"text-editor.default\">\n\t\t\t\t<div class=\"elementor-widget-container\">\n\t\t\t\t\t\t\t\t\t<p><b style=\"color: var( --e-global-color-secondary ); font-family: var( --e-global-typography-text-font-family ), Sans-serif; font-size: 1rem;\">\ud83c\udf89 An\u00fancio Oficial: Lista de Trabalhos Aprovados para o 18\u00b0 Congresso Brasileiro de Hansenologia! \ud83c\udf89<\/b><\/p><p><span style=\"color: var( --e-global-color-secondary ); font-family: var( --e-global-typography-text-font-family ), Sans-serif; font-weight: var( --e-global-typography-text-font-weight ); font-size: 1rem;\">\u00c9 com imenso prazer que anunciamos a aprova\u00e7\u00e3o de <\/span><span style=\"color: var( --e-global-color-secondary ); font-family: var( --e-global-typography-text-font-family ), Sans-serif; font-size: 1rem;\"><b>175 trabalhos<\/b><\/span><span style=\"color: var( --e-global-color-secondary ); font-family: var( --e-global-typography-text-font-family ), Sans-serif; font-weight: var( --e-global-typography-text-font-weight ); font-size: 1rem;\"> que compor\u00e3o o Livro de Resumos do 18\u00b0 Congresso Brasileiro de Hansenologia. Estes resumos ser\u00e3o publicados em uma edi\u00e7\u00e3o especial da renomada revista<\/span><span style=\"color: var( --e-global-color-secondary ); font-family: var( --e-global-typography-text-font-family ), Sans-serif; font-size: 1rem;\"><b> Hansenologia Internacionalis<\/b><\/span><span style=\"color: var( --e-global-color-secondary ); font-family: var( --e-global-typography-text-font-family ), Sans-serif; font-weight: var( --e-global-typography-text-font-weight ); font-size: 1rem;\">, destacando a excel\u00eancia e a relev\u00e2ncia das pesquisas apresentadas.<\/span><\/p><p>Todos os 175 resumos ter\u00e3o os post\u00e8sr publicados em formato de livro digital no site do congresso. Se voc\u00ea \u00e9 um Autor principal, aten\u00e7\u00e3o! Para garantir a inclus\u00e3o do seu trabalho, <a href=\"https:\/\/sbhansenologia.com.br\/2024\/wp-content\/uploads\/2024\/10\/Poster-2024-SBH.pptx\" target=\"_blank\" rel=\"noopener\"><span style=\"color: #0000ff;\">baixe o modelo para o e-p\u00f4ster<\/span><\/a>\u00a0e nos envie o arquivo em formato \u201c.pdf\u201d* at\u00e9 o dia 29 de outubro. <strong>Para enviar, acesse a <a href=\"https:\/\/web.eventogyn.com.br\/event\/sbh2024\/site\/content\/area-do-participante\" target=\"_blank\" rel=\"noopener\"><span style=\"color: #0000ff;\">\u00c1rea do Congressista<\/span><\/a>, clique em Resumos e abra o(s) resumo(s) para enviar arquivo(s).<\/strong><\/p><p>Al\u00e9m disso, a comiss\u00e3o cient\u00edfica realizou uma rigorosa sele\u00e7\u00e3o e os 106 trabalhos melhores avaliados ser\u00e3o apresentados durante o congresso.\u00a0<a href=\"https:\/\/drive.google.com\/file\/d\/1rqjSbh722r_TImTpGsBnDyQAIv-7MosI\/view?usp=sharing\" target=\"_blank\" rel=\"noopener\"><span style=\"color: #0000ff;\">Verifique se o seu trabalho foi selecionado<\/span><\/a>\u00a0e\u00a0<span style=\"color: #0000ff;\"><a style=\"color: #0000ff;\" href=\"https:\/\/docs.google.com\/presentation\/d\/1HPCNktIk_QxjcDDFYDCaism7ogxACcM0\/edit?usp=sharing&amp;ouid=109732634165610349975&amp;rtpof=true&amp;sd=true\" target=\"_blank\" rel=\"noopener\">baixe o modelo de slides<\/a><\/span>\u00a0para preparar sua apresenta\u00e7\u00e3o de 7 minutos. Esta \u00e9 sua chance de destacar sua pesquisa diante de especialistas e ampliar seu networking na \u00e1rea de hansenologia.<\/p><p>Estamos ansiosos para reunir os reunir em um evento repleto de conhecimento, inova\u00e7\u00e3o e colabora\u00e7\u00e3o. Prepare-se para um congresso inesquec\u00edvel, onde suas descobertas ser\u00e3o celebradas e seu impacto na hansenologia reconhecido! Junte-se a n\u00f3s e fa\u00e7a parte deste grande encontro de saberes!outubro<\/p>\t\t\t\t\t\t\t\t<\/div>\n\t\t\t\t<\/div>\n\t\t\t\t\t<\/div>\n\t\t<\/div>\n\t\t\t\t\t<\/div>\n\t\t<\/section>\n\t\t\t\t<section class=\"elementor-section elementor-top-section elementor-element elementor-element-1651f902 elementor-section-content-middle elementor-section-boxed elementor-section-height-default elementor-section-height-default\" data-id=\"1651f902\" data-element_type=\"section\" data-e-type=\"section\">\n\t\t\t\t\t\t<div class=\"elementor-container elementor-column-gap-no\">\n\t\t\t\t\t<div class=\"elementor-column elementor-col-100 elementor-top-column elementor-element elementor-element-5199e640\" data-id=\"5199e640\" data-element_type=\"column\" data-e-type=\"column\">\n\t\t\t<div class=\"elementor-widget-wrap elementor-element-populated\">\n\t\t\t\t\t\t<div class=\"elementor-element elementor-element-43bc9490 elementor-widget elementor-widget-text-editor\" data-id=\"43bc9490\" data-element_type=\"widget\" data-e-type=\"widget\" data-widget_type=\"text-editor.default\">\n\t\t\t\t<div class=\"elementor-widget-container\">\n\t\t\t\t\t\t\t\t\t<p><em style=\"color: #800080; font-family: var( --e-global-typography-text-font-family ), Sans-serif; font-weight: var( --e-global-typography-text-font-weight ); font-size: 1rem;\"><span style=\"text-decoration-line: underline;\"><strong>O prazo para o envio de resumos foi estendido! Agora, voc\u00ea tem at\u00e9 o dia 15 de setembro para submeter o seu trabalho.<\/strong><\/span><\/em><\/p><p>Data limite de envio do trabalho: <strong>30\/08\/24<\/strong><\/p><p>Novo prazo: <strong>15\/09\/24<\/strong><\/p><p>A Comiss\u00e3o Cient\u00edfica determinar\u00e1 o dia e hor\u00e1rio para as apresenta\u00e7\u00f5es orais dos trabalhos aprovados.<\/p><p>Os trabalhos dever\u00e3o ser enviados de acordo com as categorias: TRABALHO DE INVESTIGA\u00c7\u00c3O ou CASO CL\u00cdNICO\/RELATO DE EXPERI\u00caNCIA, distribu\u00eddos para uma das \u00e1reas abaixo:<\/p><ol><li>Biologia Molecular e Gen\u00e9tica<\/li><li>Imunologia<\/li><li>Cl\u00ednica e Terap\u00eautica<\/li><li>Epidemiologia e Controle<\/li><li>Hist\u00f3ria, Direitos Humanos e Ci\u00eancias Sociais<\/li><li>Preven\u00e7\u00e3o de Incapacidades e Reabilita\u00e7\u00e3o<\/li><\/ol><p><strong>\u00a0<\/strong><\/p><p><strong>ATEN\u00c7\u00c3O:<\/strong> \u00c9 imprescind\u00edvel a digita\u00e7\u00e3o correta e completa das informa\u00e7\u00f5es do resumo no ato da inscri\u00e7\u00e3o para emiss\u00e3o do certificado e publica\u00e7\u00e3o do resumo nos Anais do Congresso.\u00a0 Institui\u00e7\u00f5es e nomes dos autores n\u00e3o devem ser abreviados. <strong>Ap\u00f3s a submiss\u00e3o do resumo n\u00e3o ser\u00e3o autorizadas corre\u00e7\u00f5es ou altera\u00e7\u00e3o de dados no trabalho submetido.<\/strong><\/p><p>Cabe ao(s) autor(es) selecionar(em) a \u00e1rea de conhecimento do trabalho. Entretanto, a Comiss\u00e3o Cient\u00edfica poder\u00e1 remanejar o trabalho para outra \u00e1rea, caso julgue mais adequado.<\/p><p>O <strong>apresentador<\/strong> do trabalho n\u00e3o necessariamente precisa ser o autor principal (primeiro autor) e <strong>dever\u00e1 estar inscrito no Congresso at\u00e9 a data limite de envio do trabalho dia <del>30\/08\/24<\/del> 15\/09\/2024. A inscri\u00e7\u00e3o dever\u00e1 estar quitada at\u00e9 o dia 27\/09\/24 para que o trabalho seja apresentado e publicado nos Anais do Congresso que ser\u00e1 posteriormente publicado na <em>Hansenologia Internationalis<\/em>.<\/strong> Os demais autores que quiserem participar do evento dever\u00e3o estar inscritos e pagar a taxa de inscri\u00e7\u00e3o conforme a sua categoria, sendo que n\u00e3o dever\u00e3o reenviar o trabalho.<\/p><p><strong>A rela\u00e7\u00e3o dos trabalhos aprovados estar\u00e1 dispon\u00edvel at\u00e9 20\/09\/24<\/strong>. Ser\u00e1 enviado um e-mail para o autor que submeteu o resumo no sistema com a carta de aceite informando as regras de apresenta\u00e7\u00e3o oral do trabalho.<\/p><p>Todas as notifica\u00e7\u00f5es ser\u00e3o enviadas por e-mail. Fique atento em sua conta web, se ela estiver cadastrada, as mensagens podem ser consideradas SPAM. Solicitamos que os autores fiquem atentos a essas informa\u00e7\u00f5es.<\/p><p>A organiza\u00e7\u00e3o do evento reserva-se o direito de publicar o resumo do trabalho de forma impressa ou eletr\u00f4nica. Todos os trabalhos aceitos ser\u00e3o selecionados e apresentados, ser\u00e3o publicados na revista <em>Hansenologia Internationalis.<\/em><\/p><p><strong><u>\u00a0<\/u><\/strong><\/p><p><b><i>Todos os trabalhos aprovados ser\u00e3o publicados em uma edi\u00e7\u00e3o especial da Hansenologia Internationalis, garantindo uma ampla visibilidade. Al\u00e9m disso, os resumos estar\u00e3o dispon\u00edveis digitalmente no site do congresso, proporcionando acesso abrangente aos avan\u00e7os mais recentes na \u00e1rea. Contudo, a excel\u00eancia ser\u00e1 celebrada atrav\u00e9s da sele\u00e7\u00e3o dos melhores trabalhos submetidos, os quais ser\u00e3o apresentados de forma oral durante as sess\u00f5es especiais do evento, estimulando o compartilhamento de descobertas pioneiras, insights valiosos e inova\u00e7\u00f5es, enriquecendo ainda mais o di\u00e1logo e o interc\u00e2mbio de conhecimento entre os participantes do congresso.<\/i><\/b><\/p><p><strong><u>\u00a0<\/u><\/strong><\/p><p><strong><u>REGRAS PARA ELABORA\u00c7\u00c3O DO RESUMO<\/u><\/strong><\/p><p>Idioma: portugu\u00eas<\/p><p>Tamanho m\u00e1ximo: 500 palavras, exclu\u00eddos o t\u00edtulo, autores, institui\u00e7\u00e3o e palavras-chave.<\/p><p><strong><u>APRESENTA\u00c7\u00c3O DO RESUMO<\/u><\/strong>: A submiss\u00e3o do resumo ser\u00e1 realizada online, ap\u00f3s a conclus\u00e3o da inscri\u00e7\u00e3o. O preenchimento do resumo \u00e9 dividido em etapas: T\u00edtulo e \u00c1rea, Institui\u00e7\u00e3o e Autores. Na etapa final, o autor dever\u00e1 digitar o conte\u00fado do resumo divido em blocos, de acordo com a CATEGORIA DO RESUMO: Trabalho de Investiga\u00e7\u00e3o OU Caso Cl\u00ednico\/Relato de Experi\u00eancia.<\/p><p>O resumo do <strong>TRABALHO DE INVESTIGA\u00c7\u00c3O<\/strong> dever\u00e1 conter:<\/p><p>Introdu\u00e7\u00e3o: breve descri\u00e7\u00e3o do problema a ser estudado.<\/p><p>Objetivos: o que os autores desejam obter com o trabalho.<\/p><p>Metodologia: descrever casu\u00edstica e m\u00e9todos utilizados para coleta e an\u00e1lise dos dados.<\/p><p>Resultados: apresentar os resultados relevantes.<\/p><p>Conclus\u00f5es: devem estar relacionadas aos objetivos e resultados.<\/p><p>O resumo de <strong>CASO CL\u00cdNICO\/RELATO DE EXPERI\u00caNCIA<\/strong> dever\u00e1 conter:<\/p><p>Introdu\u00e7\u00e3o: breve descri\u00e7\u00e3o do problema a ser estudado.<\/p><p>Apresenta\u00e7\u00e3o do Caso\/Relato de Experi\u00eancia: descrever resumidamente os dados mais relevantes do caso\/relato de experi\u00eancia.<\/p><p>Discuss\u00e3o e Conclus\u00e3o: descrever a relev\u00e2ncia do caso\/relato, discutindo os pontos mais importantes.<\/p><p>Coment\u00e1rios Finais: justificativa para apresenta\u00e7\u00e3o.<\/p><p><strong>Palavras-Chave:<\/strong> informar at\u00e9 cinco palavras-chave ap\u00f3s consulta no DECS &#8211; http:\/\/decs.bvs.br\/<\/p><p><strong>Agradecimentos e apoio financeiro<\/strong> n\u00e3o s\u00e3o obrigat\u00f3rios e, se inclusos, devem ser descritos ao final do resumo, ap\u00f3s as palavras-chave.<\/p><p><strong><u>ATEN\u00c7\u00c3O:<\/u><\/strong> O Resumo <strong>N\u00c3O<\/strong> dever\u00e1 conter cita\u00e7\u00f5es bibliogr\u00e1ficas, pensamentos, figuras, tabelas, nem refer\u00eancias bibliogr\u00e1ficas.<\/p><p>Abaixo algumas regras <strong>IMPORTANTES<\/strong> que dever\u00e3o ser consideradas durante a submiss\u00e3o do resumo:<\/p><p><strong>\u00a0<\/strong><\/p><p><strong>CRIT\u00c9RIOS DE SELE\u00c7\u00c3O DOS TRABALHOS<\/strong><\/p><p>Os avaliadores receber\u00e3o os resumos inscritos, sem qualquer identifica\u00e7\u00e3o dos seus autores nem da institui\u00e7\u00e3o onde foi realizado, para que sejam avaliados de forma imparcial.<\/p><p>Os trabalhos ser\u00e3o analisados pela Comiss\u00e3o Cient\u00edfica, com base nos crit\u00e9rios estabelecidos a seguir, conforme um protocolo de avalia\u00e7\u00e3o disponibilizado por meio eletr\u00f4nico para cada avaliador.<\/p><p>A decis\u00e3o sobre o trabalho &#8211; <strong>ACEITO <\/strong>e <strong>N\u00c3O ACEITO<\/strong> &#8211; ser\u00e1 emitida ao trabalho de acordo com a avalia\u00e7\u00e3o dos itens abaixo:<\/p><p><strong>\u00a0<\/strong><\/p><p><strong>TRABALHO DE INVESTIGA\u00c7\u00c3O<\/strong><\/p><p>T\u00edtulo: Reflete o objetivo e conte\u00fado do trabalho?<\/p><p>Introdu\u00e7\u00e3o: Reda\u00e7\u00e3o clara, terminologia adequada, justificando o trabalho?<\/p><p>Objetivos: Definidos de forma clara?<\/p><p>Metodologia: Espec\u00edfica para o alcance dos objetivos estabelecidos?<\/p><p>Resultados: Descrevem os dados mais relevantes da pesquisa?<\/p><p>Conclus\u00f5es: Respondem aos objetivos da pesquisa?<\/p><p>Originalidade e aplicabilidade?<\/p><p><strong>CASO CL\u00cdNICO\/RELATO DE EXPERI\u00caNCIA<\/strong><\/p><p>T\u00edtulo: Reflete o objetivo e conte\u00fado do caso\/relato?<\/p><p>Introdu\u00e7\u00e3o: Reda\u00e7\u00e3o clara, terminologia adequada, justificando a descri\u00e7\u00e3o do caso\/relato?<\/p><p>Apresenta\u00e7\u00e3o do Caso\/Relato de Experi\u00eancia: Descreve resumidamente os dados mais relevantes do caso\/relato de experi\u00eancia?<\/p><p>Discuss\u00e3o e Conclus\u00e3o: Originalidade do caso\/relato, descri\u00e7\u00e3o de diagn\u00f3sticos diferenciais, compara\u00e7\u00e3o com dados da literatura?<\/p><p>Coment\u00e1rios Finais: Justificativa sobre a relev\u00e2ncia para apresenta\u00e7\u00e3o do caso\/relato de experi\u00eancia?<\/p><p><strong>ATEN\u00c7\u00c3O: N\u00e3o ser\u00e3o aceitos resumos que mencionem apenas que os &#8220;resultados ser\u00e3o apresentados&#8221; ou &#8220;os dados ser\u00e3o discutidos&#8221;, bem como resumos que estiverem em desacordo com as orienta\u00e7\u00f5es de formata\u00e7\u00e3o do regulamento.<\/strong><\/p><p><strong>\u00a0<\/strong><\/p><p><span style=\"font-weight: bold;\"><i>Todos os trabalhos aprovados ser\u00e3o publicados em uma edi\u00e7\u00e3o especial da Hansenologia Internationalis, garantindo uma ampla visibilidade. Al\u00e9m disso, os resumos estar\u00e3o dispon\u00edveis digitalmente no site do congresso, proporcionando acesso abrangente aos avan\u00e7os mais recentes na \u00e1rea. Contudo, a excel\u00eancia ser\u00e1 celebrada atrav\u00e9s da sele\u00e7\u00e3o dos melhores trabalhos submetidos, os quais ser\u00e3o apresentados de forma oral durante as sess\u00f5es especiais do evento, estimulando o compartilhamento de descobertas pioneiras, insights valiosos e inova\u00e7\u00f5es, enriquecendo ainda mais o di\u00e1logo e o interc\u00e2mbio de conhecimento entre os participantes do congresso.<\/i><\/span><strong><br \/><\/strong><\/p><p><strong style=\"color: var( --e-global-color-secondary ); font-family: var( --e-global-typography-text-font-family ), Sans-serif; font-size: 1rem;\">\u00a0<\/strong><\/p><p><strong style=\"color: var( --e-global-color-secondary ); font-family: var( --e-global-typography-text-font-family ), Sans-serif; font-size: 1rem;\">PREMIA\u00c7\u00c3O<\/strong><span style=\"color: var( --e-global-color-secondary ); font-family: var( --e-global-typography-text-font-family ), Sans-serif; font-weight: var( --e-global-typography-text-font-weight ); font-size: 1rem;\">: Os tr\u00eas melhores trabalhos, de cada \u00e1rea, receber\u00e3o certificado de primeiro, segundo e terceiro lugar e um voucher para inscri\u00e7\u00e3o no pr\u00f3ximo congresso da SBH.<\/span><\/p>\t\t\t\t\t\t\t\t<\/div>\n\t\t\t\t<\/div>\n\t\t\t\t<div class=\"elementor-element elementor-element-2b7c5a9 elementor-tabs-alignment-stretch elementor-tabs-view-horizontal elementor-widget elementor-widget-tabs\" data-id=\"2b7c5a9\" data-element_type=\"widget\" data-e-type=\"widget\" data-widget_type=\"tabs.default\">\n\t\t\t\t<div class=\"elementor-widget-container\">\n\t\t\t\t\t\t\t<div class=\"elementor-tabs\">\n\t\t\t<div class=\"elementor-tabs-wrapper\" role=\"tablist\" >\n\t\t\t\t\t\t\t\t\t<div id=\"elementor-tab-title-4551\" class=\"elementor-tab-title elementor-tab-desktop-title\" aria-selected=\"true\" data-tab=\"1\" role=\"tab\" tabindex=\"0\" aria-controls=\"elementor-tab-content-4551\" aria-expanded=\"false\">Ter\u00e7a-feira, 05 de novembro<\/div>\n\t\t\t\t\t\t\t\t\t<div id=\"elementor-tab-title-4552\" class=\"elementor-tab-title elementor-tab-desktop-title\" aria-selected=\"false\" data-tab=\"2\" role=\"tab\" tabindex=\"-1\" aria-controls=\"elementor-tab-content-4552\" aria-expanded=\"false\">Quarta-feira, 06 de novembro<\/div>\n\t\t\t\t\t\t\t\t\t<div id=\"elementor-tab-title-4553\" class=\"elementor-tab-title elementor-tab-desktop-title\" aria-selected=\"false\" data-tab=\"3\" role=\"tab\" tabindex=\"-1\" aria-controls=\"elementor-tab-content-4553\" aria-expanded=\"false\">Quinta-feira, 07 de novembro<\/div>\n\t\t\t\t\t\t\t\t\t<div id=\"elementor-tab-title-4554\" class=\"elementor-tab-title elementor-tab-desktop-title\" aria-selected=\"false\" data-tab=\"4\" role=\"tab\" tabindex=\"-1\" aria-controls=\"elementor-tab-content-4554\" aria-expanded=\"false\">Sexta-feira, 08 de novembro<\/div>\n\t\t\t\t\t\t\t<\/div>\n\t\t\t<div class=\"elementor-tabs-content-wrapper\" role=\"tablist\" aria-orientation=\"vertical\">\n\t\t\t\t\t\t\t\t\t<div class=\"elementor-tab-title elementor-tab-mobile-title\" aria-selected=\"true\" data-tab=\"1\" role=\"tab\" tabindex=\"0\" aria-controls=\"elementor-tab-content-4551\" aria-expanded=\"false\">Ter\u00e7a-feira, 05 de novembro<\/div>\n\t\t\t\t\t<div id=\"elementor-tab-content-4551\" class=\"elementor-tab-content elementor-clearfix\" data-tab=\"1\" role=\"tabpanel\" aria-labelledby=\"elementor-tab-title-4551\" tabindex=\"0\" hidden=\"false\"><table style=\"border: 1px solid rgb(217, 217, 217); border-collapse: collapse; width: 100%;\">\n    <tbody>\n        <tr>\n            <td style=\"color: windowtext; font-size: 15px; font-weight: 700; font-style: normal; text-decoration: none; font-family: Calibri, sans-serif; text-align: center; vertical-align: middle; border: 1px solid rgb(217, 217, 217); height: 24.95pt; width: 16.2973%;\">Hor&aacute;rio<\/td>\n            <td style=\"color: windowtext; font-size: 15px; font-weight: 700; font-style: normal; text-decoration: none; font-family: Calibri, sans-serif; text-align: center; vertical-align: middle; border: 1px solid rgb(217, 217, 217); width: 83.5306%;\">SALA 3<\/td>\n        <\/tr>\n        <tr>\n            <td style=\"color: windowtext; font-size: 15px; font-weight: 700; font-style: normal; text-decoration: none; font-family: Calibri, sans-serif; text-align: center; vertical-align: middle; border: 1px solid rgb(217, 217, 217); height: 45pt; width: 16.2973%;\">09:00 &#8211; 13:00<\/td>\n            <td style=\"color: windowtext; font-size: 15px; font-weight: 700; font-style: normal; text-decoration: none; font-family: Calibri, sans-serif; text-align: center; vertical-align: middle; border: 1px solid rgb(217, 217, 217); width: 83.5306%;\">Curso de Patologia em Hansen&iacute;ase<br><span style=\"color:windowtext;font-size:15px;font-weight:400;font-style:normal;text-decoration:none;font-family:Calibri, sans-serif;\">Dr. &nbsp;Cleverson Teixeira Soares&nbsp;<br>&nbsp;Instituto Lauro de Souza Lima &#8211; ILSL<\/span><\/td>\n        <\/tr>\n        <tr>\n            <td style=\"color: windowtext; font-size: 15px; font-weight: 700; font-style: normal; text-decoration: none; font-family: Calibri, sans-serif; text-align: center; vertical-align: middle; border: 1px solid rgb(217, 217, 217); height: 27pt; width: 16.2973%;\">13:00 &#8211; 14:00<\/td>\n            <td style=\"color: windowtext; font-size: 15px; font-weight: 700; font-style: normal; text-decoration: none; font-family: Calibri, sans-serif; text-align: center; vertical-align: middle; border: 1px solid rgb(217, 217, 217); width: 83.5306%;\">INTERVALO<\/td>\n        <\/tr>\n        <tr>\n            <td style=\"color: windowtext; font-size: 15px; font-weight: 700; font-style: normal; text-decoration: none; font-family: Calibri, sans-serif; text-align: center; vertical-align: middle; border: 1px solid rgb(217, 217, 217); height: 45pt; width: 16.2973%;\">14:00 &#8211; 18:00<\/td>\n            <td style=\"color: windowtext; font-size: 15px; font-weight: 700; font-style: normal; text-decoration: none; font-family: Calibri, sans-serif; text-align: center; vertical-align: middle; border: 1px solid rgb(217, 217, 217); width: 83.5306%;\">Curso de Patologia em Hansen&iacute;ase<br><span style=\"color:windowtext;font-size:15px;font-weight:400;font-style:normal;text-decoration:none;font-family:Calibri, sans-serif;\">Dr. &nbsp;Cleverson Teixeira Soares&nbsp;<br>&nbsp;Instituto Lauro de Souza Lima &#8211; ILSL<\/span><\/td>\n        <\/tr>\n    <\/tbody>\n<\/table><\/div>\n\t\t\t\t\t\t\t\t\t<div class=\"elementor-tab-title elementor-tab-mobile-title\" aria-selected=\"false\" data-tab=\"2\" role=\"tab\" tabindex=\"-1\" aria-controls=\"elementor-tab-content-4552\" aria-expanded=\"false\">Quarta-feira, 06 de novembro<\/div>\n\t\t\t\t\t<div id=\"elementor-tab-content-4552\" class=\"elementor-tab-content elementor-clearfix\" data-tab=\"2\" role=\"tabpanel\" aria-labelledby=\"elementor-tab-title-4552\" tabindex=\"0\" hidden=\"hidden\"><table style=\"border: 1px solid #d1d1d1; border-collapse: collapse; width: 100%;\"><tbody><tr><td style=\"color: windowtext; font-size: 15px; font-weight: bold; font-style: normal; text-decoration: none; font-family: Calibri, sans-serif; text-align: center; vertical-align: middle; border: 1px solid #d1d1d1; height: 24.95pt; width: 101pt;\">Hor\u00e1rio<\/td><td style=\"color: windowtext; font-size: 15px; font-weight: bold; font-style: normal; text-decoration: none; font-family: Calibri, sans-serif; text-align: center; vertical-align: middle; border: 1px solid #d1d1d1; width: 317pt;\">SALA 1<\/td><td style=\"color: windowtext; font-size: 15px; font-weight: bold; font-style: normal; text-decoration: none; font-family: Calibri, sans-serif; text-align: center; vertical-align: middle; border: 1px solid #d1d1d1; width: 308pt;\">SALA 2<\/td><td style=\"color: windowtext; font-size: 15px; font-weight: bold; font-style: normal; text-decoration: none; font-family: Calibri, sans-serif; text-align: center; vertical-align: middle; border: 1px solid #d1d1d1; width: 308pt;\">SALA 3<\/td><\/tr><tr><td style=\"color: windowtext; font-size: 15px; font-weight: bold; font-style: normal; text-decoration: none; font-family: Calibri, sans-serif; text-align: center; vertical-align: middle; border: 1px solid #d1d1d1; height: 68.1pt;\">8:00 &#8211; 12:00<\/td><td style=\"color: windowtext; font-size: 15px; font-weight: bold; font-style: normal; text-decoration: none; font-family: Calibri, sans-serif; text-align: center; vertical-align: middle; border: 1px solid #d1d1d1; width: 317pt;\">Curso &#8211; Avalia\u00e7\u00e3o Cl\u00ednica Neurodermatol\u00f3gica<br \/><span style=\"color: windowtext; font-size: 15px; font-weight: 400; font-style: normal; text-decoration: none; font-family: Calibri, sans-serif;\">Dr. Marco Andrey Cipriani Frade<br \/>\u00a0Dr. Claudio Guedes Salgado<\/span><\/td><td style=\"color: black; font-size: 15px; font-weight: bold; font-style: normal; text-decoration: none; font-family: Calibri, sans-serif; text-align: center; vertical-align: middle; border: 1px solid #d1d1d1; width: 308pt;\">Hansen\u00edase para Agentes Comunit\u00e1rios de Sa\u00fade<br \/><span style=\"color: black; font-size: 15px; font-weight: 400; font-style: normal; text-decoration: none; font-family: Calibri, sans-serif;\">Dr. Josaf\u00e1 Gon\u00e7alves Barreto (LabEE\/UFPA)<\/span><span style=\"color: black; font-size: 15px; font-weight: bold; font-style: normal; text-decoration: none; font-family: Calibri, sans-serif;\"><br \/>\u00a0<\/span><span style=\"color: black; font-size: 15px; font-weight: 400; font-style: normal; text-decoration: none; font-family: Calibri, sans-serif;\">Dra. Claudia Lincoln (SMS-Tamba\u00fa-SP)<\/span><\/td><td style=\"color: black; font-size: 15px; font-weight: 400; font-style: normal; text-decoration: none; font-family: Calibri, sans-serif; text-align: center; vertical-align: middle; border: 1px solid #d1d1d1; width: 308pt;\"><span style=\"color: black; font-size: 15px; font-weight: bold; font-style: normal; text-decoration: none; font-family: Calibri, sans-serif;\">Exame de Sufici\u00eancia para a obten\u00e7\u00e3o do Certificado de \u00c1rea de Atua\u00e7\u00e3o em Hansenologia<\/span><span style=\"color: black; font-size: 15px; font-weight: 400; font-style: normal; text-decoration: none; font-family: Calibri, sans-serif;\"><br \/>\u00a0Dr. Francisco Almeida<br \/>\u00a0Prova te\u00f3rica<\/span><\/td><\/tr><tr><td style=\"color: windowtext; font-size: 15px; font-weight: bold; font-style: normal; text-decoration: none; font-family: Calibri, sans-serif; text-align: center; vertical-align: middle; border: 1px solid #d1d1d1; height: 68.1pt;\">13:00 &#8211; 14:00<\/td><td style=\"color: windowtext; font-size: 15px; font-weight: 400; font-style: normal; text-decoration: none; font-family: Calibri, sans-serif; text-align: center; vertical-align: middle; border: 1px solid #d1d1d1;\">\u00a0<\/td><td style=\"color: black; font-size: 15px; font-weight: bold; font-style: normal; text-decoration: none; font-family: Calibri, sans-serif; text-align: center; vertical-align: middle; border: 1px solid #d1d1d1; width: 308pt;\">\u00a0<\/td><td style=\"color: black; font-size: 15px; font-weight: 400; font-style: normal; text-decoration: none; font-family: Calibri, sans-serif; text-align: center; vertical-align: middle; border: 1px solid #d1d1d1; width: 308pt;\">\u00a0<\/td><\/tr><tr><td style=\"color: windowtext; font-size: 15px; font-weight: bold; font-style: normal; text-decoration: none; font-family: Calibri, sans-serif; text-align: center; vertical-align: middle; border: 1px solid #d1d1d1; height: 68.1pt;\">14:00 &#8211; 16:00<\/td><td style=\"color: black; font-size: 15px; font-weight: bold; font-style: normal; text-decoration: none; font-family: Calibri, sans-serif; text-align: center; vertical-align: middle; border: 1px solid #d1d1d1; width: 317pt;\">&#8220;AVALIA\u00c7\u00c3O DE TRABALHOS ORAIS Vigil\u00e2ncia de contatos, predi\u00e7\u00e3o de risco e aten\u00e7\u00e3o a sa\u00fade das pessoas atingidas pela hansen\u00edase<br \/><strong>Katiuscia Rodrigues (SMS\/Governador Valadares e UFJF\/MG)<\/strong><br \/><strong>Magda Levantesi (MS)<\/strong><\/td><td style=\"color: windowtext; font-size: 15px; font-weight: bold; font-style: normal; text-decoration: none; font-family: Calibri, sans-serif; text-align: center; vertical-align: middle; border: 1px solid #d1d1d1; width: 308pt;\">AVALIA\u00c7\u00c3O DE TRABALHOS ORAIS Preven\u00e7\u00e3o de Incapacidades e Reabilita\u00e7\u00e3o (PIR) <br \/>Thania Loiola Cordeiro Abi Rached (FMRP-USP e CRNDS-Hansen)<br \/>Teresinha Filha (URE-MC, Marituba, Par\u00e1)<\/td><td style=\"color: black; font-size: 15px; font-weight: bold; font-style: normal; text-decoration: none; font-family: Calibri, sans-serif; text-align: center; vertical-align: middle; border: 1px solid #d1d1d1; width: 308pt;\">AVALIA\u00c7\u00c3O DE TRABALHOS ORAIS Hist\u00f3ria, Ci\u00eancias Sociais e Educa\u00e7\u00e3o em Sa\u00fade <br \/>Thiago Flores (MORHAN\/MG)<br \/>Yara Nogueira Monteiro (FPCH e LEER\/Universidade de S\u00e3o Paulo)<\/td><\/tr><tr><td style=\"color: windowtext; font-size: 15px; font-weight: bold; font-style: normal; text-decoration: none; font-family: Calibri, sans-serif; text-align: center; vertical-align: middle; border: 1px solid #d1d1d1; height: 24.95pt;\">16:00 &#8211; 16:30<\/td><td style=\"color: windowtext; font-size: 15px; font-weight: bold; font-style: normal; text-decoration: none; font-family: Calibri, sans-serif; text-align: center; vertical-align: middle; border: 1px solid #d1d1d1;\" colspan=\"3\">INTERVALO \u00a0(CAF\u00c9)<\/td><\/tr><tr><td style=\"color: windowtext; font-size: 15px; font-weight: bold; font-style: normal; text-decoration: none; font-family: Calibri, sans-serif; text-align: center; vertical-align: middle; border: 1px solid #d1d1d1; height: 57pt; width: 101pt;\">16:30 &#8211; 20:00<\/td><td style=\"color: windowtext; font-size: 15px; font-weight: bold; font-style: normal; text-decoration: none; font-family: Calibri, sans-serif; text-align: center; vertical-align: middle; border: 1px solid #d1d1d1; width: 317pt;\">AVALIA\u00c7\u00c3O DE TRABALHOS ORAIS CL\u00cdNICA Marilda Abreu, Maria Angela, Jaci Santana<\/td><td style=\"color: windowtext; font-size: 15px; font-weight: bold; font-style: normal; text-decoration: none; font-family: Calibri, sans-serif; text-align: center; vertical-align: middle; border: 1px solid #d1d1d1; width: 308pt;\">AVALIA\u00c7\u00c3O DE TRABALHOS ORAIS &#8211; GEN\u00c9TICA E IMUNOLOGIA Mois\u00e9s Silva, Pablo Pinto, Patr\u00edcia Rosa<\/td><td style=\"color: windowtext; font-size: 15px; font-weight: bold; font-style: normal; text-decoration: none; font-family: Calibri, sans-serif; text-align: center; vertical-align: middle; border: 1px solid #d1d1d1; width: 308pt;\">AVALIA\u00c7\u00c3O DE TRABALHOS ORAIS<\/td><\/tr><tr><td style=\"color: windowtext; font-size: 15px; font-weight: bold; font-style: normal; text-decoration: none; font-family: Calibri, sans-serif; text-align: center; vertical-align: middle; border: 1px solid #d1d1d1; height: 33pt; width: 101pt;\">20:00 &#8211; 21:00<\/td><td style=\"color: windowtext; font-size: 15px; font-weight: bold; font-style: normal; text-decoration: none; font-family: Calibri, sans-serif; text-align: center; vertical-align: middle; border: 1px solid #d1d1d1; width: 317pt;\">\u00a0<\/td><td style=\"color: windowtext; font-size: 15px; font-weight: 400; font-style: normal; text-decoration: none; font-family: Calibri, sans-serif; text-align: center; vertical-align: middle; border: 1px solid #d1d1d1; width: 308pt;\">\u00a0<\/td><td style=\"color: windowtext; font-size: 15px; font-weight: bold; font-style: normal; text-decoration: none; font-family: Calibri, sans-serif; text-align: center; vertical-align: middle; border: 1px solid #d1d1d1; width: 308pt;\">\u00a0<\/td><\/tr><\/tbody><\/table><\/div>\n\t\t\t\t\t\t\t\t\t<div class=\"elementor-tab-title elementor-tab-mobile-title\" aria-selected=\"false\" data-tab=\"3\" role=\"tab\" tabindex=\"-1\" aria-controls=\"elementor-tab-content-4553\" aria-expanded=\"false\">Quinta-feira, 07 de novembro<\/div>\n\t\t\t\t\t<div id=\"elementor-tab-content-4553\" class=\"elementor-tab-content elementor-clearfix\" data-tab=\"3\" role=\"tabpanel\" aria-labelledby=\"elementor-tab-title-4553\" tabindex=\"0\" hidden=\"hidden\"><table width=\"1319\"><tbody><tr><td width=\"84\">Hor\u00e1rio<\/td><td width=\"415\">SALA 1<\/td><td width=\"410\">SALA 2<\/td><td width=\"410\">SALA 3<\/td><\/tr><tr><td width=\"84\">08:00 &#8211; 12:00<\/td><td style=\"text-align: center;\" width=\"415\">CURSO<br \/>Ultrassonografia de nervos perif\u00e9ricos no diagn\u00f3stico e acompanhamento de casos de Hansen\u00edase e avalia\u00e7\u00e3o de contatos<br \/>Dr. Marco Andrey Cipriani Frade (FMRP-USP)\u00a0 Glauber Voltan\u00a0 Maria Fernanda Prado<\/td><td style=\"text-align: center;\" width=\"410\">A\u00e7\u00f5es sociais, educacionais e de integra\u00e7\u00e3o civil das pessoas atingidas pela hansen\u00edase<br \/>MORHAN (Faustino Pinto\/ REUNAHANS &#8211; Clodis\u00a0 \/Funda\u00e7\u00e3o Paulista contra a Hansen\u00edase Marli Penteado<\/td><td style=\"text-align: center;\" width=\"410\">Exame de Sufici\u00eancia para a obten\u00e7\u00e3o do Certificado de \u00c1rea de Atua\u00e7\u00e3o em Hansenologia<br \/>Dr. Francisco Almeida<br \/>Prova Pr\u00e1tica<\/td><\/tr><tr><td width=\"84\">12:00 &#8211; 14:00<\/td><td width=\"415\">\u00a0<\/td><td>Reuni\u00e3o Conselho Deliberativo SBH<\/td><td width=\"410\">\u00a0<\/td><\/tr><tr><td width=\"84\">14:00 &#8211; 16:00<\/td><td width=\"415\">Hansen\u00edase nos pa\u00edses que comp\u00f5e os Brics<br \/>Marco Andrey \/ Dr. Ciro Gomes MS<br \/>Dr.\u00a0 Narasimha Rao, Dr. Sujay Sunita<\/td><td width=\"410\">\u00a0<\/td><td width=\"410\">\u00a0<\/td><\/tr><tr><td>16:00 &#8211; 16:30<\/td><td colspan=\"3\">INTERVALO\u00a0 (CAF\u00c9)<\/td><\/tr><tr><td width=\"84\">16:30 &#8211; 18:30<\/td><td style=\"text-align: center;\" width=\"415\">Desafios Diagn\u00f3sticos na hansen\u00edase<br \/>Dr. Marco Andrey Cipriani Frade<br \/>Dr. Seyna Ueno<\/td><td width=\"410\"><p style=\"text-align: center;\">Diagn\u00f3sticos Diferenciais da neuropatia hans\u00eanica<br \/>Dr. Wilson Marques Jr<br \/>Dr. Francisco Bezerra Cunha (CE)\u00a0 \u00a0 \u00a0 \u00a0 \u00a0 \u00a0 \u00a0 \u00a0 \u00a0 \u00a0 \u00a0 \u00a0 \u00a0 \u00a0 \u00a0 \u00a0 \u00a0 \u00a0 Dr. Diogo\u00a0Fernandes dos Santos<\/p><\/td><td style=\"text-align: center;\" width=\"410\">Minist\u00e9rio da Sa\u00fade<br \/>Dr. Ciro Martins<\/td><\/tr><tr><td width=\"84\">18:30 &#8211; 21:00<\/td><td style=\"text-align: center;\" width=\"415\">Assembl\u00e9ia Geral Ordin\u00e1ria SBH<\/td><td width=\"410\">\u00a0<\/td><td width=\"410\">\u00a0<\/td><\/tr><\/tbody><\/table><\/div>\n\t\t\t\t\t\t\t\t\t<div class=\"elementor-tab-title elementor-tab-mobile-title\" aria-selected=\"false\" data-tab=\"4\" role=\"tab\" tabindex=\"-1\" aria-controls=\"elementor-tab-content-4554\" aria-expanded=\"false\">Sexta-feira, 08 de novembro<\/div>\n\t\t\t\t\t<div id=\"elementor-tab-content-4554\" class=\"elementor-tab-content elementor-clearfix\" data-tab=\"4\" role=\"tabpanel\" aria-labelledby=\"elementor-tab-title-4554\" tabindex=\"0\" hidden=\"hidden\"><table style=\"border: 1px solid #d9d9d9; border-collapse: collapse; width: 100%;\"><tbody><tr><td style=\"color: windowtext; font-size: 15px; font-weight: bold; font-style: normal; text-decoration: none; font-family: Calibri, sans-serif; text-align: center; vertical-align: middle; border: 1px solid #d9d9d9; height: 24.95pt; width: 15.1927%;\">Hor\u00e1rio<\/td><td style=\"color: windowtext; font-size: 15px; font-weight: bold; font-style: normal; text-decoration: none; font-family: Calibri, sans-serif; text-align: center; vertical-align: middle; border: 1px solid #d9d9d9; width: 35.1107%;\">SALA 1<\/td><td style=\"color: windowtext; font-size: 15px; font-weight: bold; font-style: normal; text-decoration: none; font-family: Calibri, sans-serif; text-align: center; vertical-align: middle; border: 1px solid #d9d9d9; width: 27.9961%;\">SALA 2<\/td><td style=\"color: windowtext; font-size: 15px; font-weight: bold; font-style: normal; text-decoration: none; font-family: Calibri, sans-serif; text-align: center; vertical-align: middle; border: 1px solid #d9d9d9; width: 21.5008%;\">SALA 3<\/td><\/tr><tr><td style=\"color: windowtext; font-size: 15px; font-weight: bold; font-style: normal; text-decoration: none; font-family: Calibri, sans-serif; text-align: center; vertical-align: middle; border: 1px solid #d9d9d9; height: 68.25pt; width: 15.1927%;\">08:00 &#8211; 12:00<\/td><td style=\"color: windowtext; font-size: 15px; font-weight: 400; font-style: normal; text-decoration: none; font-family: Calibri, sans-serif; text-align: center; vertical-align: middle; border: 1px solid #d9d9d9; width: 35.1107%;\"><span style=\"color: windowtext; font-size: 15px; font-weight: bold; font-style: normal; text-decoration: none; font-family: Calibri, sans-serif;\">Curso de Especializa\u00e7\u00e3o SBH\/SES\/Escola de Sa\u00fade P\u00fablica-MT<\/span><span style=\"color: windowtext; font-size: 15px; font-weight: 400; font-style: normal; text-decoration: none; font-family: Calibri, sans-serif;\"><br \/>\u00a0Dr. Claudio Salgado<br \/>\u00a0Silvia Thomas<\/span><\/td><td style=\"color: windowtext; font-size: 15px; font-weight: bold; font-style: normal; text-decoration: none; font-family: Calibri, sans-serif; text-align: center; vertical-align: middle; border: 1px solid #d9d9d9; width: 27.9961%;\">\u00a0<\/td><td style=\"color: windowtext; font-size: 15px; font-weight: bold; font-style: normal; text-decoration: none; font-family: Calibri, sans-serif; text-align: center; vertical-align: middle; border: 1px solid #d9d9d9; width: 21.5008%;\">\u00a0<\/td><\/tr><tr><td style=\"color: windowtext; font-size: 15px; font-weight: bold; font-style: normal; text-decoration: none; font-family: Calibri, sans-serif; text-align: center; vertical-align: middle; border: 1px solid #d9d9d9; height: 65.1pt; width: 15.1927%;\">13:00 &#8211; 14:30<\/td><td style=\"color: windowtext; font-size: 15px; font-weight: bold; font-style: normal; text-decoration: none; font-family: Calibri, sans-serif; text-align: center; vertical-align: middle; border: 1px solid #d9d9d9; width: 35.1107%;\">Rea\u00e7oes Hansenicas<br \/><span style=\"color: windowtext; font-size: 15px; font-weight: 400; font-style: normal; text-decoration: none; font-family: Calibri, sans-serif;\">Dra. Isabela Bernardes Goulart<br \/>\u00a0Dra. Jaci Santana<\/span><\/td><td style=\"color: windowtext; font-size: 15px; font-weight: bold; font-style: normal; text-decoration: none; font-family: Calibri, sans-serif; text-align: center; vertical-align: middle; border: 1px solid #d9d9d9; width: 27.9961%;\">Hansen\u00edase: uma doen\u00e7a mascaradora Interface com outras especialidades<br \/><span style=\"color: windowtext; font-size: 15px; font-weight: 400; font-style: normal; text-decoration: none; font-family: Calibri, sans-serif;\">Gaggini \/ Ortopedista Bahia \/ Rita Vidigal<\/span><\/td><td style=\"color: windowtext; font-size: 15px; font-weight: bold; font-style: normal; text-decoration: none; font-family: Calibri, sans-serif; text-align: center; vertical-align: middle; border: 1px solid #d9d9d9; width: 21.5008%;\">Institucionais e Hansen\u00edase TCE\/CRM\/ESP<\/td><\/tr><tr><td style=\"color: windowtext; font-size: 15px; font-weight: bold; font-style: normal; text-decoration: none; font-family: Calibri, sans-serif; text-align: center; vertical-align: middle; border: 1px solid #d9d9d9; height: 109.5pt; width: 15.1927%;\">14:30 &#8211; 16:00<\/td><td style=\"color: windowtext; font-size: 15px; font-weight: bold; font-style: normal; text-decoration: none; font-family: Calibri, sans-serif; text-align: center; vertical-align: middle; border: 1px solid #d9d9d9; width: 35.1107%;\">DISCUSS\u00c3O COM EXPERTS: CASOS CL\u00cdNICOS DOS S\u00d3CIOS<br \/><span style=\"color: windowtext; font-size: 15px; font-weight: 400; font-style: normal; text-decoration: none; font-family: Calibri, sans-serif;\">Maria \u00c2ngela B. Trindade (USP\/SP) e Helena Lug\u00e3o (SMS-RP)<br \/>\u00a0Isabela Bernardes Goulart, Francisco Almeida, Jaci Maria Santana e Marilda Abreu<br \/>\u00a0Envie seu caso pelo formul\u00e1rio eletr\u00f4nico<br \/>\u00a0https:\/\/forms.gle\/6PMmqB4Bm9JmgzJM7<\/span><\/td><td style=\"color: windowtext; font-size: 15px; font-weight: bold; font-style: normal; text-decoration: none; font-family: Calibri, sans-serif; text-align: center; vertical-align: middle; border: 1px solid #d9d9d9; width: 27.9961%;\">Diagn\u00f3stico Laboratorial da Hansen\u00edase<br \/><span style=\"color: windowtext; font-size: 15px; font-weight: 400; font-style: normal; text-decoration: none; font-family: Calibri, sans-serif;\">Dr. Filipe Lima<br \/>\u00a0Dra. Patr\u00edcia Rosa<\/span><\/td><td style=\"color: black; font-size: 15px; font-weight: bold; font-style: normal; text-decoration: none; font-family: Calibri, sans-serif; text-align: center; vertical-align: middle; border: 1px solid #d9d9d9; width: 21.5008%;\">Desafios terap\u00eauticos na hansen\u00edase<br \/><strong>Dra. Isabela Maria Bernardes Goulart (UFU\/MG) <\/strong><br \/><strong>Dr. Francisco Almeida<\/strong><\/td><\/tr><tr><td style=\"color: windowtext; font-size: 15px; font-weight: bold; font-style: normal; text-decoration: none; font-family: Calibri, sans-serif; text-align: center; vertical-align: middle; border: 1px solid #d9d9d9; height: 24.95pt; width: 15.1927%;\">16:00 &#8211; 16:30<\/td><td style=\"color: black; font-size: 15px; font-weight: bold; font-style: normal; text-decoration: none; font-family: Calibri, sans-serif; text-align: center; vertical-align: middle; border: 1px solid #d9d9d9; width: 84.6455%;\" colspan=\"3\">INTERVALO \u00a0(CAF\u00c9)<\/td><\/tr><tr><td style=\"color: windowtext; font-size: 15px; font-weight: bold; font-style: normal; text-decoration: none; font-family: Calibri, sans-serif; text-align: center; vertical-align: middle; border: 1px solid #d9d9d9; height: 65.1pt; width: 15.1927%;\">16:30 &#8211; 18:30<\/td><td style=\"color: windowtext; font-size: 15px; font-weight: bold; font-style: normal; text-decoration: none; font-family: Calibri, sans-serif; text-align: center; vertical-align: middle; border: 1px solid #d9d9d9; width: 35.1107%;\">Sess\u00e3o Especial<br \/><span style=\"color: windowtext; font-size: 15px; font-weight: 400; font-style: normal; text-decoration: none; font-family: Calibri, sans-serif;\">Consensos SBH<\/span><\/td><td style=\"color: windowtext; font-size: 15px; font-weight: 400; font-style: normal; text-decoration: none; font-family: Calibri, sans-serif; text-align: center; vertical-align: middle; border: 1px solid #d9d9d9; width: 27.9961%;\">\u00a0<\/td><td style=\"color: windowtext; font-size: 15px; font-weight: bold; font-style: normal; text-decoration: none; font-family: Calibri, sans-serif; text-align: center; vertical-align: middle; border: 1px solid #d9d9d9; width: 21.5008%;\">\u00a0<\/td><\/tr><tr><td style=\"color: windowtext; font-size: 15px; font-weight: bold; font-style: normal; text-decoration: none; font-family: Calibri, sans-serif; text-align: center; vertical-align: middle; border: 1px solid #d9d9d9; height: 47.25pt; width: 15.1927%;\">18:30 &#8211; 20:00<\/td><td style=\"color: black; font-size: 15px; font-weight: bold; font-style: normal; text-decoration: none; font-family: Calibri, sans-serif; text-align: center; vertical-align: middle; border: 1px solid #d9d9d9; width: 35.1107%;\">CERIM\u00d4NIA DE ENCERRAMENTO E PREMIA\u00c7\u00c3O DE TRABALHOS<\/td><td style=\"color: black; font-size: 15px; font-weight: bold; font-style: normal; text-decoration: none; font-family: Calibri, sans-serif; text-align: center; vertical-align: middle; border: 1px solid #d9d9d9; width: 27.9961%;\">\u00a0<\/td><td style=\"color: black; font-size: 15px; font-weight: bold; font-style: normal; text-decoration: none; font-family: Calibri, sans-serif; text-align: center; vertical-align: middle; border: 1px solid #d9d9d9; width: 21.5008%;\">\u00a0<\/td><\/tr><\/tbody><\/table><\/div>\n\t\t\t\t\t\t\t<\/div>\n\t\t<\/div>\n\t\t\t\t\t\t<\/div>\n\t\t\t\t<\/div>\n\t\t\t\t<div class=\"elementor-element elementor-element-c38c1bd elementor-tabs-alignment-stretch elementor-tabs-view-horizontal elementor-widget elementor-widget-tabs\" data-id=\"c38c1bd\" data-element_type=\"widget\" data-e-type=\"widget\" data-widget_type=\"tabs.default\">\n\t\t\t\t<div class=\"elementor-widget-container\">\n\t\t\t\t\t\t\t<div class=\"elementor-tabs\">\n\t\t\t<div class=\"elementor-tabs-wrapper\" role=\"tablist\" >\n\t\t\t\t\t\t\t\t\t<div id=\"elementor-tab-title-2051\" class=\"elementor-tab-title elementor-tab-desktop-title\" aria-selected=\"true\" data-tab=\"1\" role=\"tab\" tabindex=\"0\" aria-controls=\"elementor-tab-content-2051\" aria-expanded=\"false\">Ter\u00e7a-feira, 05 de novembro<\/div>\n\t\t\t\t\t\t\t\t\t<div id=\"elementor-tab-title-2052\" class=\"elementor-tab-title elementor-tab-desktop-title\" aria-selected=\"false\" data-tab=\"2\" role=\"tab\" tabindex=\"-1\" aria-controls=\"elementor-tab-content-2052\" aria-expanded=\"false\">Quarta-feira, 06 de novembro<\/div>\n\t\t\t\t\t\t\t\t\t<div id=\"elementor-tab-title-2053\" class=\"elementor-tab-title elementor-tab-desktop-title\" aria-selected=\"false\" data-tab=\"3\" role=\"tab\" tabindex=\"-1\" aria-controls=\"elementor-tab-content-2053\" aria-expanded=\"false\">Quinta-feira, 07 de novembro<\/div>\n\t\t\t\t\t\t\t\t\t<div id=\"elementor-tab-title-2054\" class=\"elementor-tab-title elementor-tab-desktop-title\" aria-selected=\"false\" data-tab=\"4\" role=\"tab\" tabindex=\"-1\" aria-controls=\"elementor-tab-content-2054\" aria-expanded=\"false\">Sexta-feira, 08 de novembro<\/div>\n\t\t\t\t\t\t\t<\/div>\n\t\t\t<div class=\"elementor-tabs-content-wrapper\" role=\"tablist\" aria-orientation=\"vertical\">\n\t\t\t\t\t\t\t\t\t<div class=\"elementor-tab-title elementor-tab-mobile-title\" aria-selected=\"true\" data-tab=\"1\" role=\"tab\" tabindex=\"0\" aria-controls=\"elementor-tab-content-2051\" aria-expanded=\"false\">Ter\u00e7a-feira, 05 de novembro<\/div>\n\t\t\t\t\t<div id=\"elementor-tab-content-2051\" class=\"elementor-tab-content elementor-clearfix\" data-tab=\"1\" role=\"tabpanel\" aria-labelledby=\"elementor-tab-title-2051\" tabindex=\"0\" hidden=\"false\"><table style=\"border: 1px solid rgb(217, 217, 217); border-collapse: collapse; width: 100%;\">\n    <tbody>\n        <tr>\n            <td style=\"color: windowtext; font-size: 15px; font-weight: 700; font-style: normal; text-decoration: none; font-family: Calibri, sans-serif; text-align: center; vertical-align: middle; border: 1px solid rgb(217, 217, 217); height: 24.95pt; width: 16.2973%;\">Hor&aacute;rio<\/td>\n            <td style=\"color: windowtext; font-size: 15px; font-weight: 700; font-style: normal; text-decoration: none; font-family: Calibri, sans-serif; text-align: center; vertical-align: middle; border: 1px solid rgb(217, 217, 217); width: 83.5306%;\">SALA 3<\/td>\n        <\/tr>\n        <tr>\n            <td style=\"color: windowtext; font-size: 15px; font-weight: 700; font-style: normal; text-decoration: none; font-family: Calibri, sans-serif; text-align: center; vertical-align: middle; border: 1px solid rgb(217, 217, 217); height: 45pt; width: 16.2973%;\">09:00 &#8211; 13:00<\/td>\n            <td style=\"color: windowtext; font-size: 15px; font-weight: 700; font-style: normal; text-decoration: none; font-family: Calibri, sans-serif; text-align: center; vertical-align: middle; border: 1px solid rgb(217, 217, 217); width: 83.5306%;\">Curso de Patologia em Hansen&iacute;ase<br><span style=\"color:windowtext;font-size:15px;font-weight:400;font-style:normal;text-decoration:none;font-family:Calibri, sans-serif;\">Dr. &nbsp;Cleverson Teixeira Soares&nbsp;<br>&nbsp;Instituto Lauro de Souza Lima &#8211; ILSL<\/span><\/td>\n        <\/tr>\n        <tr>\n            <td style=\"color: windowtext; font-size: 15px; font-weight: 700; font-style: normal; text-decoration: none; font-family: Calibri, sans-serif; text-align: center; vertical-align: middle; border: 1px solid rgb(217, 217, 217); height: 27pt; width: 16.2973%;\">13:00 &#8211; 14:00<\/td>\n            <td style=\"color: windowtext; font-size: 15px; font-weight: 700; font-style: normal; text-decoration: none; font-family: Calibri, sans-serif; text-align: center; vertical-align: middle; border: 1px solid rgb(217, 217, 217); width: 83.5306%;\">INTERVALO<\/td>\n        <\/tr>\n        <tr>\n            <td style=\"color: windowtext; font-size: 15px; font-weight: 700; font-style: normal; text-decoration: none; font-family: Calibri, sans-serif; text-align: center; vertical-align: middle; border: 1px solid rgb(217, 217, 217); height: 45pt; width: 16.2973%;\">14:00 &#8211; 18:00<\/td>\n            <td style=\"color: windowtext; font-size: 15px; font-weight: 700; font-style: normal; text-decoration: none; font-family: Calibri, sans-serif; text-align: center; vertical-align: middle; border: 1px solid rgb(217, 217, 217); width: 83.5306%;\">Curso de Patologia em Hansen&iacute;ase<br><span style=\"color:windowtext;font-size:15px;font-weight:400;font-style:normal;text-decoration:none;font-family:Calibri, sans-serif;\">Dr. &nbsp;Cleverson Teixeira Soares&nbsp;<br>&nbsp;Instituto Lauro de Souza Lima &#8211; ILSL<\/span><\/td>\n        <\/tr>\n    <\/tbody>\n<\/table><\/div>\n\t\t\t\t\t\t\t\t\t<div class=\"elementor-tab-title elementor-tab-mobile-title\" aria-selected=\"false\" data-tab=\"2\" role=\"tab\" tabindex=\"-1\" aria-controls=\"elementor-tab-content-2052\" aria-expanded=\"false\">Quarta-feira, 06 de novembro<\/div>\n\t\t\t\t\t<div id=\"elementor-tab-content-2052\" class=\"elementor-tab-content elementor-clearfix\" data-tab=\"2\" role=\"tabpanel\" aria-labelledby=\"elementor-tab-title-2052\" tabindex=\"0\" hidden=\"hidden\"><table style=\"border: 1px solid #d1d1d1; border-collapse: collapse; width: 100%;\"><tbody><tr><td style=\"color: windowtext; font-size: 15px; font-weight: bold; font-style: normal; text-decoration: none; font-family: Calibri, sans-serif; text-align: center; vertical-align: middle; border: 1px solid #d1d1d1; height: 24.95pt; width: 101pt;\">Hor\u00e1rio<\/td><td style=\"color: windowtext; font-size: 15px; font-weight: bold; font-style: normal; text-decoration: none; font-family: Calibri, sans-serif; text-align: center; vertical-align: middle; border: 1px solid #d1d1d1; width: 317pt;\">SALA 1<\/td><td style=\"color: windowtext; font-size: 15px; font-weight: bold; font-style: normal; text-decoration: none; font-family: Calibri, sans-serif; text-align: center; vertical-align: middle; border: 1px solid #d1d1d1; width: 308pt;\">SALA 2<\/td><td style=\"color: windowtext; font-size: 15px; font-weight: bold; font-style: normal; text-decoration: none; font-family: Calibri, sans-serif; text-align: center; vertical-align: middle; border: 1px solid #d1d1d1; width: 308pt;\">SALA 3<\/td><\/tr><tr><td style=\"color: windowtext; font-size: 15px; font-weight: bold; font-style: normal; text-decoration: none; font-family: Calibri, sans-serif; text-align: center; vertical-align: middle; border: 1px solid #d1d1d1; height: 68.1pt;\">8:00 &#8211; 12:00<\/td><td style=\"color: windowtext; font-size: 15px; font-weight: bold; font-style: normal; text-decoration: none; font-family: Calibri, sans-serif; text-align: center; vertical-align: middle; border: 1px solid #d1d1d1; width: 317pt;\">Curso &#8211; Avalia\u00e7\u00e3o Cl\u00ednica Neurodermatol\u00f3gica<br \/><span style=\"color: windowtext; font-size: 15px; font-weight: 400; font-style: normal; text-decoration: none; font-family: Calibri, sans-serif;\">Dr. Marco Andrey Cipriani Frade<br \/>\u00a0Dr. Claudio Guedes Salgado<\/span><\/td><td style=\"color: black; font-size: 15px; font-weight: bold; font-style: normal; text-decoration: none; font-family: Calibri, sans-serif; text-align: center; vertical-align: middle; border: 1px solid #d1d1d1; width: 308pt;\">Hansen\u00edase para Agentes Comunit\u00e1rios de Sa\u00fade<br \/><span style=\"color: black; font-size: 15px; font-weight: 400; font-style: normal; text-decoration: none; font-family: Calibri, sans-serif;\">Dr. Josaf\u00e1 Gon\u00e7alves Barreto (LabEE\/UFPA)<\/span><span style=\"color: black; font-size: 15px; font-weight: bold; font-style: normal; text-decoration: none; font-family: Calibri, sans-serif;\"><br \/>\u00a0<\/span><span style=\"color: black; font-size: 15px; font-weight: 400; font-style: normal; text-decoration: none; font-family: Calibri, sans-serif;\">Dra. Claudia Lincoln (SMS-Tamba\u00fa-SP)<\/span><\/td><td style=\"color: black; font-size: 15px; font-weight: 400; font-style: normal; text-decoration: none; font-family: Calibri, sans-serif; text-align: center; vertical-align: middle; border: 1px solid #d1d1d1; width: 308pt;\"><span style=\"color: black; font-size: 15px; font-weight: bold; font-style: normal; text-decoration: none; font-family: Calibri, sans-serif;\">Exame de Sufici\u00eancia para a obten\u00e7\u00e3o do Certificado de \u00c1rea de Atua\u00e7\u00e3o em Hansenologia<\/span><span style=\"color: black; font-size: 15px; font-weight: 400; font-style: normal; text-decoration: none; font-family: Calibri, sans-serif;\"><br \/>\u00a0Dr. Francisco Almeida<br \/>\u00a0Prova te\u00f3rica<\/span><\/td><\/tr><tr><td style=\"color: windowtext; font-size: 15px; font-weight: bold; font-style: normal; text-decoration: none; font-family: Calibri, sans-serif; text-align: center; vertical-align: middle; border: 1px solid #d1d1d1; height: 68.1pt;\">13:00 &#8211; 14:00<\/td><td style=\"color: windowtext; font-size: 15px; font-weight: 400; font-style: normal; text-decoration: none; font-family: Calibri, sans-serif; text-align: center; vertical-align: middle; border: 1px solid #d1d1d1;\">\u00a0<\/td><td style=\"color: black; font-size: 15px; font-weight: bold; font-style: normal; text-decoration: none; font-family: Calibri, sans-serif; text-align: center; vertical-align: middle; border: 1px solid #d1d1d1; width: 308pt;\">\u00a0<\/td><td style=\"color: black; font-size: 15px; font-weight: 400; font-style: normal; text-decoration: none; font-family: Calibri, sans-serif; text-align: center; vertical-align: middle; border: 1px solid #d1d1d1; width: 308pt;\">\u00a0<\/td><\/tr><tr><td style=\"color: windowtext; font-size: 15px; font-weight: bold; font-style: normal; text-decoration: none; font-family: Calibri, sans-serif; text-align: center; vertical-align: middle; border: 1px solid #d1d1d1; height: 68.1pt;\">14:00 &#8211; 16:00<\/td><td style=\"color: black; font-size: 15px; font-weight: bold; font-style: normal; text-decoration: none; font-family: Calibri, sans-serif; text-align: center; vertical-align: middle; border: 1px solid #d1d1d1; width: 317pt;\">&#8220;AVALIA\u00c7\u00c3O DE TRABALHOS ORAIS Vigil\u00e2ncia de contatos, predi\u00e7\u00e3o de risco e aten\u00e7\u00e3o a sa\u00fade das pessoas atingidas pela hansen\u00edase<br \/><strong>Katiuscia Rodrigues (SMS\/Governador Valadares e UFJF\/MG)<\/strong><br \/><strong>Magda Levantesi (MS)<\/strong><\/td><td style=\"color: windowtext; font-size: 15px; font-weight: bold; font-style: normal; text-decoration: none; font-family: Calibri, sans-serif; text-align: center; vertical-align: middle; border: 1px solid #d1d1d1; width: 308pt;\">AVALIA\u00c7\u00c3O DE TRABALHOS ORAIS Preven\u00e7\u00e3o de Incapacidades e Reabilita\u00e7\u00e3o (PIR) <br \/>Thania Loiola Cordeiro Abi Rached (FMRP-USP e CRNDS-Hansen)<br \/>Teresinha Filha (URE-MC, Marituba, Par\u00e1)<\/td><td style=\"color: black; font-size: 15px; font-weight: bold; font-style: normal; text-decoration: none; font-family: Calibri, sans-serif; text-align: center; vertical-align: middle; border: 1px solid #d1d1d1; width: 308pt;\">AVALIA\u00c7\u00c3O DE TRABALHOS ORAIS Hist\u00f3ria, Ci\u00eancias Sociais e Educa\u00e7\u00e3o em Sa\u00fade <br \/>Thiago Flores (MORHAN\/MG)<br \/>Yara Nogueira Monteiro (FPCH e LEER\/Universidade de S\u00e3o Paulo)<\/td><\/tr><tr><td style=\"color: windowtext; font-size: 15px; font-weight: bold; font-style: normal; text-decoration: none; font-family: Calibri, sans-serif; text-align: center; vertical-align: middle; border: 1px solid #d1d1d1; height: 24.95pt;\">16:00 &#8211; 16:30<\/td><td style=\"color: windowtext; font-size: 15px; font-weight: bold; font-style: normal; text-decoration: none; font-family: Calibri, sans-serif; text-align: center; vertical-align: middle; border: 1px solid #d1d1d1;\" colspan=\"3\">INTERVALO \u00a0(CAF\u00c9)<\/td><\/tr><tr><td style=\"color: windowtext; font-size: 15px; font-weight: bold; font-style: normal; text-decoration: none; font-family: Calibri, sans-serif; text-align: center; vertical-align: middle; border: 1px solid #d1d1d1; height: 57pt; width: 101pt;\">16:30 &#8211; 20:00<\/td><td style=\"color: windowtext; font-size: 15px; font-weight: bold; font-style: normal; text-decoration: none; font-family: Calibri, sans-serif; text-align: center; vertical-align: middle; border: 1px solid #d1d1d1; width: 317pt;\">AVALIA\u00c7\u00c3O DE TRABALHOS ORAIS CL\u00cdNICA Marilda Abreu, Maria Angela, Jaci Santana<\/td><td style=\"color: windowtext; font-size: 15px; font-weight: bold; font-style: normal; text-decoration: none; font-family: Calibri, sans-serif; text-align: center; vertical-align: middle; border: 1px solid #d1d1d1; width: 308pt;\">AVALIA\u00c7\u00c3O DE TRABALHOS ORAIS &#8211; GEN\u00c9TICA E IMUNOLOGIA Mois\u00e9s Silva, Pablo Pinto, Patr\u00edcia Rosa<\/td><td style=\"color: windowtext; font-size: 15px; font-weight: bold; font-style: normal; text-decoration: none; font-family: Calibri, sans-serif; text-align: center; vertical-align: middle; border: 1px solid #d1d1d1; width: 308pt;\">AVALIA\u00c7\u00c3O DE TRABALHOS ORAIS<\/td><\/tr><tr><td style=\"color: windowtext; font-size: 15px; font-weight: bold; font-style: normal; text-decoration: none; font-family: Calibri, sans-serif; text-align: center; vertical-align: middle; border: 1px solid #d1d1d1; height: 33pt; width: 101pt;\">20:00 &#8211; 21:00<\/td><td style=\"color: windowtext; font-size: 15px; font-weight: bold; font-style: normal; text-decoration: none; font-family: Calibri, sans-serif; text-align: center; vertical-align: middle; border: 1px solid #d1d1d1; width: 317pt;\">\u00a0<\/td><td style=\"color: windowtext; font-size: 15px; font-weight: 400; font-style: normal; text-decoration: none; font-family: Calibri, sans-serif; text-align: center; vertical-align: middle; border: 1px solid #d1d1d1; width: 308pt;\">\u00a0<\/td><td style=\"color: windowtext; font-size: 15px; font-weight: bold; font-style: normal; text-decoration: none; font-family: Calibri, sans-serif; text-align: center; vertical-align: middle; border: 1px solid #d1d1d1; width: 308pt;\">\u00a0<\/td><\/tr><\/tbody><\/table><\/div>\n\t\t\t\t\t\t\t\t\t<div class=\"elementor-tab-title elementor-tab-mobile-title\" aria-selected=\"false\" data-tab=\"3\" role=\"tab\" tabindex=\"-1\" aria-controls=\"elementor-tab-content-2053\" aria-expanded=\"false\">Quinta-feira, 07 de novembro<\/div>\n\t\t\t\t\t<div id=\"elementor-tab-content-2053\" class=\"elementor-tab-content elementor-clearfix\" data-tab=\"3\" role=\"tabpanel\" aria-labelledby=\"elementor-tab-title-2053\" tabindex=\"0\" hidden=\"hidden\"><table width=\"1319\"><tbody><tr><td width=\"84\">Hor\u00e1rio<\/td><td width=\"415\">SALA 1<\/td><td width=\"410\">SALA 2<\/td><td width=\"410\">SALA 3<\/td><\/tr><tr><td width=\"84\">08:00 &#8211; 12:00<\/td><td style=\"text-align: center;\" width=\"415\">CURSO<br \/>Ultrassonografia de nervos perif\u00e9ricos no diagn\u00f3stico e acompanhamento de casos de Hansen\u00edase e avalia\u00e7\u00e3o de contatos<br \/>Dr. Marco Andrey Cipriani Frade (FMRP-USP)\u00a0 Glauber Voltan\u00a0 Maria Fernanda Prado<\/td><td style=\"text-align: center;\" width=\"410\">A\u00e7\u00f5es sociais, educacionais e de integra\u00e7\u00e3o civil das pessoas atingidas pela hansen\u00edase<br \/>MORHAN (Faustino Pinto\/ REUNAHANS &#8211; Clodis\u00a0 \/Funda\u00e7\u00e3o Paulista contra a Hansen\u00edase Marli Penteado<\/td><td style=\"text-align: center;\" width=\"410\">Exame de Sufici\u00eancia para a obten\u00e7\u00e3o do Certificado de \u00c1rea de Atua\u00e7\u00e3o em Hansenologia<br \/>Dr. Francisco Almeida<br \/>Prova Pr\u00e1tica<\/td><\/tr><tr><td width=\"84\">12:00 &#8211; 14:00<\/td><td width=\"415\">\u00a0<\/td><td>Reuni\u00e3o Conselho Deliberativo SBH<\/td><td width=\"410\">\u00a0<\/td><\/tr><tr><td width=\"84\">14:00 &#8211; 16:00<\/td><td width=\"415\">Hansen\u00edase nos pa\u00edses que comp\u00f5e os Brics<br \/>Marco Andrey \/ Dr. Ciro Gomes MS<br \/>Dr.\u00a0 Narasimha Rao, Dr. Sujay Sunita<\/td><td width=\"410\">\u00a0<\/td><td width=\"410\">\u00a0<\/td><\/tr><tr><td>16:00 &#8211; 16:30<\/td><td colspan=\"3\">INTERVALO\u00a0 (CAF\u00c9)<\/td><\/tr><tr><td width=\"84\">16:30 &#8211; 18:30<\/td><td style=\"text-align: center;\" width=\"415\">Desafios Diagn\u00f3sticos na hansen\u00edase<br \/>Dr. Marco Andrey Cipriani Frade<br \/>Dr. Seyna Ueno<\/td><td width=\"410\"><p style=\"text-align: center;\">Diagn\u00f3sticos Diferenciais da neuropatia hans\u00eanica<br \/>Dr. Wilson Marques Jr<br \/>Dr. Francisco Bezerra Cunha (CE)\u00a0 \u00a0 \u00a0 \u00a0 \u00a0 \u00a0 \u00a0 \u00a0 \u00a0 \u00a0 \u00a0 \u00a0 \u00a0 \u00a0 \u00a0 \u00a0 \u00a0 \u00a0 Dr. Diogo\u00a0Fernandes dos Santos<\/p><\/td><td style=\"text-align: center;\" width=\"410\">Minist\u00e9rio da Sa\u00fade<br \/>Dr. Ciro Martins<\/td><\/tr><tr><td width=\"84\">18:30 &#8211; 21:00<\/td><td style=\"text-align: center;\" width=\"415\">Assembl\u00e9ia Geral Ordin\u00e1ria SBH<\/td><td width=\"410\">\u00a0<\/td><td width=\"410\">\u00a0<\/td><\/tr><\/tbody><\/table><\/div>\n\t\t\t\t\t\t\t\t\t<div class=\"elementor-tab-title elementor-tab-mobile-title\" aria-selected=\"false\" data-tab=\"4\" role=\"tab\" tabindex=\"-1\" aria-controls=\"elementor-tab-content-2054\" aria-expanded=\"false\">Sexta-feira, 08 de novembro<\/div>\n\t\t\t\t\t<div id=\"elementor-tab-content-2054\" class=\"elementor-tab-content elementor-clearfix\" data-tab=\"4\" role=\"tabpanel\" aria-labelledby=\"elementor-tab-title-2054\" tabindex=\"0\" hidden=\"hidden\"><table style=\"border: 1px solid #d9d9d9; border-collapse: collapse; width: 100%;\"><tbody><tr><td style=\"color: windowtext; font-size: 15px; font-weight: bold; font-style: normal; text-decoration: none; font-family: Calibri, sans-serif; text-align: center; vertical-align: middle; border: 1px solid #d9d9d9; height: 24.95pt; width: 15.1927%;\">Hor\u00e1rio<\/td><td style=\"color: windowtext; font-size: 15px; font-weight: bold; font-style: normal; text-decoration: none; font-family: Calibri, sans-serif; text-align: center; vertical-align: middle; border: 1px solid #d9d9d9; width: 35.1107%;\">SALA 1<\/td><td style=\"color: windowtext; font-size: 15px; font-weight: bold; font-style: normal; text-decoration: none; font-family: Calibri, sans-serif; text-align: center; vertical-align: middle; border: 1px solid #d9d9d9; width: 27.9961%;\">SALA 2<\/td><td style=\"color: windowtext; font-size: 15px; font-weight: bold; font-style: normal; text-decoration: none; font-family: Calibri, sans-serif; text-align: center; vertical-align: middle; border: 1px solid #d9d9d9; width: 21.5008%;\">SALA 3<\/td><\/tr><tr><td style=\"color: windowtext; font-size: 15px; font-weight: bold; font-style: normal; text-decoration: none; font-family: Calibri, sans-serif; text-align: center; vertical-align: middle; border: 1px solid #d9d9d9; height: 68.25pt; width: 15.1927%;\">08:00 &#8211; 12:00<\/td><td style=\"color: windowtext; font-size: 15px; font-weight: 400; font-style: normal; text-decoration: none; font-family: Calibri, sans-serif; text-align: center; vertical-align: middle; border: 1px solid #d9d9d9; width: 35.1107%;\"><span style=\"color: windowtext; font-size: 15px; font-weight: bold; font-style: normal; text-decoration: none; font-family: Calibri, sans-serif;\">Curso de Especializa\u00e7\u00e3o SBH\/SES\/Escola de Sa\u00fade P\u00fablica-MT<\/span><span style=\"color: windowtext; font-size: 15px; font-weight: 400; font-style: normal; text-decoration: none; font-family: Calibri, sans-serif;\"><br \/>\u00a0Dr. Claudio Salgado<br \/>\u00a0Silvia Thomas<\/span><\/td><td style=\"color: windowtext; font-size: 15px; font-weight: bold; font-style: normal; text-decoration: none; font-family: Calibri, sans-serif; text-align: center; vertical-align: middle; border: 1px solid #d9d9d9; width: 27.9961%;\">\u00a0<\/td><td style=\"color: windowtext; font-size: 15px; font-weight: bold; font-style: normal; text-decoration: none; font-family: Calibri, sans-serif; text-align: center; vertical-align: middle; border: 1px solid #d9d9d9; width: 21.5008%;\">\u00a0<\/td><\/tr><tr><td style=\"color: windowtext; font-size: 15px; font-weight: bold; font-style: normal; text-decoration: none; font-family: Calibri, sans-serif; text-align: center; vertical-align: middle; border: 1px solid #d9d9d9; height: 65.1pt; width: 15.1927%;\">13:00 &#8211; 14:30<\/td><td style=\"color: windowtext; font-size: 15px; font-weight: bold; font-style: normal; text-decoration: none; font-family: Calibri, sans-serif; text-align: center; vertical-align: middle; border: 1px solid #d9d9d9; width: 35.1107%;\">Rea\u00e7oes Hansenicas<br \/><span style=\"color: windowtext; font-size: 15px; font-weight: 400; font-style: normal; text-decoration: none; font-family: Calibri, sans-serif;\">Dra. Isabela Bernardes Goulart<br \/>\u00a0Dra. Jaci Santana<\/span><\/td><td style=\"color: windowtext; font-size: 15px; font-weight: bold; font-style: normal; text-decoration: none; font-family: Calibri, sans-serif; text-align: center; vertical-align: middle; border: 1px solid #d9d9d9; width: 27.9961%;\">Hansen\u00edase: uma doen\u00e7a mascaradora Interface com outras especialidades<br \/><span style=\"color: windowtext; font-size: 15px; font-weight: 400; font-style: normal; text-decoration: none; font-family: Calibri, sans-serif;\">Gaggini \/ Ortopedista Bahia \/ Rita Vidigal<\/span><\/td><td style=\"color: windowtext; font-size: 15px; font-weight: bold; font-style: normal; text-decoration: none; font-family: Calibri, sans-serif; text-align: center; vertical-align: middle; border: 1px solid #d9d9d9; width: 21.5008%;\">Institucionais e Hansen\u00edase TCE\/CRM\/ESP<\/td><\/tr><tr><td style=\"color: windowtext; font-size: 15px; font-weight: bold; font-style: normal; text-decoration: none; font-family: Calibri, sans-serif; text-align: center; vertical-align: middle; border: 1px solid #d9d9d9; height: 109.5pt; width: 15.1927%;\">14:30 &#8211; 16:00<\/td><td style=\"color: windowtext; font-size: 15px; font-weight: bold; font-style: normal; text-decoration: none; font-family: Calibri, sans-serif; text-align: center; vertical-align: middle; border: 1px solid #d9d9d9; width: 35.1107%;\">DISCUSS\u00c3O COM EXPERTS: CASOS CL\u00cdNICOS DOS S\u00d3CIOS<br \/><span style=\"color: windowtext; font-size: 15px; font-weight: 400; font-style: normal; text-decoration: none; font-family: Calibri, sans-serif;\">Maria \u00c2ngela B. Trindade (USP\/SP) e Helena Lug\u00e3o (SMS-RP)<br \/>\u00a0Isabela Bernardes Goulart, Francisco Almeida, Jaci Maria Santana e Marilda Abreu<br \/>\u00a0Envie seu caso pelo formul\u00e1rio eletr\u00f4nico<br \/>\u00a0https:\/\/forms.gle\/6PMmqB4Bm9JmgzJM7<\/span><\/td><td style=\"color: windowtext; font-size: 15px; font-weight: bold; font-style: normal; text-decoration: none; font-family: Calibri, sans-serif; text-align: center; vertical-align: middle; border: 1px solid #d9d9d9; width: 27.9961%;\">Diagn\u00f3stico Laboratorial da Hansen\u00edase<br \/><span style=\"color: windowtext; font-size: 15px; font-weight: 400; font-style: normal; text-decoration: none; font-family: Calibri, sans-serif;\">Dr. Filipe Lima<br \/>\u00a0Dra. Patr\u00edcia Rosa<\/span><\/td><td style=\"color: black; font-size: 15px; font-weight: bold; font-style: normal; text-decoration: none; font-family: Calibri, sans-serif; text-align: center; vertical-align: middle; border: 1px solid #d9d9d9; width: 21.5008%;\">Desafios terap\u00eauticos na hansen\u00edase<br \/><strong>Dra. Isabela Maria Bernardes Goulart (UFU\/MG) <\/strong><br \/><strong>Dr. Francisco Almeida<\/strong><\/td><\/tr><tr><td style=\"color: windowtext; font-size: 15px; font-weight: bold; font-style: normal; text-decoration: none; font-family: Calibri, sans-serif; text-align: center; vertical-align: middle; border: 1px solid #d9d9d9; height: 24.95pt; width: 15.1927%;\">16:00 &#8211; 16:30<\/td><td style=\"color: black; font-size: 15px; font-weight: bold; font-style: normal; text-decoration: none; font-family: Calibri, sans-serif; text-align: center; vertical-align: middle; border: 1px solid #d9d9d9; width: 84.6455%;\" colspan=\"3\">INTERVALO \u00a0(CAF\u00c9)<\/td><\/tr><tr><td style=\"color: windowtext; font-size: 15px; font-weight: bold; font-style: normal; text-decoration: none; font-family: Calibri, sans-serif; text-align: center; vertical-align: middle; border: 1px solid #d9d9d9; height: 65.1pt; width: 15.1927%;\">16:30 &#8211; 18:30<\/td><td style=\"color: windowtext; font-size: 15px; font-weight: bold; font-style: normal; text-decoration: none; font-family: Calibri, sans-serif; text-align: center; vertical-align: middle; border: 1px solid #d9d9d9; width: 35.1107%;\">Sess\u00e3o Especial<br \/><span style=\"color: windowtext; font-size: 15px; font-weight: 400; font-style: normal; text-decoration: none; font-family: Calibri, sans-serif;\">Consensos SBH<\/span><\/td><td style=\"color: windowtext; font-size: 15px; font-weight: 400; font-style: normal; text-decoration: none; font-family: Calibri, sans-serif; text-align: center; vertical-align: middle; border: 1px solid #d9d9d9; width: 27.9961%;\">\u00a0<\/td><td style=\"color: windowtext; font-size: 15px; font-weight: bold; font-style: normal; text-decoration: none; font-family: Calibri, sans-serif; text-align: center; vertical-align: middle; border: 1px solid #d9d9d9; width: 21.5008%;\">\u00a0<\/td><\/tr><tr><td style=\"color: windowtext; font-size: 15px; font-weight: bold; font-style: normal; text-decoration: none; font-family: Calibri, sans-serif; text-align: center; vertical-align: middle; border: 1px solid #d9d9d9; height: 47.25pt; width: 15.1927%;\">18:30 &#8211; 20:00<\/td><td style=\"color: black; font-size: 15px; font-weight: bold; font-style: normal; text-decoration: none; font-family: Calibri, sans-serif; text-align: center; vertical-align: middle; border: 1px solid #d9d9d9; width: 35.1107%;\">CERIM\u00d4NIA DE ENCERRAMENTO E PREMIA\u00c7\u00c3O DE TRABALHOS<\/td><td style=\"color: black; font-size: 15px; font-weight: bold; font-style: normal; text-decoration: none; font-family: Calibri, sans-serif; text-align: center; vertical-align: middle; border: 1px solid #d9d9d9; width: 27.9961%;\">\u00a0<\/td><td style=\"color: black; font-size: 15px; font-weight: bold; font-style: normal; text-decoration: none; font-family: Calibri, sans-serif; text-align: center; vertical-align: middle; border: 1px solid #d9d9d9; width: 21.5008%;\">\u00a0<\/td><\/tr><\/tbody><\/table><\/div>\n\t\t\t\t\t\t\t<\/div>\n\t\t<\/div>\n\t\t\t\t\t\t<\/div>\n\t\t\t\t<\/div>\n\t\t\t\t\t<\/div>\n\t\t<\/div>\n\t\t\t\t\t<\/div>\n\t\t<\/section>\n\t\t\t\t<section class=\"elementor-section elementor-top-section elementor-element elementor-element-137a95c8 elementor-section-boxed elementor-section-height-default elementor-section-height-default\" data-id=\"137a95c8\" data-element_type=\"section\" data-e-type=\"section\">\n\t\t\t\t\t\t<div class=\"elementor-container elementor-column-gap-default\">\n\t\t\t\t\t<div class=\"elementor-column elementor-col-33 elementor-top-column elementor-element elementor-element-542be9f1\" data-id=\"542be9f1\" data-element_type=\"column\" data-e-type=\"column\">\n\t\t\t<div class=\"elementor-widget-wrap\">\n\t\t\t\t\t\t\t<\/div>\n\t\t<\/div>\n\t\t\t\t<div class=\"elementor-column elementor-col-33 elementor-top-column elementor-element elementor-element-5891d742\" data-id=\"5891d742\" data-element_type=\"column\" data-e-type=\"column\">\n\t\t\t<div class=\"elementor-widget-wrap\">\n\t\t\t\t\t\t\t<\/div>\n\t\t<\/div>\n\t\t\t\t<div class=\"elementor-column elementor-col-33 elementor-top-column elementor-element elementor-element-7a72088c\" data-id=\"7a72088c\" data-element_type=\"column\" data-e-type=\"column\">\n\t\t\t<div class=\"elementor-widget-wrap elementor-element-populated\">\n\t\t\t\t\t\t<div class=\"elementor-element elementor-element-6e81bcd7 elementor-align-justify elementor-widget elementor-widget-button\" data-id=\"6e81bcd7\" data-element_type=\"widget\" data-e-type=\"widget\" data-widget_type=\"button.default\">\n\t\t\t\t<div class=\"elementor-widget-container\">\n\t\t\t\t\t\t\t\t\t<div class=\"elementor-button-wrapper\">\n\t\t\t\t\t<a class=\"elementor-button elementor-button-link elementor-size-md\" href=\"https:\/\/sbhansenologia.com.br\/2024\/login\/\">\n\t\t\t\t\t\t<span class=\"elementor-button-content-wrapper\">\n\t\t\t\t\t\t<span class=\"elementor-button-icon\">\n\t\t\t\t<i aria-hidden=\"true\" class=\"far fa-clipboard\"><\/i>\t\t\t<\/span>\n\t\t\t\t\t\t\t\t\t<span class=\"elementor-button-text\">Enviar Trabalho<\/span>\n\t\t\t\t\t<\/span>\n\t\t\t\t\t<\/a>\n\t\t\t\t<\/div>\n\t\t\t\t\t\t\t\t<\/div>\n\t\t\t\t<\/div>\n\t\t\t\t\t<\/div>\n\t\t<\/div>\n\t\t\t\t\t<\/div>\n\t\t<\/section>\n\t\t\t\t<\/div>\n\t\t","protected":false},"excerpt":{"rendered":"<p>15\/09 Limite submiss\u00e3o 20\/09 Publica\u00e7\u00e3o de resultado 27\/09 Limite pagto. inscri\u00e7\u00e3o Modelos Modelo resumos CASO CL\u00cdNICO &#8211; RELATO DE EXPERI\u00caNCIA SBH 2024 Modelo resumos CASO CL\u00cdNICO &#8211; RELATO DE EXPERI\u00caNCIA SBH 2024 Modelo de apresenta\u00e7\u00e3o de slides Modelo de apresenta\u00e7\u00e3o de p\u00f4ster Grade de P\u00f4steres Grade de Apresenta\u00e7\u00e3o de Trabalhos Trabalhos Premiados \ud83c\udf89 An\u00fancio Oficial: [&hellip;]<\/p>\n","protected":false},"author":1,"featured_media":0,"parent":0,"menu_order":0,"comment_status":"closed","ping_status":"closed","template":"elementor_header_footer","meta":{"footnotes":""},"class_list":["post-37","page","type-page","status-publish","hentry"],"aioseo_notices":[],"_links":{"self":[{"href":"https:\/\/sbhansenologia.com.br\/2024\/wp-json\/wp\/v2\/pages\/37","targetHints":{"allow":["GET"]}}],"collection":[{"href":"https:\/\/sbhansenologia.com.br\/2024\/wp-json\/wp\/v2\/pages"}],"about":[{"href":"https:\/\/sbhansenologia.com.br\/2024\/wp-json\/wp\/v2\/types\/page"}],"author":[{"embeddable":true,"href":"https:\/\/sbhansenologia.com.br\/2024\/wp-json\/wp\/v2\/users\/1"}],"replies":[{"embeddable":true,"href":"https:\/\/sbhansenologia.com.br\/2024\/wp-json\/wp\/v2\/comments?post=37"}],"version-history":[{"count":200,"href":"https:\/\/sbhansenologia.com.br\/2024\/wp-json\/wp\/v2\/pages\/37\/revisions"}],"predecessor-version":[{"id":2737,"href":"https:\/\/sbhansenologia.com.br\/2024\/wp-json\/wp\/v2\/pages\/37\/revisions\/2737"}],"wp:attachment":[{"href":"https:\/\/sbhansenologia.com.br\/2024\/wp-json\/wp\/v2\/media?parent=37"}],"curies":[{"name":"wp","href":"https:\/\/api.w.org\/{rel}","templated":true}]}}